{"id":10,"date":"2020-06-19T10:11:04","date_gmt":"2020-06-19T10:11:04","guid":{"rendered":"https:\/\/ferros.ferroscafe.es\/?page_id=10"},"modified":"2026-09-01T17:38:31","modified_gmt":"2026-09-01T15:38:31","slug":"ferros-cafe","status":"publish","type":"page","link":"https:\/\/ferroscafe.es\/en\/","title":{"rendered":"Ferros Caf\u00e9"},"content":{"rendered":"<p>[et_pb_section fb_built=\u00bb1&#8243; _builder_version=\u00bb4.16&#8243; background_color=\u00bbrgba(0,0,0,0.44)\u00bb background_enable_image=\u00bboff\u00bb background_blend=\u00bbmultiply\u00bb background_enable_video_mp4=\u00bboff\u00bb custom_margin=\u00bb-15%||||false|false\u00bb custom_margin_tablet=\u00bb\u00bb custom_margin_phone=\u00bb-30%||||false|false\u00bb custom_margin_last_edited=\u00bbon|phone\u00bb custom_padding=\u00bb||2%||false|false\u00bb bottom_divider_color=\u00bb#bd9c69&#8243; global_colors_info=\u00bb{}\u00bb][et_pb_row _builder_version=\u00bb4.16&#8243; width=\u00bb100%\u00bb max_width=\u00bb100%\u00bb custom_padding=\u00bb0px||0px||true|false\u00bb global_colors_info=\u00bb{}\u00bb][et_pb_column type=\u00bb4_4&#8243; _builder_version=\u00bb4.16&#8243; global_colors_info=\u00bb{}\u00bb][et_pb_slider _builder_version=\u00bb4.16&#8243; custom_padding=\u00bb25%||25%||true|false\u00bb global_colors_info=\u00bb{}\u00bb][et_pb_slide heading=\u00bbCAFETER\u00cdA &#038; RESTAURANTE\u00bb _builder_version=\u00bb4.16&#8243; header_font=\u00bbNexa Bold|900|||||||\u00bb header_font_size=\u00bb58px\u00bb header_letter_spacing=\u00bb1px\u00bb body_font=\u00bb|500|||||||\u00bb body_font_size=\u00bb50px\u00bb background_color=\u00bbrgba(0,0,0,0.44)\u00bb background_enable_color=\u00bbon\u00bb background_enable_image=\u00bboff\u00bb background_blend=\u00bbmultiply\u00bb background_video_mp4=\u00bbhttps:\/\/ferroscafe.es\/wp-content\/uploads\/2021\/03\/Ferro\u00b4s_1.mp4&#8243; background_enable_video_mp4=\u00bbon\u00bb header_font_size_tablet=\u00bb\u00bb header_font_size_phone=\u00bb30px\u00bb header_font_size_last_edited=\u00bbon|phone\u00bb body_font_size_tablet=\u00bb\u00bb body_font_size_phone=\u00bb25px\u00bb body_font_size_last_edited=\u00bbon|phone\u00bb header_text_shadow_style=\u00bbpreset1&#8243; global_colors_info=\u00bb{}\u00bb sticky_transition=\u00bbon\u00bb]<\/p>\n<p>Apostando por la calidad<\/p>\n<p>[\/et_pb_slide][et_pb_slide heading=\u00bbCOCINA DE MERCADO EN CHAMBER\u00cd\u00bb _builder_version=\u00bb4.16&#8243; header_font=\u00bbNexa Bold|900|||||||\u00bb header_font_size=\u00bb58px\u00bb header_letter_spacing=\u00bb1px\u00bb body_font=\u00bb|500|||||||\u00bb body_font_size=\u00bb50px\u00bb background_color=\u00bbrgba(0,0,0,0.44)\u00bb background_enable_color=\u00bbon\u00bb background_enable_image=\u00bboff\u00bb background_blend=\u00bbmultiply\u00bb background_video_mp4=\u00bbhttps:\/\/ferroscafe.es\/wp-content\/uploads\/2021\/03\/Ferro\u00b4s_1.mp4&#8243; background_enable_video_mp4=\u00bbon\u00bb header_font_size_tablet=\u00bb\u00bb header_font_size_phone=\u00bb30px\u00bb header_font_size_last_edited=\u00bbon|phone\u00bb body_font_size_tablet=\u00bb\u00bb body_font_size_phone=\u00bb25px\u00bb body_font_size_last_edited=\u00bbon|phone\u00bb header_text_shadow_style=\u00bbpreset1&#8243; global_colors_info=\u00bb{}\u00bb sticky_transition=\u00bbon\u00bb]<\/p>\n<p>Sabores tradicionales del mediterr\u00e1neo&#8230;<\/p>\n<p>[\/et_pb_slide][et_pb_slide heading=\u00bbDISFRUTA DE GRANDES MOMENTOS\u00bb _builder_version=\u00bb4.16&#8243; header_font=\u00bbNexa Bold|900|||||||\u00bb header_font_size=\u00bb58px\u00bb header_letter_spacing=\u00bb1px\u00bb body_font=\u00bb|500|||||||\u00bb body_font_size=\u00bb50px\u00bb background_color=\u00bbrgba(0,0,0,0.44)\u00bb background_enable_color=\u00bbon\u00bb background_enable_image=\u00bboff\u00bb background_blend=\u00bbmultiply\u00bb background_video_mp4=\u00bbhttps:\/\/ferroscafe.es\/wp-content\/uploads\/2021\/03\/Ferro\u00b4s_1.mp4&#8243; background_enable_video_mp4=\u00bbon\u00bb header_font_size_tablet=\u00bb\u00bb header_font_size_phone=\u00bb30px\u00bb header_font_size_last_edited=\u00bbon|phone\u00bb body_font_size_tablet=\u00bb\u00bb body_font_size_phone=\u00bb25px\u00bb body_font_size_last_edited=\u00bbon|phone\u00bb header_text_shadow_style=\u00bbpreset1&#8243; global_colors_info=\u00bb{}\u00bb sticky_transition=\u00bbon\u00bb]<\/p>\n<p>Degustaciones, catas, promociones&#8230;<\/p>\n<p>[\/et_pb_slide][et_pb_slide heading=\u00bbRELAJATE Y DISFRUTA\u00bb _builder_version=\u00bb4.16&#8243; header_font=\u00bbNexa Bold|900|||||||\u00bb header_font_size=\u00bb58px\u00bb header_letter_spacing=\u00bb1px\u00bb body_font=\u00bb|500|||||||\u00bb body_font_size=\u00bb50px\u00bb background_color=\u00bbrgba(0,0,0,0.44)\u00bb background_enable_color=\u00bbon\u00bb background_enable_image=\u00bboff\u00bb background_blend=\u00bbmultiply\u00bb background_video_mp4=\u00bbhttps:\/\/ferroscafe.es\/wp-content\/uploads\/2021\/03\/Ferro\u00b4s_1.mp4&#8243; background_enable_video_mp4=\u00bbon\u00bb header_font_size_tablet=\u00bb\u00bb header_font_size_phone=\u00bb30px\u00bb header_font_size_last_edited=\u00bbon|phone\u00bb body_font_size_tablet=\u00bb\u00bb body_font_size_phone=\u00bb25px\u00bb body_font_size_last_edited=\u00bbon|phone\u00bb header_text_shadow_style=\u00bbpreset1&#8243; global_colors_info=\u00bb{}\u00bb sticky_transition=\u00bbon\u00bb]<\/p>\n<p>En unas instalaciones incomparables&#8230;<\/p>\n<p>[\/et_pb_slide][\/et_pb_slider][\/et_pb_column][\/et_pb_row][\/et_pb_section][et_pb_section fb_built=\u00bb1&#8243; next_background_color=\u00bb#ffffff\u00bb _builder_version=\u00bb4.16&#8243; background_color=\u00bb#bd9c69&#8243; background_image=\u00bbhttps:\/\/ferroscafe.es\/wp-content\/uploads\/2020\/10\/269-2.jpg\u00bb custom_margin=\u00bb1px||||false|false\u00bb custom_padding=\u00bb||8%||false|false\u00bb bottom_divider_style=\u00bbramp2&#8243; global_colors_info=\u00bb{}\u00bb][et_pb_row column_structure=\u00bb1_3,1_3,1_3&#8243; use_custom_gutter=\u00bbon\u00bb _builder_version=\u00bb4.16&#8243; custom_margin=\u00bb||||false|false\u00bb custom_css_main_element=\u00bbz-index:9999;\u00bb global_colors_info=\u00bb{}\u00bb][et_pb_column type=\u00bb1_3&#8243; _builder_version=\u00bb4.16&#8243; global_colors_info=\u00bb{}\u00bb][et_pb_button button_url=\u00bbhttps:\/\/ferroscafe.es\/restaurantes\u00bb button_text=\u00bbRESTAURANTES\u00bb button_alignment=\u00bbcenter\u00bb _builder_version=\u00bb4.16&#8243; custom_margin=\u00bb|||0%|false|false\u00bb animation_style=\u00bbfold\u00bb button_text_size_tablet=\u00bb\u00bb button_text_size_phone=\u00bb16px\u00bb button_text_size_last_edited=\u00bbon|phone\u00bb custom_css_main_element=\u00bbwidth: 250px !important;\u00bb global_colors_info=\u00bb{}\u00bb button_bg_color__hover_enabled=\u00bbon|hover\u00bb button_bg_color__hover=\u00bb#ffffff\u00bb button_bg_enable_color__hover=\u00bbon\u00bb button_text_color__hover_enabled=\u00bbon|hover\u00bb button_text_color__hover=\u00bb#bd9c69&#8243; button_border_color__hover_enabled=\u00bbon|hover\u00bb button_border_color__hover=\u00bb#bd9c69&#8243;][\/et_pb_button][\/et_pb_column][et_pb_column type=\u00bb1_3&#8243; _builder_version=\u00bb4.16&#8243; global_colors_info=\u00bb{}\u00bb][et_pb_button button_url=\u00bbhttps:\/\/ferroscafe.es\/nuestra-carta\u00bb button_text=\u00bbNUESTRA CARTA\u00bb button_alignment=\u00bbcenter\u00bb _builder_version=\u00bb4.16&#8243; custom_margin=\u00bb|||0%|false|false\u00bb animation_style=\u00bbfold\u00bb button_text_size_tablet=\u00bb\u00bb button_text_size_phone=\u00bb16px\u00bb button_text_size_last_edited=\u00bbon|phone\u00bb custom_css_main_element=\u00bbwidth: 250px !important;\u00bb global_colors_info=\u00bb{}\u00bb button_text_color__hover=\u00bb#bd9c69&#8243; button_text_color__hover_enabled=\u00bbon|hover\u00bb button_bg_color__hover=\u00bb#ffffff\u00bb button_bg_color__hover_enabled=\u00bbon|hover\u00bb button_border_color__hover=\u00bb#bd9c69&#8243; button_border_color__hover_enabled=\u00bbon|hover\u00bb][\/et_pb_button][\/et_pb_column][et_pb_column type=\u00bb1_3&#8243; _builder_version=\u00bb4.16&#8243; global_colors_info=\u00bb{}\u00bb][et_pb_button button_url=\u00bbhttps:\/\/ferroscafe.es\/contacto-y-reservas\u00bb button_text=\u00bbRESERVAS\u00bb button_alignment=\u00bbcenter\u00bb _builder_version=\u00bb4.16&#8243; custom_margin=\u00bb|||0%|false|false\u00bb animation_style=\u00bbfold\u00bb button_text_size_tablet=\u00bb\u00bb button_text_size_phone=\u00bb16px\u00bb button_text_size_last_edited=\u00bbon|phone\u00bb custom_css_main_element=\u00bbwidth: 250px !important;\u00bb global_colors_info=\u00bb{}\u00bb button_text_color__hover=\u00bb#bd9c69&#8243; button_text_color__hover_enabled=\u00bbon|hover\u00bb button_bg_color__hover=\u00bb#ffffff\u00bb button_bg_color__hover_enabled=\u00bbon|hover\u00bb button_border_color__hover=\u00bb#bd9c69&#8243; button_border_color__hover_enabled=\u00bbon|hover\u00bb][\/et_pb_button][\/et_pb_column][\/et_pb_row][et_pb_row use_custom_gutter=\u00bbon\u00bb _builder_version=\u00bb4.16&#8243; custom_margin=\u00bb||||false|false\u00bb custom_padding=\u00bb||0px||false|false\u00bb custom_css_main_element=\u00bbz-index:9999;\u00bb global_colors_info=\u00bb{}\u00bb][et_pb_column type=\u00bb4_4&#8243; _builder_version=\u00bb4.16&#8243; global_colors_info=\u00bb{}\u00bb][et_pb_social_media_follow use_icon_font_size=\u00bbon\u00bb icon_font_size=\u00bb22px\u00bb _builder_version=\u00bb4.16&#8243; text_orientation=\u00bbcenter\u00bb global_colors_info=\u00bb{}\u00bb][et_pb_social_media_follow_network social_network=\u00bbgoogle-plus\u00bb url=\u00bbhttps:\/\/www.tripadvisor.es\/Restaurant_Review-g187514-d7852144-Reviews-Ferros_Cafe_y_Restaurante-Madrid.html\u00bb _builder_version=\u00bb4.16&#8243; background_enable_color=\u00bboff\u00bb global_colors_info=\u00bb{}\u00bb follow_button=\u00bboff\u00bb url_new_window=\u00bbon\u00bb]google-plus[\/et_pb_social_media_follow_network][et_pb_social_media_follow_network social_network=\u00bbfacebook\u00bb url=\u00bbhttps:\/\/www.facebook.com\/ferroscafe\u00bb _builder_version=\u00bb4.16&#8243; background_enable_color=\u00bboff\u00bb global_colors_info=\u00bb{}\u00bb follow_button=\u00bboff\u00bb url_new_window=\u00bbon\u00bb]facebook[\/et_pb_social_media_follow_network][et_pb_social_media_follow_network social_network=\u00bbinstagram\u00bb url=\u00bbhttps:\/\/www.instagram.com\/ferrosrestaurante\/\u00bb _builder_version=\u00bb4.16&#8243; background_enable_color=\u00bboff\u00bb global_colors_info=\u00bb{}\u00bb follow_button=\u00bboff\u00bb url_new_window=\u00bbon\u00bb]instagram[\/et_pb_social_media_follow_network][\/et_pb_social_media_follow][\/et_pb_column][\/et_pb_row][\/et_pb_section][et_pb_section fb_built=\u00bb1&#8243; custom_padding_last_edited=\u00bbon|phone\u00bb _builder_version=\u00bb4.16&#8243; custom_padding=\u00bb||8%||false|false\u00bb custom_padding_tablet=\u00bb\u00bb custom_padding_phone=\u00bb||16%||false|false\u00bb bottom_divider_color=\u00bb#bd9c69&#8243; bottom_divider_flip=\u00bbvertical\u00bb global_colors_info=\u00bb{}\u00bb][et_pb_row _builder_version=\u00bb4.16&#8243; width=\u00bb100%\u00bb max_width=\u00bb100%\u00bb custom_padding=\u00bb|7%||7%|false|true\u00bb global_colors_info=\u00bb{}\u00bb][et_pb_column type=\u00bb4_4&#8243; _builder_version=\u00bb4.16&#8243; global_colors_info=\u00bb{}\u00bb][et_pb_text _builder_version=\u00bb4.18.0&#8243; text_font=\u00bbnexa-light||||||||\u00bb text_text_color=\u00bb#2b2b2b\u00bb text_font_size=\u00bb16px\u00bb text_letter_spacing=\u00bb1px\u00bb text_line_height=\u00bb1.6em\u00bb header_font=\u00bbNexa Bold||||||||\u00bb header_text_align=\u00bbcenter\u00bb header_text_color=\u00bb#2b2b2b\u00bb header_font_size=\u00bb60px\u00bb header_2_font=\u00bbArimo|700|||||||\u00bb header_2_text_color=\u00bb#2b2b2b\u00bb header_2_line_height=\u00bb2.5em\u00bb custom_margin=\u00bb||0px||false|false\u00bb animation_style=\u00bbflip\u00bb header_font_size_tablet=\u00bb60px\u00bb header_font_size_phone=\u00bb40px\u00bb header_font_size_last_edited=\u00bbon|phone\u00bb global_colors_info=\u00bb{}\u00bb]<\/p>\n<h1>Nuestros restaurantes<\/h1>\n<p style=\"text-align: center;\"><span>Horario de cocina ininterrumpido desde las 07.00 h hasta las 00.00 h de Lunes a Domingo<\/span><\/p>\n<h2><span><\/span><\/h2>\n<p>[\/et_pb_text][\/et_pb_column][\/et_pb_row][et_pb_row column_structure=\u00bb3_5,2_5&#8243; _builder_version=\u00bb4.18.0&#8243; width=\u00bb100%\u00bb max_width=\u00bb100%\u00bb custom_padding=\u00bb|7%||7%|false|true\u00bb global_colors_info=\u00bb{}\u00bb][et_pb_column type=\u00bb3_5&#8243; _builder_version=\u00bb4.16&#8243; global_colors_info=\u00bb{}\u00bb][et_pb_text _builder_version=\u00bb4.18.0&#8243; text_font=\u00bbnexa-light||||||||\u00bb text_text_color=\u00bb#2b2b2b\u00bb text_font_size=\u00bb16px\u00bb text_letter_spacing=\u00bb1px\u00bb text_line_height=\u00bb1.6em\u00bb header_font=\u00bbNexa Bold||||||||\u00bb header_text_color=\u00bb#bd9c69&#8243; header_font_size=\u00bb35px\u00bb header_2_font=\u00bbnexa-light|700|||||||\u00bb header_2_text_color=\u00bb#2b2b2b\u00bb header_2_line_height=\u00bb2.5em\u00bb custom_margin=\u00bb||0px||false|false\u00bb animation_style=\u00bbflip\u00bb header_font_size_tablet=\u00bb\u00bb header_font_size_phone=\u00bb\u00bb header_font_size_last_edited=\u00bbon|phone\u00bb header_2_font_size_tablet=\u00bb\u00bb header_2_font_size_phone=\u00bb20px\u00bb header_2_font_size_last_edited=\u00bbon|phone\u00bb global_colors_info=\u00bb{}\u00bb]<\/p>\n<h1>Ferros Maestro \u00c1ngel Llorca<\/h1>\n<p>En pleno centro de Chamber\u00ed, la zona m\u00e1s elegante y castiza de Madrid, puedes disfrutar de nuestra amplia oferta gastron\u00f3mica en un ambiente acogedor y familiar.<\/p>\n<p>Desde sus comienzos en 1987, el restaurante Ferro\u2019s combina la calidad de una cocina tradicional y casera con un trato exquisito. Dispone de dos plantas con un estilo completamente renovado con mucho encanto.<\/p>\n<h2><span>Ven a conocernos, \u00a1no esperes m\u00e1s!<\/span><\/h2>\n<p>[\/et_pb_text][et_pb_blurb title=\u00bbCalle del Maestro \u00c1ngel Llorca 9, 28003 Madrid\u00bb url=\u00bbhttps:\/\/www.google.com\/maps\/place\/Ferros+Caf%C3%A9+Maestro+%C3%81ngel+Llorca\/@40.4435391,-3.7142556,15z\/data=!4m2!3m1!1s0x0:0x736add8cfaf51de3?sa=X&#038;ved=2ahUKEwjX9LnloY7qAhWvCWMBHQs8BEsQ_BIwCnoECBYQCA\u00bb use_icon=\u00bbon\u00bb font_icon=\u00bb&#xe082;||divi||400&#8243; icon_color=\u00bb#bd9c69&#8243; icon_placement=\u00bbleft\u00bb _builder_version=\u00bb4.18.0&#8243; header_font=\u00bbNexa Bold|700|||||||\u00bb header_line_height=\u00bb1.8em\u00bb custom_margin=\u00bb0px|||-28%|false|false\u00bb custom_margin_tablet=\u00bb\u00bb custom_margin_phone=\u00bb0px|||0%|false|false\u00bb custom_margin_last_edited=\u00bbon|phone\u00bb link_option_url=\u00bbhttps:\/\/www.google.com\/maps\/place\/Ferros+Caf%C3%A9+San+Francisco+de+Sales\/@40.44011,-3.716684,15z\/data=!4m2!3m1!1s0x0:0xca022b30674a67f7?sa=X&#038;ved=2ahUKEwjDl-7tk47qAhWaAmMBHe2UAE8Q_BIwCnoECBkQCA\u00bb global_colors_info=\u00bb{}\u00bb][\/et_pb_blurb][et_pb_blurb title=\u00bb915541470&#8243; url=\u00bbhttps:\/\/www.google.com\/maps\/place\/Ferros+Caf%C3%A9+Maestro+%C3%81ngel+Llorca\/@40.4435391,-3.7142556,15z\/data=!4m2!3m1!1s0x0:0x736add8cfaf51de3?sa=X&#038;ved=2ahUKEwjX9LnloY7qAhWvCWMBHQs8BEsQ_BIwCnoECBYQCA\u00bb use_icon=\u00bbon\u00bb font_icon=\u00bb&#xe090;||divi||400&#8243; icon_color=\u00bb#bd9c69&#8243; icon_placement=\u00bbleft\u00bb _builder_version=\u00bb4.18.0&#8243; header_font=\u00bbNexa Bold|700|||||||\u00bb header_line_height=\u00bb1.8em\u00bb custom_margin=\u00bb0px|||-28%|false|false\u00bb custom_margin_tablet=\u00bb\u00bb custom_margin_phone=\u00bb0px|||0%|false|false\u00bb custom_margin_last_edited=\u00bbon|phone\u00bb link_option_url=\u00bbhttps:\/\/www.google.com\/maps\/place\/Ferros+Caf%C3%A9+San+Francisco+de+Sales\/@40.44011,-3.716684,15z\/data=!4m2!3m1!1s0x0:0xca022b30674a67f7?sa=X&#038;ved=2ahUKEwjDl-7tk47qAhWaAmMBHe2UAE8Q_BIwCnoECBkQCA\u00bb global_colors_info=\u00bb{}\u00bb][\/et_pb_blurb][\/et_pb_column][et_pb_column type=\u00bb2_5&#8243; _builder_version=\u00bb4.16&#8243; global_colors_info=\u00bb{}\u00bb][et_pb_gallery gallery_ids=\u00bb5589,90,88,89,92&#8243; fullwidth=\u00bbon\u00bb _builder_version=\u00bb4.21.0&#8243; animation_style=\u00bbfade\u00bb auto=\u00bbon\u00bb box_shadow_style=\u00bbpreset1&#8243; global_colors_info=\u00bb{}\u00bb][\/et_pb_gallery][\/et_pb_column][\/et_pb_row][et_pb_row column_structure=\u00bb3_5,2_5&#8243; _builder_version=\u00bb4.18.0&#8243; width=\u00bb100%\u00bb max_width=\u00bb100%\u00bb custom_padding=\u00bb|7%||7%|false|true\u00bb global_colors_info=\u00bb{}\u00bb][et_pb_column type=\u00bb3_5&#8243; _builder_version=\u00bb4.16&#8243; global_colors_info=\u00bb{}\u00bb][et_pb_text _builder_version=\u00bb4.18.0&#8243; text_font=\u00bbnexa-light||||||||\u00bb text_text_color=\u00bb#2b2b2b\u00bb text_font_size=\u00bb16px\u00bb text_letter_spacing=\u00bb1px\u00bb text_line_height=\u00bb1.6em\u00bb header_font=\u00bbNexa Bold||||||||\u00bb header_text_color=\u00bb#bd9c69&#8243; header_font_size=\u00bb35px\u00bb header_2_font=\u00bbnexa-light|700|||||||\u00bb header_2_text_color=\u00bb#2b2b2b\u00bb header_2_line_height=\u00bb2.5em\u00bb custom_margin=\u00bb||0px||false|false\u00bb animation_style=\u00bbflip\u00bb header_font_size_tablet=\u00bb\u00bb header_font_size_phone=\u00bb\u00bb header_font_size_last_edited=\u00bbon|phone\u00bb header_2_font_size_tablet=\u00bb\u00bb header_2_font_size_phone=\u00bb20px\u00bb header_2_font_size_last_edited=\u00bbon|phone\u00bb global_colors_info=\u00bb{}\u00bb]<\/p>\n<h1>Ferros San Francisco de Sales<\/h1>\n<p>En el c\u00e9ntrico barrio madrile\u00f1o de Vallehermoso, encontrar\u00e1s el rinc\u00f3n perfecto donde degustar a cualquier hora del d\u00eda de platos caseros de elaboraci\u00f3n propia dentro de una amplia carta adaptada al gusto de los paladares m\u00e1s exigentes.<\/p>\n<p>Elige una zona: cafeter\u00eda, sal\u00f3n comedor o terraza y disfruta de un ambiente agradable, un servicio excelente y un cocina de calidad.<\/p>\n<h2>Ven a descubrirlo t\u00fa mismo, \u00a1repetir\u00e1s seguro!<\/h2>\n<p>[\/et_pb_text][et_pb_blurb title=\u00bbPaseo de San Francisco de Sales 7, 28003 Madrid\u00bb url=\u00bbhttps:\/\/www.google.com\/maps\/place\/Ferros+Caf%C3%A9+San+Francisco+de+Sales\/@40.44011,-3.716684,15z\/data=!4m2!3m1!1s0x0:0xca022b30674a67f7?sa=X&#038;ved=2ahUKEwjDl-7tk47qAhWaAmMBHe2UAE8Q_BIwCnoECBkQCA\u00bb use_icon=\u00bbon\u00bb font_icon=\u00bb&#xe082;||divi||400&#8243; icon_color=\u00bb#bd9c69&#8243; icon_placement=\u00bbleft\u00bb _builder_version=\u00bb4.18.0&#8243; header_font=\u00bbNexa Bold|700|||||||\u00bb header_line_height=\u00bb1.8em\u00bb custom_margin=\u00bb0px|||-28%|false|false\u00bb custom_margin_tablet=\u00bb\u00bb custom_margin_phone=\u00bb0px|||0%|false|false\u00bb custom_margin_last_edited=\u00bbon|phone\u00bb link_option_url=\u00bbhttps:\/\/www.google.com\/maps\/place\/Ferros+Caf%C3%A9+San+Francisco+de+Sales\/@40.44011,-3.716684,15z\/data=!4m2!3m1!1s0x0:0xca022b30674a67f7?sa=X&#038;ved=2ahUKEwjDl-7tk47qAhWaAmMBHe2UAE8Q_BIwCnoECBkQCA\u00bb global_colors_info=\u00bb{}\u00bb][\/et_pb_blurb][et_pb_blurb title=\u00bb915440431&#8243; url=\u00bbhttps:\/\/www.google.com\/maps\/place\/Ferros+Caf%C3%A9+San+Francisco+de+Sales\/@40.44011,-3.716684,15z\/data=!4m2!3m1!1s0x0:0xca022b30674a67f7?sa=X&#038;ved=2ahUKEwjDl-7tk47qAhWaAmMBHe2UAE8Q_BIwCnoECBkQCA\u00bb use_icon=\u00bbon\u00bb font_icon=\u00bb&#xf879;||fa||900&#8243; icon_color=\u00bb#bd9c69&#8243; icon_placement=\u00bbleft\u00bb _builder_version=\u00bb4.18.0&#8243; header_font=\u00bbNexa Bold|700|||||||\u00bb header_line_height=\u00bb1.8em\u00bb custom_margin=\u00bb0px|||-28%|false|false\u00bb custom_margin_tablet=\u00bb\u00bb custom_margin_phone=\u00bb0px|||0%|false|false\u00bb custom_margin_last_edited=\u00bbon|phone\u00bb link_option_url=\u00bbhttps:\/\/www.google.com\/maps\/place\/Ferros+Caf%C3%A9+San+Francisco+de+Sales\/@40.44011,-3.716684,15z\/data=!4m2!3m1!1s0x0:0xca022b30674a67f7?sa=X&#038;ved=2ahUKEwjDl-7tk47qAhWaAmMBHe2UAE8Q_BIwCnoECBkQCA\u00bb global_colors_info=\u00bb{}\u00bb][\/et_pb_blurb][\/et_pb_column][et_pb_column type=\u00bb2_5&#8243; _builder_version=\u00bb4.16&#8243; global_colors_info=\u00bb{}\u00bb][et_pb_gallery gallery_ids=\u00bb5593,131,132,134,5594&#8243; fullwidth=\u00bbon\u00bb _builder_version=\u00bb4.21.0&#8243; animation_style=\u00bbfade\u00bb auto=\u00bbon\u00bb box_shadow_style=\u00bbpreset1&#8243; global_colors_info=\u00bb{}\u00bb][\/et_pb_gallery][\/et_pb_column][\/et_pb_row][et_pb_row column_structure=\u00bb3_5,2_5&#8243; _builder_version=\u00bb4.18.0&#8243; width=\u00bb100%\u00bb max_width=\u00bb100%\u00bb custom_padding=\u00bb|7%||7%|false|true\u00bb global_colors_info=\u00bb{}\u00bb][et_pb_column type=\u00bb3_5&#8243; _builder_version=\u00bb4.16&#8243; global_colors_info=\u00bb{}\u00bb][et_pb_text _builder_version=\u00bb4.18.0&#8243; text_font=\u00bbnexa-light||||||||\u00bb text_text_color=\u00bb#2b2b2b\u00bb text_font_size=\u00bb16px\u00bb text_letter_spacing=\u00bb1px\u00bb text_line_height=\u00bb1.6em\u00bb header_font=\u00bbNexa Bold||||||||\u00bb header_text_color=\u00bb#bd9c69&#8243; header_font_size=\u00bb35px\u00bb header_2_font=\u00bbnexa-light|700|||||||\u00bb header_2_text_color=\u00bb#2b2b2b\u00bb header_2_line_height=\u00bb2.5em\u00bb custom_margin=\u00bb||0px||false|false\u00bb animation_style=\u00bbflip\u00bb header_font_size_tablet=\u00bb\u00bb header_font_size_phone=\u00bb\u00bb header_font_size_last_edited=\u00bbon|phone\u00bb header_2_font_size_tablet=\u00bb\u00bb header_2_font_size_phone=\u00bb20px\u00bb header_2_font_size_last_edited=\u00bbon|phone\u00bb global_colors_info=\u00bb{}\u00bb]<\/p>\n<h1>Ferros Bravo Murillo<\/h1>\n<p>&nbsp;<\/p>\n<h2>Ven a descubrirlo t\u00fa mismo, \u00a1te esperamos!<\/h2>\n<p>[\/et_pb_text][et_pb_blurb title=\u00bbCalle Bravo Murillo 77, 28003 Madrid\u00bb url=\u00bbhttps:\/\/www.google.com\/maps\/place\/Ferros+Caf%C3%A9+San+Francisco+de+Sales\/@40.44011,-3.716684,15z\/data=!4m2!3m1!1s0x0:0xca022b30674a67f7?sa=X&#038;ved=2ahUKEwjDl-7tk47qAhWaAmMBHe2UAE8Q_BIwCnoECBkQCA\u00bb use_icon=\u00bbon\u00bb font_icon=\u00bb&#xe082;||divi||400&#8243; icon_color=\u00bb#bd9c69&#8243; icon_placement=\u00bbleft\u00bb _builder_version=\u00bb4.18.0&#8243; header_font=\u00bbNexa Bold|700|||||||\u00bb header_line_height=\u00bb1.8em\u00bb custom_margin=\u00bb0px|||-28%|false|false\u00bb custom_margin_tablet=\u00bb\u00bb custom_margin_phone=\u00bb0px|||0%|false|false\u00bb custom_margin_last_edited=\u00bbon|phone\u00bb link_option_url=\u00bbhttps:\/\/www.google.com\/maps\/place\/Ferros+Caf%C3%A9+San+Francisco+de+Sales\/@40.44011,-3.716684,15z\/data=!4m2!3m1!1s0x0:0xca022b30674a67f7?sa=X&#038;ved=2ahUKEwjDl-7tk47qAhWaAmMBHe2UAE8Q_BIwCnoECBkQCA\u00bb global_colors_info=\u00bb{}\u00bb][\/et_pb_blurb][et_pb_blurb title=\u00bb910397204&#8243; url=\u00bbhttps:\/\/www.google.com\/maps\/place\/Ferros+Caf%C3%A9+San+Francisco+de+Sales\/@40.44011,-3.716684,15z\/data=!4m2!3m1!1s0x0:0xca022b30674a67f7?sa=X&#038;ved=2ahUKEwjDl-7tk47qAhWaAmMBHe2UAE8Q_BIwCnoECBkQCA\u00bb use_icon=\u00bbon\u00bb font_icon=\u00bb&#xf879;||fa||900&#8243; icon_color=\u00bb#bd9c69&#8243; icon_placement=\u00bbleft\u00bb _builder_version=\u00bb4.18.0&#8243; header_font=\u00bbNexa Bold|700|||||||\u00bb header_line_height=\u00bb1.8em\u00bb custom_margin=\u00bb0px|||-28%|false|false\u00bb custom_margin_tablet=\u00bb\u00bb custom_margin_phone=\u00bb0px|||0%|false|false\u00bb custom_margin_last_edited=\u00bbon|phone\u00bb link_option_url=\u00bbhttps:\/\/www.google.com\/maps\/place\/Ferros+Caf%C3%A9+San+Francisco+de+Sales\/@40.44011,-3.716684,15z\/data=!4m2!3m1!1s0x0:0xca022b30674a67f7?sa=X&#038;ved=2ahUKEwjDl-7tk47qAhWaAmMBHe2UAE8Q_BIwCnoECBkQCA\u00bb global_colors_info=\u00bb{}\u00bb][\/et_pb_blurb][\/et_pb_column][et_pb_column type=\u00bb2_5&#8243; _builder_version=\u00bb4.16&#8243; global_colors_info=\u00bb{}\u00bb][et_pb_gallery gallery_ids=\u00bb5590,3951,3952,5591&#8243; fullwidth=\u00bbon\u00bb _builder_version=\u00bb4.21.0&#8243; animation_style=\u00bbfade\u00bb auto=\u00bbon\u00bb box_shadow_style=\u00bbpreset1&#8243; global_colors_info=\u00bb{}\u00bb][\/et_pb_gallery][\/et_pb_column][\/et_pb_row][\/et_pb_section][et_pb_section fb_built=\u00bb1&#8243; custom_padding_last_edited=\u00bbon|phone\u00bb prev_background_color=\u00bb#ffffff\u00bb next_background_color=\u00bb#ffffff\u00bb _builder_version=\u00bb4.16&#8243; background_color=\u00bb#bd9c69&#8243; background_image=\u00bbhttps:\/\/ferroscafe.es\/wp-content\/uploads\/2020\/10\/269-2.jpg\u00bb custom_padding=\u00bb154px||8%||false|false\u00bb custom_padding_tablet=\u00bb\u00bb custom_padding_phone=\u00bb8%||8%||false|false\u00bb top_divider_style=\u00bbramp2&#8243; bottom_divider_style=\u00bbramp2&#8243; bottom_divider_height=\u00bb145px\u00bb bottom_divider_flip=\u00bbhorizontal\u00bb global_colors_info=\u00bb{}\u00bb][et_pb_row _builder_version=\u00bb4.16&#8243; width=\u00bb100%\u00bb max_width=\u00bb100%\u00bb custom_padding=\u00bb|7%||7%|false|true\u00bb global_colors_info=\u00bb{}\u00bb][et_pb_column type=\u00bb4_4&#8243; _builder_version=\u00bb4.16&#8243; global_colors_info=\u00bb{}\u00bb][et_pb_text _builder_version=\u00bb4.16&#8243; text_font=\u00bbnexa-light||||||||\u00bb text_text_color=\u00bb#ffffff\u00bb text_font_size=\u00bb16px\u00bb text_letter_spacing=\u00bb1px\u00bb text_line_height=\u00bb1.6em\u00bb header_font=\u00bbNexa Bold||||||||\u00bb header_text_align=\u00bbcenter\u00bb header_text_color=\u00bb#ffffff\u00bb header_font_size=\u00bb60px\u00bb header_2_font=\u00bbArimo|700|||||||\u00bb header_2_text_color=\u00bb#2b2b2b\u00bb header_2_line_height=\u00bb2.5em\u00bb custom_margin=\u00bb||0px||false|false\u00bb animation_style=\u00bbflip\u00bb global_colors_info=\u00bb{}\u00bb]<\/p>\n<h1>Nuestra carta<\/h1>\n<p style=\"text-align: center;\"><span>Horario de cocina ininterrumpido desde las 07.00 h hasta las 00.00 h de Lunes a Domingo<\/span><\/p>\n<h2><span><\/span><\/h2>\n<p>[\/et_pb_text][\/et_pb_column][\/et_pb_row][et_pb_row column_structure=\u00bb1_3,1_3,1_3&#8243; make_equal=\u00bbon\u00bb _builder_version=\u00bb4.16&#8243; width=\u00bb100%\u00bb max_width=\u00bb100%\u00bb custom_padding=\u00bb|7%||7%|true|true\u00bb global_colors_info=\u00bb{}\u00bb][et_pb_column type=\u00bb1_3&#8243; _builder_version=\u00bb4.16&#8243; background_image=\u00bbhttps:\/\/ferroscafe.es\/wp-content\/uploads\/2020\/06\/plato-02.jpg\u00bb box_shadow_style=\u00bbpreset3&#8243; global_colors_info=\u00bb{}\u00bb][et_pb_text _builder_version=\u00bb4.16&#8243; custom_padding=\u00bb30%||30%||true|false\u00bb global_colors_info=\u00bb{}\u00bb][\/et_pb_text][\/et_pb_column][et_pb_column type=\u00bb1_3&#8243; _builder_version=\u00bb4.16&#8243; background_image=\u00bbhttps:\/\/ferroscafe.es\/wp-content\/uploads\/2020\/06\/plato-01.jpg\u00bb box_shadow_style=\u00bbpreset3&#8243; global_colors_info=\u00bb{}\u00bb][et_pb_text _builder_version=\u00bb4.16&#8243; custom_margin=\u00bb||0px||false|false\u00bb custom_padding=\u00bb25%||25%||true|false\u00bb global_colors_info=\u00bb{}\u00bb][\/et_pb_text][\/et_pb_column][et_pb_column type=\u00bb1_3&#8243; _builder_version=\u00bb4.16&#8243; background_image=\u00bbhttps:\/\/ferroscafe.es\/wp-content\/uploads\/2020\/06\/plato-05.jpg\u00bb box_shadow_style=\u00bbpreset3&#8243; global_colors_info=\u00bb{}\u00bb][et_pb_text _builder_version=\u00bb4.16&#8243; custom_margin=\u00bb||0px||false|false\u00bb custom_padding=\u00bb25%||25%||true|false\u00bb global_colors_info=\u00bb{}\u00bb][\/et_pb_text][\/et_pb_column][\/et_pb_row][et_pb_row column_structure=\u00bb1_3,1_3,1_3&#8243; make_equal=\u00bbon\u00bb custom_padding_last_edited=\u00bbon|phone\u00bb _builder_version=\u00bb4.16&#8243; width=\u00bb100%\u00bb max_width=\u00bb100%\u00bb custom_padding=\u00bb|7%||7%|true|true\u00bb custom_padding_tablet=\u00bb\u00bb custom_padding_phone=\u00bb0px|7%|0px|7%|true|true\u00bb global_colors_info=\u00bb{}\u00bb][et_pb_column type=\u00bb1_3&#8243; _builder_version=\u00bb4.16&#8243; background_image=\u00bbhttps:\/\/ferroscafe.es\/wp-content\/uploads\/2020\/06\/plato-03.jpg\u00bb box_shadow_style=\u00bbpreset3&#8243; global_colors_info=\u00bb{}\u00bb][et_pb_text _builder_version=\u00bb4.16&#8243; custom_padding=\u00bb30%||30%||true|false\u00bb global_colors_info=\u00bb{}\u00bb][\/et_pb_text][\/et_pb_column][et_pb_column type=\u00bb1_3&#8243; _builder_version=\u00bb4.16&#8243; background_image=\u00bbhttps:\/\/ferroscafe.es\/wp-content\/uploads\/2020\/06\/plato-10.jpg\u00bb box_shadow_style=\u00bbpreset3&#8243; global_colors_info=\u00bb{}\u00bb][et_pb_text _builder_version=\u00bb4.16&#8243; custom_margin=\u00bb||0px||false|false\u00bb custom_padding=\u00bb25%||25%||true|false\u00bb global_colors_info=\u00bb{}\u00bb][\/et_pb_text][\/et_pb_column][et_pb_column type=\u00bb1_3&#8243; _builder_version=\u00bb4.16&#8243; background_image=\u00bbhttps:\/\/ferroscafe.es\/wp-content\/uploads\/2020\/06\/plato-12.jpg\u00bb box_shadow_style=\u00bbpreset3&#8243; global_colors_info=\u00bb{}\u00bb][et_pb_text _builder_version=\u00bb4.16&#8243; custom_padding=\u00bb30%||30%||true|false\u00bb global_colors_info=\u00bb{}\u00bb][\/et_pb_text][\/et_pb_column][\/et_pb_row][et_pb_row _builder_version=\u00bb4.16&#8243; global_colors_info=\u00bb{}\u00bb][et_pb_column type=\u00bb4_4&#8243; _builder_version=\u00bb4.16&#8243; global_colors_info=\u00bb{}\u00bb][et_pb_button button_url=\u00bbhttps:\/\/ferroscafe.es\/nuestra-carta\u00bb button_text=\u00bbVER CARTA\u00bb button_alignment=\u00bbcenter\u00bb _builder_version=\u00bb4.16&#8243; custom_margin=\u00bb|||0%|false|false\u00bb animation_style=\u00bbflip\u00bb button_text_size_tablet=\u00bb\u00bb button_text_size_phone=\u00bb16px\u00bb button_text_size_last_edited=\u00bbon|phone\u00bb custom_css_main_element=\u00bbwidth: 250px !important;\u00bb global_colors_info=\u00bb{}\u00bb button_text_color__hover=\u00bb#bd9c69&#8243; button_text_color__hover_enabled=\u00bbon|hover\u00bb button_bg_color__hover=\u00bb#ffffff\u00bb button_bg_color__hover_enabled=\u00bbon|hover\u00bb button_border_color__hover=\u00bb#bd9c69&#8243; button_border_color__hover_enabled=\u00bbon|hover\u00bb][\/et_pb_button][\/et_pb_column][\/et_pb_row][\/et_pb_section][et_pb_section fb_built=\u00bb1&#8243; _builder_version=\u00bb4.16&#8243; global_colors_info=\u00bb{}\u00bb][et_pb_row column_structure=\u00bb3_5,2_5&#8243; _builder_version=\u00bb4.16&#8243; width=\u00bb100%\u00bb max_width=\u00bb100%\u00bb custom_padding=\u00bb|7%||7%|false|true\u00bb global_colors_info=\u00bb{}\u00bb][et_pb_column type=\u00bb3_5&#8243; _builder_version=\u00bb4.16&#8243; global_colors_info=\u00bb{}\u00bb][et_pb_text _builder_version=\u00bb4.27.8&#8243; text_font=\u00bbNexa Light||||||||\u00bb text_text_color=\u00bb#2b2b2b\u00bb text_font_size=\u00bb16px\u00bb text_letter_spacing=\u00bb1px\u00bb text_line_height=\u00bb1.6em\u00bb header_font=\u00bbNexa Bold||||||||\u00bb header_text_color=\u00bb#bd9c69&#8243; header_font_size=\u00bb50px\u00bb header_2_font=\u00bbArimo|700|||||||\u00bb header_2_text_color=\u00bb#2b2b2b\u00bb header_2_line_height=\u00bb2.5em\u00bb custom_margin=\u00bb||0px||false|false\u00bb animation_style=\u00bbflip\u00bb hover_enabled=\u00bb0&#8243; global_colors_info=\u00bb{}\u00bb sticky_enabled=\u00bb0&#8243;]<\/p>\n<h1><span><span style=\"color: #333333;\">Visita nuestras<\/span>\u00a0terrazas<\/span><\/h1>\n<p>\u00bfTodav\u00eda no la conoces? \u00bfQuieres ver c\u00f3mo han quedado? Disfruta de nuestras terrazas en el centro de Madrid<\/p>\n<p>[\/et_pb_text][et_pb_blurb title=\u00bbPaseo de San Francisco de Sales 7, 28003 Madrid\u00bb url=\u00bbhttps:\/\/www.google.com\/maps\/place\/Ferros+Caf%C3%A9+San+Francisco+de+Sales\/@40.44011,-3.716684,15z\/data=!4m2!3m1!1s0x0:0xca022b30674a67f7?sa=X&#038;ved=2ahUKEwjDl-7tk47qAhWaAmMBHe2UAE8Q_BIwCnoECBkQCA\u00bb use_icon=\u00bbon\u00bb font_icon=\u00bb&#xe01d;||divi||400&#8243; icon_color=\u00bb#bd9c69&#8243; icon_placement=\u00bbleft\u00bb _builder_version=\u00bb4.16&#8243; header_font=\u00bbNexa Bold|700|||||||\u00bb header_line_height=\u00bb1.8em\u00bb custom_margin=\u00bb4%|||-28%|false|false\u00bb custom_margin_tablet=\u00bb\u00bb custom_margin_phone=\u00bb4%|||0%|false|false\u00bb custom_margin_last_edited=\u00bbon|phone\u00bb link_option_url=\u00bbhttps:\/\/www.google.com\/maps\/place\/Ferros+Caf%C3%A9+San+Francisco+de+Sales\/@40.44011,-3.716684,15z\/data=!4m2!3m1!1s0x0:0xca022b30674a67f7?sa=X&#038;ved=2ahUKEwjDl-7tk47qAhWaAmMBHe2UAE8Q_BIwCnoECBkQCA\u00bb global_colors_info=\u00bb{}\u00bb][\/et_pb_blurb][et_pb_blurb title=\u00bbMaestro \u00c1ngel Llorca 9, 28003 Madrid\u00bb url=\u00bbhttps:\/\/www.google.com\/maps\/place\/Ferros+Caf%C3%A9+San+Francisco+de+Sales\/@40.44011,-3.716684,15z\/data=!4m2!3m1!1s0x0:0xca022b30674a67f7?sa=X&#038;ved=2ahUKEwjDl-7tk47qAhWaAmMBHe2UAE8Q_BIwCnoECBkQCA\u00bb use_icon=\u00bbon\u00bb font_icon=\u00bb&#xe01d;||divi||400&#8243; icon_color=\u00bb#bd9c69&#8243; icon_placement=\u00bbleft\u00bb _builder_version=\u00bb4.18.0&#8243; header_font=\u00bbNexa Bold|700|||||||\u00bb header_line_height=\u00bb1.8em\u00bb custom_margin=\u00bb4%|||-28%|false|false\u00bb custom_margin_tablet=\u00bb\u00bb custom_margin_phone=\u00bb4%|||0%|false|false\u00bb custom_margin_last_edited=\u00bbon|phone\u00bb link_option_url=\u00bbhttps:\/\/www.google.com\/maps\/place\/Ferros+Caf%C3%A9+San+Francisco+de+Sales\/@40.44011,-3.716684,15z\/data=!4m2!3m1!1s0x0:0xca022b30674a67f7?sa=X&#038;ved=2ahUKEwjDl-7tk47qAhWaAmMBHe2UAE8Q_BIwCnoECBkQCA\u00bb global_colors_info=\u00bb{}\u00bb][\/et_pb_blurb][et_pb_blurb title=\u00bbCalle Bravo Murillo 77, 28003 Madrid\u00bb url=\u00bbhttps:\/\/www.google.com\/maps\/place\/Ferros+Caf%C3%A9+San+Francisco+de+Sales\/@40.44011,-3.716684,15z\/data=!4m2!3m1!1s0x0:0xca022b30674a67f7?sa=X&#038;ved=2ahUKEwjDl-7tk47qAhWaAmMBHe2UAE8Q_BIwCnoECBkQCA\u00bb use_icon=\u00bbon\u00bb font_icon=\u00bb&#xe01d;||divi||400&#8243; icon_color=\u00bb#bd9c69&#8243; icon_placement=\u00bbleft\u00bb _builder_version=\u00bb4.18.0&#8243; header_font=\u00bbNexa Bold|700|||||||\u00bb header_line_height=\u00bb1.8em\u00bb custom_margin=\u00bb4%|||-28%|false|false\u00bb custom_margin_tablet=\u00bb\u00bb custom_margin_phone=\u00bb4%|||0%|false|false\u00bb custom_margin_last_edited=\u00bbon|phone\u00bb link_option_url=\u00bbhttps:\/\/www.google.com\/maps\/place\/Ferros+Caf%C3%A9+San+Francisco+de+Sales\/@40.44011,-3.716684,15z\/data=!4m2!3m1!1s0x0:0xca022b30674a67f7?sa=X&#038;ved=2ahUKEwjDl-7tk47qAhWaAmMBHe2UAE8Q_BIwCnoECBkQCA\u00bb global_colors_info=\u00bb{}\u00bb][\/et_pb_blurb][et_pb_button button_url=\u00bbhttps:\/\/ferroscafe.es\/contacto-y-reservas\u00bb button_text=\u00bbRESERVAR\u00bb button_alignment=\u00bbcenter\u00bb _builder_version=\u00bb4.27.8&#8243; custom_margin=\u00bb||||false|false\u00bb animation_style=\u00bbflip\u00bb hover_enabled=\u00bb0&#8243; custom_css_main_element=\u00bbwidth: 250px !important;\u00bb global_colors_info=\u00bb{}\u00bb button_text_color__hover=\u00bb#bd9c69&#8243; button_text_color__hover_enabled=\u00bbon|hover\u00bb button_bg_color__hover=\u00bb#ffffff\u00bb button_bg_color__hover_enabled=\u00bbon|hover\u00bb button_border_color__hover=\u00bb#bd9c69&#8243; button_border_color__hover_enabled=\u00bbon|hover\u00bb custom_button=\u00bbon\u00bb button_bg_color=\u00bb#2b2b2b\u00bb button_bg_enable_color=\u00bbon\u00bb sticky_enabled=\u00bb0&#8243;][\/et_pb_button][\/et_pb_column][et_pb_column type=\u00bb2_5&#8243; _builder_version=\u00bb4.16&#8243; global_colors_info=\u00bb{}\u00bb][et_pb_gallery gallery_ids=\u00bb3951,103,5594,3952,5597&#8243; fullwidth=\u00bbon\u00bb _builder_version=\u00bb4.21.0&#8243; animation_style=\u00bbfade\u00bb auto=\u00bbon\u00bb box_shadow_style=\u00bbpreset1&#8243; global_colors_info=\u00bb{}\u00bb][\/et_pb_gallery][\/et_pb_column][\/et_pb_row][\/et_pb_section][et_pb_section fb_built=\u00bb1&#8243; custom_padding_last_edited=\u00bbon|phone\u00bb prev_background_color=\u00bb#ffffff\u00bb next_background_color=\u00bb#ffffff\u00bb _builder_version=\u00bb4.16&#8243; background_color=\u00bbrgba(0,0,0,0)\u00bb background_image=\u00bbhttps:\/\/ferroscafe.es\/wp-content\/uploads\/2020\/06\/reserva-gral-rodrigo.jpg\u00bb background_blend=\u00bbmultiply\u00bb custom_padding=\u00bb||0px||false|false\u00bb custom_padding_tablet=\u00bb\u00bb custom_padding_phone=\u00bb15%||15%||true|false\u00bb top_divider_style=\u00bbslant2&#8243; bottom_divider_style=\u00bbslant2&#8243; global_colors_info=\u00bb{}\u00bb][et_pb_row _builder_version=\u00bb4.16&#8243; custom_padding=\u00bb9%||9%||true|false\u00bb global_colors_info=\u00bb{}\u00bb][et_pb_column type=\u00bb4_4&#8243; _builder_version=\u00bb4.16&#8243; global_colors_info=\u00bb{}\u00bb][et_pb_text _builder_version=\u00bb4.16&#8243; header_font=\u00bbNexa Bold||||||||\u00bb header_text_align=\u00bbcenter\u00bb header_text_color=\u00bb#bd9c69&#8243; header_font_size=\u00bb45px\u00bb header_line_height=\u00bb1.5em\u00bb animation_style=\u00bbflip\u00bb header_font_size_tablet=\u00bb35px\u00bb header_font_size_phone=\u00bb30px\u00bb header_font_size_last_edited=\u00bbon|tablet\u00bb header_text_shadow_style=\u00bbpreset1&#8243; global_colors_info=\u00bb{}\u00bb]<\/p>\n<h1>Haz ya tu<span>\u00a0<\/span><span style=\"color: #ffffff;\">reserva\u00a0<\/span>y ven a disfrutar de grandes momentos, <span style=\"color: #ffffff;\">promociones y ofertas especiales<\/span><\/h1>\n<p>[\/et_pb_text][et_pb_button button_url=\u00bbhttps:\/\/ferroscafe.es\/contacto-y-reservas\u00bb button_text=\u00bbRESERVAS\u00bb button_alignment=\u00bbcenter\u00bb _builder_version=\u00bb4.16&#8243; custom_margin=\u00bb|||0%|false|false\u00bb animation_style=\u00bbzoom\u00bb button_text_size_tablet=\u00bb\u00bb button_text_size_phone=\u00bb16px\u00bb button_text_size_last_edited=\u00bbon|phone\u00bb custom_css_main_element=\u00bbwidth: 250px !important;\u00bb global_colors_info=\u00bb{}\u00bb button_text_color__hover=\u00bb#ffffff\u00bb button_text_color__hover_enabled=\u00bbon|hover\u00bb button_bg_color__hover=\u00bb\u00bb button_bg_color__hover_enabled=\u00bbon|hover\u00bb button_border_color__hover_enabled=\u00bbon|hover\u00bb button_border_color__hover=\u00bb#ffffff\u00bb button_bg_enable_color__hover=\u00bboff\u00bb][\/et_pb_button][\/et_pb_column][\/et_pb_row][\/et_pb_section][et_pb_section fb_built=\u00bb1&#8243; _builder_version=\u00bb4.16&#8243; background_color=\u00bb#ffffff\u00bb global_colors_info=\u00bb{}\u00bb][et_pb_row column_structure=\u00bb2_5,3_5&#8243; _builder_version=\u00bb4.16&#8243; width=\u00bb100%\u00bb max_width=\u00bb100%\u00bb custom_padding=\u00bb|7%||7%|false|true\u00bb global_colors_info=\u00bb{}\u00bb][et_pb_column type=\u00bb2_5&#8243; _builder_version=\u00bb4.16&#8243; global_colors_info=\u00bb{}\u00bb][et_pb_image src=\u00bbhttps:\/\/ferroscafe.es\/wp-content\/uploads\/2020\/06\/blog.jpg\u00bb title_text=\u00bbblog\u00bb _builder_version=\u00bb4.16&#8243; box_shadow_style=\u00bbpreset3&#8243; global_colors_info=\u00bb{}\u00bb][\/et_pb_image][\/et_pb_column][et_pb_column type=\u00bb3_5&#8243; _builder_version=\u00bb4.16&#8243; global_colors_info=\u00bb{}\u00bb][et_pb_text _builder_version=\u00bb4.16&#8243; text_font=\u00bbnexa-light||||||||\u00bb text_text_color=\u00bb#2b2b2b\u00bb text_font_size=\u00bb16px\u00bb text_letter_spacing=\u00bb1px\u00bb text_line_height=\u00bb1.6em\u00bb header_font=\u00bbNexa Bold||||||||\u00bb header_text_color=\u00bb#2b2b2b\u00bb header_font_size=\u00bb50px\u00bb header_2_font=\u00bbNexa Bold|700|||||||\u00bb header_2_text_color=\u00bb#bd9c69&#8243; header_2_letter_spacing=\u00bb2px\u00bb header_2_line_height=\u00bb1.5em\u00bb custom_margin=\u00bb||0px||false|false\u00bb animation_style=\u00bbflip\u00bb global_colors_info=\u00bb{}\u00bb]<\/p>\n<h1>Nuestro Blog<\/h1>\n<h2>Maridaje de queso y vinos: una delicia para el paladar<\/h2>\n<p><span>\u00bfCu\u00e1l es la mejor opci\u00f3n vino blanco o tinto? \u00bfUn tinto joven, un crianza o un reserva?<br \/> \u00bfUn queso curado con qu\u00e9 vino?<\/span><\/p>\n<p><strong>\u00bfEres de los que se hacen estas preguntas? En Ferros Caf\u00e9 te traemos algunos consejos para el maridaje de queso y vino.<\/strong><\/p>\n<p>[\/et_pb_text][et_pb_text _builder_version=\u00bb4.16&#8243; text_font=\u00bbNexa Bold||||||||\u00bb text_text_color=\u00bb#bd9c69&#8243; text_font_size=\u00bb16px\u00bb text_letter_spacing=\u00bb1px\u00bb text_line_height=\u00bb1.6em\u00bb header_font=\u00bbGreat Vibes||||||||\u00bb header_text_color=\u00bb#2b2b2b\u00bb header_font_size=\u00bb50px\u00bb header_2_font=\u00bbGreat Vibes|700|||||||\u00bb header_2_text_color=\u00bb#bd9c69&#8243; header_2_letter_spacing=\u00bb2px\u00bb header_2_line_height=\u00bb1.5em\u00bb custom_margin=\u00bb3%||0px||false|false\u00bb animation_style=\u00bbflip\u00bb link_option_url=\u00bbhttps:\/\/ferroscafe.es\/maridaje-de-queso-y-vinos-una-delicia-para-el-paladar\u00bb global_colors_info=\u00bb{}\u00bb]Saber m\u00e1s\u00a0\u2192[\/et_pb_text][\/et_pb_column][\/et_pb_row][\/et_pb_section]<\/p>\n","protected":false},"excerpt":{"rendered":"<p>Apostando por la calidadSabores tradicionales del mediterr\u00e1neo&#8230;Degustaciones, catas, promociones&#8230;En unas instalaciones incomparables&#8230;Nuestros restaurantes Horario de cocina ininterrumpido desde las 07.00 h hasta las 00.00 h de Lunes a Domingo Ferros Maestro \u00c1ngel Llorca En pleno centro de Chamber\u00ed, la zona m\u00e1s elegante y castiza de Madrid, puedes disfrutar de nuestra amplia oferta gastron\u00f3mica en un [&hellip;]<\/p>\n","protected":false},"author":7,"featured_media":0,"parent":0,"menu_order":0,"comment_status":"closed","ping_status":"closed","template":"","meta":{"_et_pb_use_builder":"on","_et_pb_old_content":"<!-- wp:divi\/placeholder \/-->","_et_gb_content_width":"","footnotes":""},"class_list":["post-10","page","type-page","status-publish","hentry"],"yoast_head":"<!-- This site is optimized with the Yoast SEO plugin v28.4 - https:\/\/yoast.com\/product\/yoast-seo-wordpress\/ -->\n<title>Ferros Caf\u00e9 - Ferros Caf\u00e9<\/title>\n<meta name=\"robots\" content=\"index, follow, max-snippet:-1, max-image-preview:large, max-video-preview:-1\" \/>\n<link rel=\"canonical\" href=\"https:\/\/ferroscafe.es\/en\/\" \/>\n<meta property=\"og:locale\" content=\"en_US\" \/>\n<meta property=\"og:type\" content=\"article\" \/>\n<meta property=\"og:title\" content=\"Ferros Caf\u00e9 - Ferros Caf\u00e9\" \/>\n<meta property=\"og:description\" content=\"Apostando por la calidadSabores tradicionales del mediterr\u00e1neo...Degustaciones, catas, promociones...En unas instalaciones incomparables...Nuestros restaurantes Horario de cocina ininterrumpido desde las 07.00 h hasta las 00.00 h de Lunes a Domingo Ferros Maestro \u00c1ngel Llorca En pleno centro de Chamber\u00ed, la zona m\u00e1s elegante y castiza de Madrid, puedes disfrutar de nuestra amplia oferta gastron\u00f3mica en un [&hellip;]\" \/>\n<meta property=\"og:url\" content=\"https:\/\/ferroscafe.es\/en\/\" \/>\n<meta property=\"og:site_name\" content=\"Ferros Caf\u00e9\" \/>\n<meta property=\"article:modified_time\" content=\"2026-09-01T15:38:31+00:00\" \/>\n<meta name=\"twitter:card\" content=\"summary_large_image\" \/>\n<meta name=\"twitter:label1\" content=\"Est. reading time\" \/>\n\t<meta name=\"twitter:data1\" content=\"23 minutes\" \/>\n<script type=\"application\/ld+json\" class=\"yoast-schema-graph\">{\"@context\":\"https:\\\/\\\/schema.org\",\"@graph\":[{\"@type\":\"WebPage\",\"@id\":\"https:\\\/\\\/ferroscafe.es\\\/\",\"url\":\"https:\\\/\\\/ferroscafe.es\\\/\",\"name\":\"Ferros Caf\u00e9 - Ferros Caf\u00e9\",\"isPartOf\":{\"@id\":\"https:\\\/\\\/ferroscafe.es\\\/#website\"},\"datePublished\":\"2020-06-19T10:11:04+00:00\",\"dateModified\":\"2026-09-01T15:38:31+00:00\",\"breadcrumb\":{\"@id\":\"https:\\\/\\\/ferroscafe.es\\\/#breadcrumb\"},\"inLanguage\":\"en-US\",\"potentialAction\":[{\"@type\":\"ReadAction\",\"target\":[\"https:\\\/\\\/ferroscafe.es\\\/\"]}]},{\"@type\":\"BreadcrumbList\",\"@id\":\"https:\\\/\\\/ferroscafe.es\\\/#breadcrumb\",\"itemListElement\":[{\"@type\":\"ListItem\",\"position\":1,\"name\":\"Portada\",\"item\":\"https:\\\/\\\/ferroscafe.es\\\/\"},{\"@type\":\"ListItem\",\"position\":2,\"name\":\"Ferros Caf\u00e9\"}]},{\"@type\":\"WebSite\",\"@id\":\"https:\\\/\\\/ferroscafe.es\\\/#website\",\"url\":\"https:\\\/\\\/ferroscafe.es\\\/\",\"name\":\"Ferros Caf\u00e9\",\"description\":\"Cocina de mercado en Chamber\u00ed, Madrid\",\"potentialAction\":[{\"@type\":\"SearchAction\",\"target\":{\"@type\":\"EntryPoint\",\"urlTemplate\":\"https:\\\/\\\/ferroscafe.es\\\/?s={search_term_string}\"},\"query-input\":{\"@type\":\"PropertyValueSpecification\",\"valueRequired\":true,\"valueName\":\"search_term_string\"}}],\"inLanguage\":\"en-US\"}]}<\/script>\n<!-- \/ Yoast SEO plugin. -->","yoast_head_json":{"title":"Ferros Caf\u00e9 - Ferros Caf\u00e9","robots":{"index":"index","follow":"follow","max-snippet":"max-snippet:-1","max-image-preview":"max-image-preview:large","max-video-preview":"max-video-preview:-1"},"canonical":"https:\/\/ferroscafe.es\/en\/","og_locale":"en_US","og_type":"article","og_title":"Ferros Caf\u00e9 - Ferros Caf\u00e9","og_description":"Apostando por la calidadSabores tradicionales del mediterr\u00e1neo...Degustaciones, catas, promociones...En unas instalaciones incomparables...Nuestros restaurantes Horario de cocina ininterrumpido desde las 07.00 h hasta las 00.00 h de Lunes a Domingo Ferros Maestro \u00c1ngel Llorca En pleno centro de Chamber\u00ed, la zona m\u00e1s elegante y castiza de Madrid, puedes disfrutar de nuestra amplia oferta gastron\u00f3mica en un [&hellip;]","og_url":"https:\/\/ferroscafe.es\/en\/","og_site_name":"Ferros Caf\u00e9","article_modified_time":"2026-09-01T15:38:31+00:00","twitter_card":"summary_large_image","twitter_misc":{"Est. reading time":"23 minutes"},"schema":{"@context":"https:\/\/schema.org","@graph":[{"@type":"WebPage","@id":"https:\/\/ferroscafe.es\/","url":"https:\/\/ferroscafe.es\/","name":"Ferros Caf\u00e9 - Ferros Caf\u00e9","isPartOf":{"@id":"https:\/\/ferroscafe.es\/#website"},"datePublished":"2020-06-19T10:11:04+00:00","dateModified":"2026-09-01T15:38:31+00:00","breadcrumb":{"@id":"https:\/\/ferroscafe.es\/#breadcrumb"},"inLanguage":"en-US","potentialAction":[{"@type":"ReadAction","target":["https:\/\/ferroscafe.es\/"]}]},{"@type":"BreadcrumbList","@id":"https:\/\/ferroscafe.es\/#breadcrumb","itemListElement":[{"@type":"ListItem","position":1,"name":"Portada","item":"https:\/\/ferroscafe.es\/"},{"@type":"ListItem","position":2,"name":"Ferros Caf\u00e9"}]},{"@type":"WebSite","@id":"https:\/\/ferroscafe.es\/#website","url":"https:\/\/ferroscafe.es\/","name":"Ferros Caf\u00e9","description":"Cocina de mercado en Chamber\u00ed, Madrid","potentialAction":[{"@type":"SearchAction","target":{"@type":"EntryPoint","urlTemplate":"https:\/\/ferroscafe.es\/?s={search_term_string}"},"query-input":{"@type":"PropertyValueSpecification","valueRequired":true,"valueName":"search_term_string"}}],"inLanguage":"en-US"}]}},"_links":{"self":[{"href":"https:\/\/ferroscafe.es\/en\/wp-json\/wp\/v2\/pages\/10","targetHints":{"allow":["GET"]}}],"collection":[{"href":"https:\/\/ferroscafe.es\/en\/wp-json\/wp\/v2\/pages"}],"about":[{"href":"https:\/\/ferroscafe.es\/en\/wp-json\/wp\/v2\/types\/page"}],"author":[{"embeddable":true,"href":"https:\/\/ferroscafe.es\/en\/wp-json\/wp\/v2\/users\/7"}],"replies":[{"embeddable":true,"href":"https:\/\/ferroscafe.es\/en\/wp-json\/wp\/v2\/comments?post=10"}],"version-history":[{"count":5,"href":"https:\/\/ferroscafe.es\/en\/wp-json\/wp\/v2\/pages\/10\/revisions"}],"predecessor-version":[{"id":6184,"href":"https:\/\/ferroscafe.es\/en\/wp-json\/wp\/v2\/pages\/10\/revisions\/6184"}],"wp:attachment":[{"href":"https:\/\/ferroscafe.es\/en\/wp-json\/wp\/v2\/media?parent=10"}],"curies":[{"name":"wp","href":"https:\/\/api.w.org\/{rel}","templated":true}]}}