{"id":1050,"date":"2020-12-04T10:48:28","date_gmt":"2020-12-04T09:48:28","guid":{"rendered":"https:\/\/ferroscafe.es\/?page_id=1050"},"modified":"2026-06-16T11:30:01","modified_gmt":"2026-06-16T09:30:01","slug":"cervezas","status":"publish","type":"page","link":"https:\/\/ferroscafe.es\/en\/cervezas\/","title":{"rendered":"Beers"},"content":{"rendered":"<p>[et_pb_section fb_built=\u00bb1&#8243; _builder_version=\u00bb4.27.6&#8243; background_color=\u00bb#000000&#8243; background_enable_image=\u00bboff\u00bb background_blend=\u00bbmultiply\u00bb custom_padding=\u00bb7%||7%||true|false\u00bb global_colors_info=\u00bb{}\u00bb][et_pb_row _builder_version=\u00bb4.16&#8243; global_colors_info=\u00bb{}\u00bb][et_pb_column type=\u00bb4_4&#8243; _builder_version=\u00bb4.16&#8243; global_colors_info=\u00bb{}\u00bb][et_pb_text _builder_version=\u00bb4.16&#8243; text_font=\u00bbNexa Bold||||||||\u00bb text_text_color=\u00bb#ffffff\u00bb text_font_size=\u00bb80px\u00bb text_orientation=\u00bbcenter\u00bb text_font_size_tablet=\u00bb\u00bb text_font_size_phone=\u00bb45px\u00bb text_font_size_last_edited=\u00bbon|phone\u00bb global_colors_info=\u00bb{}\u00bb]<\/p>\n<p>Cervezas<\/p>\n<p>[\/et_pb_text][\/et_pb_column][\/et_pb_row][\/et_pb_section][et_pb_section fb_built=\u00bb1&#8243; _builder_version=\u00bb4.16&#8243; use_background_color_gradient=\u00bbon\u00bb background_color_gradient_stops=\u00bbrgba(0,0,0,0) 0%|rgba(0,0,0,0) 100%\u00bb background_color_gradient_start=\u00bbrgba(0,0,0,0)\u00bb background_color_gradient_end=\u00bbrgba(0,0,0,0)\u00bb background_image=\u00bbhttps:\/\/ferroscafe.es\/wp-content\/uploads\/2020\/10\/269-2.jpg\u00bb background_size=\u00bbinitial\u00bb background_position=\u00bbtop_left\u00bb background_repeat=\u00bbrepeat\u00bb background_blend=\u00bbhard-light\u00bb width=\u00bb100%\u00bb global_colors_info=\u00bb{}\u00bb][et_pb_row column_structure=\u00bb2_5,3_5&#8243; use_custom_gutter=\u00bbon\u00bb gutter_width=\u00bb1&#8243; _builder_version=\u00bb4.27.6&#8243; _module_preset=\u00bbdefault\u00bb global_colors_info=\u00bb{}\u00bb][et_pb_column type=\u00bb2_5&#8243; _builder_version=\u00bb4.16&#8243; _module_preset=\u00bbdefault\u00bb global_colors_info=\u00bb{}\u00bb][et_pb_image src=\u00bbhttps:\/\/ferroscafe.es\/wp-content\/uploads\/2021\/03\/1.png\u00bb title_text=\u00bb1&#8243; _builder_version=\u00bb4.16&#8243; _module_preset=\u00bbdefault\u00bb width=\u00bb40%\u00bb global_colors_info=\u00bb{}\u00bb][\/et_pb_image][\/et_pb_column][et_pb_column type=\u00bb3_5&#8243; _builder_version=\u00bb4.16&#8243; _module_preset=\u00bbdefault\u00bb global_colors_info=\u00bb{}\u00bb][et_pb_text _builder_version=\u00bb4.16&#8243; _module_preset=\u00bbdefault\u00bb global_colors_info=\u00bb{}\u00bb]<\/p>\n<h1><span>\u00a0<\/span>EL \u00c1GUILA ESPECIAL<span>\u00a0\u00a0\u00a0\u00a0\u00a0\u00a0\u00a0\u00a0\u00a0\u00a0\u00a0\u00a0\u00a0\u00a0\u00a0\u00a0\u00a0\u00a0\u00a0\u00a0 <\/span><\/h1>\n<p><span style=\"color: #ffffff;\"><strong>Descubre\u00a0la intensidad\u00a0de\u00a0las maltas\u00a0caramelizadas\u00a0junto\u00a0con la frescura de su mezcla de l\u00fapulos Perle y Lemondrop\u2122.<\/strong><\/span><\/p>\n<p><strong><span style=\"color: #ffffff;\">Temperatura \u00f3ptima: 2\u00b0- 4\u00b0C<br \/>Graduaci\u00f3n botella: Vol. 5,5% Alc.<\/span><\/strong><\/p>\n<p>[\/et_pb_text][\/et_pb_column][\/et_pb_row][et_pb_row column_structure=\u00bb2_5,3_5&#8243; use_custom_gutter=\u00bbon\u00bb gutter_width=\u00bb1&#8243; _builder_version=\u00bb4.27.6&#8243; _module_preset=\u00bbdefault\u00bb hover_enabled=\u00bb0&#8243; global_colors_info=\u00bb{}\u00bb sticky_enabled=\u00bb0&#8243;][et_pb_column type=\u00bb2_5&#8243; _builder_version=\u00bb4.16&#8243; _module_preset=\u00bbdefault\u00bb global_colors_info=\u00bb{}\u00bb][et_pb_image src=\u00bbhttps:\/\/ferroscafe.es\/wp-content\/uploads\/2021\/03\/2.png\u00bb title_text=\u00bb2&#8243; _builder_version=\u00bb4.16&#8243; _module_preset=\u00bbdefault\u00bb width=\u00bb40%\u00bb global_colors_info=\u00bb{}\u00bb][\/et_pb_image][\/et_pb_column][et_pb_column type=\u00bb3_5&#8243; _builder_version=\u00bb4.16&#8243; _module_preset=\u00bbdefault\u00bb global_colors_info=\u00bb{}\u00bb][et_pb_text _builder_version=\u00bb4.16&#8243; _module_preset=\u00bbdefault\u00bb global_colors_info=\u00bb{}\u00bb]<\/p>\n<h1>EL \u00c1GUILA ESPECIAL SIN FILTRAR<span>\u00a0\u00a0\u00a0\u00a0\u00a0\u00a0\u00a0\u00a0\u00a0\u00a0\u00a0\u00a0 <\/span><\/h1>\n<p><strong><span style=\"color: #ffffff;\">Elaborada\u00a0\u00a0con \u00a0maltas caramelizadas,\u00a0l\u00fapulos\u00a0Perle\u00a0y\u00a0\u00a0Lemondrop\u2122. Naturalmente\u00a0turbia\u00a0por\u00a0la\u00a0presencia de \u00a0levaduras\u00a0en\u00a0suspensi\u00f3n que la dotan de gran cuerpo.<\/span><\/strong><\/p>\n<p><strong><span style=\"color: #ffffff;\">Temperatura \u00f3ptim: 2\u00b0- 4\u00b0C<br \/>Graduaci\u00f3n botella: Vol. 5,5%<\/span><\/strong><\/p>\n<p>[\/et_pb_text][\/et_pb_column][\/et_pb_row][et_pb_row column_structure=\u00bb2_5,3_5&#8243; _builder_version=\u00bb4.27.6&#8243; _module_preset=\u00bbdefault\u00bb hover_enabled=\u00bb0&#8243; global_colors_info=\u00bb{}\u00bb sticky_enabled=\u00bb0&#8243;][et_pb_column type=\u00bb2_5&#8243; _builder_version=\u00bb4.16&#8243; _module_preset=\u00bbdefault\u00bb global_colors_info=\u00bb{}\u00bb][et_pb_image src=\u00bbhttps:\/\/ferroscafe.es\/wp-content\/uploads\/2021\/03\/19.png\u00bb title_text=\u00bb19&#8243; _builder_version=\u00bb4.16&#8243; _module_preset=\u00bbdefault\u00bb width=\u00bb40%\u00bb global_colors_info=\u00bb{}\u00bb][\/et_pb_image][\/et_pb_column][et_pb_column type=\u00bb3_5&#8243; _builder_version=\u00bb4.16&#8243; _module_preset=\u00bbdefault\u00bb global_colors_info=\u00bb{}\u00bb][et_pb_text _builder_version=\u00bb4.16&#8243; _module_preset=\u00bbdefault\u00bb global_colors_info=\u00bb{}\u00bb]<\/p>\n<h1>HEINEKEN\u00ae<\/h1>\n<p><strong><span style=\"color: #ffffff;\">La cerveza Pilsen m\u00e1s distribuida en el mundo. Elaborada exclusivamente con ingredientes naturales, combina un perfil de \u00a0producto \u00a0con \u00a0cuerpo a la vez que \u00a0es ligera, suave y f\u00e1cil de beber.<\/span><\/strong><\/p>\n<p><strong><span style=\"color: #ffffff;\">Temperatura \u00f3ptima: 0\u00ba &#8211; 3\u00ba C<\/span><\/strong><br \/><strong><span style=\"color: #ffffff;\"> Graduaci\u00f3n botella: Vol. 5,0% Alc.<\/span><\/strong><\/p>\n<p>&nbsp;<\/p>\n<p>[\/et_pb_text][\/et_pb_column][\/et_pb_row][et_pb_row column_structure=\u00bb2_5,3_5&#8243; _builder_version=\u00bb4.27.6&#8243; _module_preset=\u00bbdefault\u00bb hover_enabled=\u00bb0&#8243; global_colors_info=\u00bb{}\u00bb use_custom_gutter=\u00bbon\u00bb gutter_width=\u00bb1&#8243; sticky_enabled=\u00bb0&#8243;][et_pb_column type=\u00bb2_5&#8243; _builder_version=\u00bb4.16&#8243; _module_preset=\u00bbdefault\u00bb global_colors_info=\u00bb{}\u00bb][et_pb_image src=\u00bbhttps:\/\/ferroscafe.es\/wp-content\/uploads\/2021\/03\/16.png\u00bb title_text=\u00bb16&#8243; _builder_version=\u00bb4.16&#8243; _module_preset=\u00bbdefault\u00bb width=\u00bb40%\u00bb global_colors_info=\u00bb{}\u00bb][\/et_pb_image][\/et_pb_column][et_pb_column type=\u00bb3_5&#8243; _builder_version=\u00bb4.16&#8243; _module_preset=\u00bbdefault\u00bb global_colors_info=\u00bb{}\u00bb][et_pb_text _builder_version=\u00bb4.16&#8243; _module_preset=\u00bbdefault\u00bb global_colors_info=\u00bb{}\u00bb]<\/p>\n<h1>AMSTEL\u00ae ORO<\/h1>\n<p><strong><span style=\"color: #ffffff;\">Nace \u00a0de \u00a0la \u00a0combinaci\u00f3n \u00a0\u00fanica \u00a0de \u00a0maltas tostadas en tres tiempos; secado, tostaci\u00f3n y golpe de fuego. Solo las maltas mejor tostadas aportan el aroma intenso y ligeramente caramelizado que inunda el paladar.<\/span><\/strong><\/p>\n<p><strong><span style=\"color: #ffffff;\">Temperatura \u00f3ptima: 2 &#8211; 4\u00b0 C<\/span><\/strong><br \/><strong><span style=\"color: #ffffff;\"> Graduaci\u00f3n botella: Vol. 6,2% Alc.<\/span><\/strong><\/p>\n<p>[\/et_pb_text][\/et_pb_column][\/et_pb_row][et_pb_row column_structure=\u00bb2_5,3_5&#8243; _builder_version=\u00bb4.27.6&#8243; _module_preset=\u00bbdefault\u00bb hover_enabled=\u00bb0&#8243; global_colors_info=\u00bb{}\u00bb use_custom_gutter=\u00bbon\u00bb gutter_width=\u00bb1&#8243; sticky_enabled=\u00bb0&#8243;][et_pb_column type=\u00bb2_5&#8243; _builder_version=\u00bb4.16&#8243; _module_preset=\u00bbdefault\u00bb global_colors_info=\u00bb{}\u00bb][et_pb_image src=\u00bbhttps:\/\/ferroscafe.es\/wp-content\/uploads\/2021\/03\/17.png\u00bb title_text=\u00bb17&#8243; _builder_version=\u00bb4.16&#8243; _module_preset=\u00bbdefault\u00bb width=\u00bb40%\u00bb min_height=\u00bb180px\u00bb height=\u00bb207px\u00bb custom_margin=\u00bb||-20px|||\u00bb global_colors_info=\u00bb{}\u00bb][\/et_pb_image][\/et_pb_column][et_pb_column type=\u00bb3_5&#8243; _builder_version=\u00bb4.16&#8243; _module_preset=\u00bbdefault\u00bb global_colors_info=\u00bb{}\u00bb][et_pb_text _builder_version=\u00bb4.16&#8243; _module_preset=\u00bbdefault\u00bb custom_padding=\u00bb||0px|||\u00bb global_colors_info=\u00bb{}\u00bb]<\/p>\n<h1>AMSTEL ORO 0,0<\/h1>\n<p><strong><span style=\"color: #ffffff;\">Elaborad con maltas tostadas en tres tiempos: secado, tostaci\u00f3n y golpe de fuego, que aportan el perfecto equilibrio \u00a0de matices tostados para conseguir todo el sabor e intensidad con 0,0% alcohol.<\/span><\/strong><\/p>\n<p><strong><span style=\"color: #ffffff;\">Temperatura \u00f3ptima: 2 &#8211; 4\u00baC<\/span><\/strong><br \/><strong><span style=\"color: #ffffff;\">Graduaci\u00f3n botella: Vol. 0,0% Alc.<\/span><\/strong><\/p>\n<p>[\/et_pb_text][\/et_pb_column][\/et_pb_row][et_pb_row column_structure=\u00bb2_5,3_5&#8243; _builder_version=\u00bb4.27.6&#8243; _module_preset=\u00bbdefault\u00bb hover_enabled=\u00bb0&#8243; global_colors_info=\u00bb{}\u00bb use_custom_gutter=\u00bbon\u00bb gutter_width=\u00bb1&#8243; sticky_enabled=\u00bb0&#8243;][et_pb_column type=\u00bb2_5&#8243; _builder_version=\u00bb4.16&#8243; _module_preset=\u00bbdefault\u00bb global_colors_info=\u00bb{}\u00bb][et_pb_image src=\u00bbhttps:\/\/ferroscafe.es\/wp-content\/uploads\/2021\/03\/4.png\u00bb title_text=\u00bb4&#8243; _builder_version=\u00bb4.16&#8243; _module_preset=\u00bbdefault\u00bb width=\u00bb40%\u00bb global_colors_info=\u00bb{}\u00bb][\/et_pb_image][\/et_pb_column][et_pb_column type=\u00bb3_5&#8243; _builder_version=\u00bb4.16&#8243; _module_preset=\u00bbdefault\u00bb global_colors_info=\u00bb{}\u00bb][et_pb_text _builder_version=\u00bb4.16&#8243; _module_preset=\u00bbdefault\u00bb global_colors_info=\u00bb{}\u00bb]<\/p>\n<h1>AMSTEL\u00ae RADLER<\/h1>\n<p><strong><span style=\"color: #ffffff;\">En 1922 miles de ciclistas bajaron a un pub de M\u00fanich y su due\u00f1o, para no quedarse sin \u00a0producto, mezcl\u00f3 la cerveza con zumo de lim\u00f3n, naciendo as\u00ed una nueva categor\u00eda. Elaborada con Cerveza Amstel 100% malta y zumo de lim\u00f3n natural.<\/span><\/strong><\/p>\n<p><strong><span style=\"color: #ffffff;\">Temperatura \u00f3ptima: 0 &#8211; 3\u00b0 C<\/span><\/strong><br \/><strong><span style=\"color: #ffffff;\"> Graduaci\u00f3n botella: Vol. 2,0% Alc.<\/span><\/strong><\/p>\n<p>[\/et_pb_text][\/et_pb_column][\/et_pb_row][et_pb_row column_structure=\u00bb2_5,3_5&#8243; _builder_version=\u00bb4.27.6&#8243; _module_preset=\u00bbdefault\u00bb hover_enabled=\u00bb0&#8243; global_colors_info=\u00bb{}\u00bb use_custom_gutter=\u00bbon\u00bb gutter_width=\u00bb1&#8243; sticky_enabled=\u00bb0&#8243;][et_pb_column type=\u00bb2_5&#8243; _builder_version=\u00bb4.16&#8243; _module_preset=\u00bbdefault\u00bb global_colors_info=\u00bb{}\u00bb][et_pb_image src=\u00bbhttps:\/\/ferroscafe.es\/wp-content\/uploads\/2021\/03\/10.png\u00bb title_text=\u00bb10&#8243; _builder_version=\u00bb4.16&#8243; _module_preset=\u00bbdefault\u00bb width=\u00bb40%\u00bb min_height=\u00bb134px\u00bb height=\u00bb207px\u00bb global_colors_info=\u00bb{}\u00bb][\/et_pb_image][\/et_pb_column][et_pb_column type=\u00bb3_5&#8243; _builder_version=\u00bb4.16&#8243; _module_preset=\u00bbdefault\u00bb global_colors_info=\u00bb{}\u00bb][et_pb_text _builder_version=\u00bb4.16&#8243; _module_preset=\u00bbdefault\u00bb global_colors_info=\u00bb{}\u00bb]<\/p>\n<h1>CRUZCAMPO\u00ae SIN GLUTEN<\/h1>\n<p><strong><span style=\"color: #ffffff;\">Elaborada con malta \u201cPilsen\u201d de cebada, l\u00fapulo, ma\u00edz, agua y levadura. Manteniendo su proceso de elaboraci\u00f3n, el gluten se elimina gracias a la hidr\u00f3lisis, dejando \u00a0intactas \u00a0sus propiedades.<\/span><\/strong><\/p>\n<p><strong><span style=\"color: #ffffff;\">Temperatura \u00f3ptima: 0 &#8211; 3\u00ba C<\/span><\/strong><br \/><strong><span style=\"color: #ffffff;\"> Graduaci\u00f3n botella: Vol. 4,8% Alc.<\/span><\/strong><\/p>\n<p>[\/et_pb_text][\/et_pb_column][\/et_pb_row][et_pb_row column_structure=\u00bb2_5,3_5&#8243; _builder_version=\u00bb4.27.6&#8243; _module_preset=\u00bbdefault\u00bb hover_enabled=\u00bb0&#8243; global_colors_info=\u00bb{}\u00bb use_custom_gutter=\u00bbon\u00bb gutter_width=\u00bb1&#8243; sticky_enabled=\u00bb0&#8243;][et_pb_column type=\u00bb2_5&#8243; _builder_version=\u00bb4.16&#8243; _module_preset=\u00bbdefault\u00bb global_colors_info=\u00bb{}\u00bb][et_pb_image src=\u00bbhttps:\/\/ferroscafe.es\/wp-content\/uploads\/2021\/03\/31.png\u00bb title_text=\u00bb31&#8243; _builder_version=\u00bb4.16&#8243; _module_preset=\u00bbdefault\u00bb width=\u00bb40%\u00bb global_colors_info=\u00bb{}\u00bb][\/et_pb_image][\/et_pb_column][et_pb_column type=\u00bb3_5&#8243; _builder_version=\u00bb4.16&#8243; _module_preset=\u00bbdefault\u00bb global_colors_info=\u00bb{}\u00bb][et_pb_text _builder_version=\u00bb4.16&#8243; _module_preset=\u00bbdefault\u00bb global_colors_info=\u00bb{}\u00bb]<\/p>\n<h1>PAULANER \u00a0HEFE-WEI\u00dfBIER<\/h1>\n<p><strong><span style=\"color: #ffffff;\">Originaria de M\u00fanich, donde a comienzos del siglo XII se establecieron los monjes \u00a0de \u00a0St. Paulis. Elaborada \u00a0con malta de trigo, es naturalmente turbia por la presencia de levadura. De fermentaci\u00f3n alta, su sabor es afrutado y natural.<\/span><\/strong><\/p>\n<p><strong><span style=\"color: #ffffff;\">Temperatura \u00f3ptima: 2 &#8211; 4\u00b0 C<\/span><\/strong><br \/><strong><span style=\"color: #ffffff;\"> Graduaci\u00f3n botella: Vol. 5,3% Alc.<\/span><\/strong><\/p>\n<p>[\/et_pb_text][\/et_pb_column][\/et_pb_row][\/et_pb_section]<\/p>\n","protected":false},"excerpt":{"rendered":"<p>Cervezas\u00a0EL \u00c1GUILA ESPECIAL\u00a0\u00a0\u00a0\u00a0\u00a0\u00a0\u00a0\u00a0\u00a0\u00a0\u00a0\u00a0\u00a0\u00a0\u00a0\u00a0\u00a0\u00a0\u00a0\u00a0 Descubre\u00a0la intensidad\u00a0de\u00a0las maltas\u00a0caramelizadas\u00a0junto\u00a0con la frescura de su mezcla de l\u00fapulos Perle y Lemondrop\u2122. Temperatura \u00f3ptima: 2\u00b0- 4\u00b0CGraduaci\u00f3n botella: Vol. 5,5% Alc.EL \u00c1GUILA ESPECIAL SIN FILTRAR\u00a0\u00a0\u00a0\u00a0\u00a0\u00a0\u00a0\u00a0\u00a0\u00a0\u00a0\u00a0 Elaborada\u00a0\u00a0con \u00a0maltas caramelizadas,\u00a0l\u00fapulos\u00a0Perle\u00a0y\u00a0\u00a0Lemondrop\u2122. Naturalmente\u00a0turbia\u00a0por\u00a0la\u00a0presencia de \u00a0levaduras\u00a0en\u00a0suspensi\u00f3n que la dotan de gran cuerpo. Temperatura \u00f3ptim: 2\u00b0- 4\u00b0CGraduaci\u00f3n botella: Vol. 5,5%HEINEKEN\u00ae La cerveza Pilsen m\u00e1s distribuida en el mundo. [&hellip;]<\/p>\n","protected":false},"author":7,"featured_media":0,"parent":0,"menu_order":0,"comment_status":"closed","ping_status":"closed","template":"","meta":{"_et_pb_use_builder":"on","_et_pb_old_content":"<!-- wp:divi\/placeholder \/-->","_et_gb_content_width":"","footnotes":""},"class_list":["post-1050","page","type-page","status-publish","hentry"],"yoast_head":"<!-- This site is optimized with the Yoast SEO plugin v28.4 - https:\/\/yoast.com\/product\/yoast-seo-wordpress\/ -->\n<title>Cervezas - Ferros Caf\u00e9<\/title>\n<meta name=\"robots\" content=\"index, follow, max-snippet:-1, max-image-preview:large, max-video-preview:-1\" \/>\n<link rel=\"canonical\" href=\"https:\/\/ferroscafe.es\/en\/cervezas\/\" \/>\n<meta property=\"og:locale\" content=\"en_US\" \/>\n<meta property=\"og:type\" content=\"article\" \/>\n<meta property=\"og:title\" content=\"Cervezas - Ferros Caf\u00e9\" \/>\n<meta property=\"og:description\" content=\"Cervezas\u00a0EL \u00c1GUILA ESPECIAL\u00a0\u00a0\u00a0\u00a0\u00a0\u00a0\u00a0\u00a0\u00a0\u00a0\u00a0\u00a0\u00a0\u00a0\u00a0\u00a0\u00a0\u00a0\u00a0\u00a0 Descubre\u00a0la intensidad\u00a0de\u00a0las maltas\u00a0caramelizadas\u00a0junto\u00a0con la frescura de su mezcla de l\u00fapulos Perle y Lemondrop\u2122. Temperatura \u00f3ptima: 2\u00b0- 4\u00b0CGraduaci\u00f3n botella: Vol. 5,5% Alc.EL \u00c1GUILA ESPECIAL SIN FILTRAR\u00a0\u00a0\u00a0\u00a0\u00a0\u00a0\u00a0\u00a0\u00a0\u00a0\u00a0\u00a0 Elaborada\u00a0\u00a0con \u00a0maltas caramelizadas,\u00a0l\u00fapulos\u00a0Perle\u00a0y\u00a0\u00a0Lemondrop\u2122. Naturalmente\u00a0turbia\u00a0por\u00a0la\u00a0presencia de \u00a0levaduras\u00a0en\u00a0suspensi\u00f3n que la dotan de gran cuerpo. Temperatura \u00f3ptim: 2\u00b0- 4\u00b0CGraduaci\u00f3n botella: Vol. 5,5%HEINEKEN\u00ae La cerveza Pilsen m\u00e1s distribuida en el mundo. [&hellip;]\" \/>\n<meta property=\"og:url\" content=\"https:\/\/ferroscafe.es\/en\/cervezas\/\" \/>\n<meta property=\"og:site_name\" content=\"Ferros Caf\u00e9\" \/>\n<meta property=\"article:modified_time\" content=\"2026-06-16T09:30:01+00:00\" \/>\n<meta name=\"twitter:card\" content=\"summary_large_image\" \/>\n<meta name=\"twitter:label1\" content=\"Est. reading time\" \/>\n\t<meta name=\"twitter:data1\" content=\"6 minutes\" \/>\n<script type=\"application\/ld+json\" class=\"yoast-schema-graph\">{\"@context\":\"https:\\\/\\\/schema.org\",\"@graph\":[{\"@type\":\"WebPage\",\"@id\":\"https:\\\/\\\/ferroscafe.es\\\/en\\\/cervezas\\\/\",\"url\":\"https:\\\/\\\/ferroscafe.es\\\/en\\\/cervezas\\\/\",\"name\":\"Cervezas - Ferros Caf\u00e9\",\"isPartOf\":{\"@id\":\"https:\\\/\\\/ferroscafe.es\\\/#website\"},\"datePublished\":\"2020-12-04T09:48:28+00:00\",\"dateModified\":\"2026-06-16T09:30:01+00:00\",\"breadcrumb\":{\"@id\":\"https:\\\/\\\/ferroscafe.es\\\/en\\\/cervezas\\\/#breadcrumb\"},\"inLanguage\":\"en-US\",\"potentialAction\":[{\"@type\":\"ReadAction\",\"target\":[\"https:\\\/\\\/ferroscafe.es\\\/en\\\/cervezas\\\/\"]}]},{\"@type\":\"BreadcrumbList\",\"@id\":\"https:\\\/\\\/ferroscafe.es\\\/en\\\/cervezas\\\/#breadcrumb\",\"itemListElement\":[{\"@type\":\"ListItem\",\"position\":1,\"name\":\"Portada\",\"item\":\"https:\\\/\\\/ferroscafe.es\\\/\"},{\"@type\":\"ListItem\",\"position\":2,\"name\":\"Cervezas\"}]},{\"@type\":\"WebSite\",\"@id\":\"https:\\\/\\\/ferroscafe.es\\\/#website\",\"url\":\"https:\\\/\\\/ferroscafe.es\\\/\",\"name\":\"Ferros Caf\u00e9\",\"description\":\"Cocina de mercado en Chamber\u00ed, Madrid\",\"potentialAction\":[{\"@type\":\"SearchAction\",\"target\":{\"@type\":\"EntryPoint\",\"urlTemplate\":\"https:\\\/\\\/ferroscafe.es\\\/?s={search_term_string}\"},\"query-input\":{\"@type\":\"PropertyValueSpecification\",\"valueRequired\":true,\"valueName\":\"search_term_string\"}}],\"inLanguage\":\"en-US\"}]}<\/script>\n<!-- \/ Yoast SEO plugin. -->","yoast_head_json":{"title":"Cervezas - Ferros Caf\u00e9","robots":{"index":"index","follow":"follow","max-snippet":"max-snippet:-1","max-image-preview":"max-image-preview:large","max-video-preview":"max-video-preview:-1"},"canonical":"https:\/\/ferroscafe.es\/en\/cervezas\/","og_locale":"en_US","og_type":"article","og_title":"Cervezas - Ferros Caf\u00e9","og_description":"Cervezas\u00a0EL \u00c1GUILA ESPECIAL\u00a0\u00a0\u00a0\u00a0\u00a0\u00a0\u00a0\u00a0\u00a0\u00a0\u00a0\u00a0\u00a0\u00a0\u00a0\u00a0\u00a0\u00a0\u00a0\u00a0 Descubre\u00a0la intensidad\u00a0de\u00a0las maltas\u00a0caramelizadas\u00a0junto\u00a0con la frescura de su mezcla de l\u00fapulos Perle y Lemondrop\u2122. Temperatura \u00f3ptima: 2\u00b0- 4\u00b0CGraduaci\u00f3n botella: Vol. 5,5% Alc.EL \u00c1GUILA ESPECIAL SIN FILTRAR\u00a0\u00a0\u00a0\u00a0\u00a0\u00a0\u00a0\u00a0\u00a0\u00a0\u00a0\u00a0 Elaborada\u00a0\u00a0con \u00a0maltas caramelizadas,\u00a0l\u00fapulos\u00a0Perle\u00a0y\u00a0\u00a0Lemondrop\u2122. Naturalmente\u00a0turbia\u00a0por\u00a0la\u00a0presencia de \u00a0levaduras\u00a0en\u00a0suspensi\u00f3n que la dotan de gran cuerpo. Temperatura \u00f3ptim: 2\u00b0- 4\u00b0CGraduaci\u00f3n botella: Vol. 5,5%HEINEKEN\u00ae La cerveza Pilsen m\u00e1s distribuida en el mundo. [&hellip;]","og_url":"https:\/\/ferroscafe.es\/en\/cervezas\/","og_site_name":"Ferros Caf\u00e9","article_modified_time":"2026-06-16T09:30:01+00:00","twitter_card":"summary_large_image","twitter_misc":{"Est. reading time":"6 minutes"},"schema":{"@context":"https:\/\/schema.org","@graph":[{"@type":"WebPage","@id":"https:\/\/ferroscafe.es\/en\/cervezas\/","url":"https:\/\/ferroscafe.es\/en\/cervezas\/","name":"Cervezas - Ferros Caf\u00e9","isPartOf":{"@id":"https:\/\/ferroscafe.es\/#website"},"datePublished":"2020-12-04T09:48:28+00:00","dateModified":"2026-06-16T09:30:01+00:00","breadcrumb":{"@id":"https:\/\/ferroscafe.es\/en\/cervezas\/#breadcrumb"},"inLanguage":"en-US","potentialAction":[{"@type":"ReadAction","target":["https:\/\/ferroscafe.es\/en\/cervezas\/"]}]},{"@type":"BreadcrumbList","@id":"https:\/\/ferroscafe.es\/en\/cervezas\/#breadcrumb","itemListElement":[{"@type":"ListItem","position":1,"name":"Portada","item":"https:\/\/ferroscafe.es\/"},{"@type":"ListItem","position":2,"name":"Cervezas"}]},{"@type":"WebSite","@id":"https:\/\/ferroscafe.es\/#website","url":"https:\/\/ferroscafe.es\/","name":"Ferros Caf\u00e9","description":"Cocina de mercado en Chamber\u00ed, Madrid","potentialAction":[{"@type":"SearchAction","target":{"@type":"EntryPoint","urlTemplate":"https:\/\/ferroscafe.es\/?s={search_term_string}"},"query-input":{"@type":"PropertyValueSpecification","valueRequired":true,"valueName":"search_term_string"}}],"inLanguage":"en-US"}]}},"_links":{"self":[{"href":"https:\/\/ferroscafe.es\/en\/wp-json\/wp\/v2\/pages\/1050","targetHints":{"allow":["GET"]}}],"collection":[{"href":"https:\/\/ferroscafe.es\/en\/wp-json\/wp\/v2\/pages"}],"about":[{"href":"https:\/\/ferroscafe.es\/en\/wp-json\/wp\/v2\/types\/page"}],"author":[{"embeddable":true,"href":"https:\/\/ferroscafe.es\/en\/wp-json\/wp\/v2\/users\/7"}],"replies":[{"embeddable":true,"href":"https:\/\/ferroscafe.es\/en\/wp-json\/wp\/v2\/comments?post=1050"}],"version-history":[{"count":5,"href":"https:\/\/ferroscafe.es\/en\/wp-json\/wp\/v2\/pages\/1050\/revisions"}],"predecessor-version":[{"id":6141,"href":"https:\/\/ferroscafe.es\/en\/wp-json\/wp\/v2\/pages\/1050\/revisions\/6141"}],"wp:attachment":[{"href":"https:\/\/ferroscafe.es\/en\/wp-json\/wp\/v2\/media?parent=1050"}],"curies":[{"name":"wp","href":"https:\/\/api.w.org\/{rel}","templated":true}]}}