{"id":145,"date":"2020-07-18T11:01:49","date_gmt":"2020-07-18T11:01:49","guid":{"rendered":"https:\/\/ferros.ferroscafe.es\/?page_id=145"},"modified":"2023-07-28T12:05:22","modified_gmt":"2023-07-28T10:05:22","slug":"restaurantes","status":"publish","type":"page","link":"https:\/\/ferroscafe.es\/en\/restaurantes\/","title":{"rendered":"Restaurants"},"content":{"rendered":"<p>[et_pb_section fb_built=\u00bb1&#8243; _builder_version=\u00bb4.16&#8243; background_color=\u00bbrgba(0,0,0,0.65)\u00bb background_image=\u00bbhttps:\/\/ferroscafe.es\/wp-content\/uploads\/2020\/07\/gral-rodrigo-04.jpg\u00bb background_blend=\u00bbmultiply\u00bb custom_padding=\u00bb7%||7%||true|false\u00bb global_colors_info=\u00bb{}\u00bb][et_pb_row _builder_version=\u00bb4.16&#8243; global_colors_info=\u00bb{}\u00bb][et_pb_column type=\u00bb4_4&#8243; _builder_version=\u00bb4.16&#8243; global_colors_info=\u00bb{}\u00bb][et_pb_text _builder_version=\u00bb4.16&#8243; text_font=\u00bbNexa Bold||||||||\u00bb text_text_color=\u00bb#ffffff\u00bb text_font_size=\u00bb80px\u00bb text_line_height=\u00bb1em\u00bb text_orientation=\u00bbcenter\u00bb text_font_size_tablet=\u00bb\u00bb text_font_size_phone=\u00bb40px\u00bb text_font_size_last_edited=\u00bbon|phone\u00bb global_colors_info=\u00bb{}\u00bb]<\/p>\n<p>Grupo Ferro&#8217;s<\/p>\n<p>[\/et_pb_text][\/et_pb_column][\/et_pb_row][\/et_pb_section][et_pb_section fb_built=\u00bb1&#8243; _builder_version=\u00bb4.16&#8243; global_colors_info=\u00bb{}\u00bb][et_pb_row _builder_version=\u00bb4.16&#8243; global_colors_info=\u00bb{}\u00bb][et_pb_column type=\u00bb4_4&#8243; _builder_version=\u00bb4.16&#8243; global_colors_info=\u00bb{}\u00bb][et_pb_text _builder_version=\u00bb4.16&#8243; text_font=\u00bbnexa-light||||||||\u00bb text_text_color=\u00bb#2b2b2b\u00bb text_font_size=\u00bb16px\u00bb text_letter_spacing=\u00bb1px\u00bb text_line_height=\u00bb1.6em\u00bb header_font=\u00bbNexa Bold||||||||\u00bb header_text_color=\u00bb#bd9c69&#8243; header_font_size=\u00bb50px\u00bb header_2_font=\u00bbArimo|700|||||||\u00bb header_2_text_color=\u00bb#2b2b2b\u00bb header_2_line_height=\u00bb2.5em\u00bb custom_margin=\u00bb||0px||false|false\u00bb animation_style=\u00bbflip\u00bb header_font_size_tablet=\u00bb\u00bb header_font_size_phone=\u00bb35px\u00bb header_font_size_last_edited=\u00bbon|phone\u00bb global_colors_info=\u00bb{}\u00bb]<\/p>\n<h1><strong>Con\u00f3cenos<\/strong><\/h1>\n<p><strong><span>N<\/span><\/strong>uestro Grupo de restaurantes Ferros nace en 1987 en el seno de una familia hostelera con obsesi\u00f3n por ofrecer la m\u00e1xima calidad y el mejor servicio. La clave de nuestro \u00e9xito est\u00e1 en nuestro af\u00e1n por innovar y mejorar cada d\u00eda, en adaptarnos al gusto de nuestros clientes cada d\u00eda m\u00e1s exigentes y en cuidar al detalle tres pilares fundamentales: la atenci\u00f3n, la comida y la comodidad en cada uno de nuestros restaurantes. Estamos orgullosos de contar con un excelente equipo de profesionales con a\u00f1os de experiencia que ofrecen un trato exquisito a nuestros clientes, haci\u00e9ndoles sentir como en casa.<\/p>\n<p><span><strong>T<\/strong>e ofrecemos una cocina de mercado, econ\u00f3mica, casera y tradicional con platos de elaboraci\u00f3n sencilla al m\u00e1s puro estilo mediterr\u00e1neo. En nuestra carta encontrar\u00e1s una amplia oferta gastron\u00f3mica al gusto de los paladares m\u00e1s exigentes, con platos reci\u00e9n elaborados en nuestras propias cocinas siempre abiertas de 07:00 a 0:00, con los que podr\u00e1s deleitarte a cualquier hora del d\u00eda. En nuestros restaurantes encontrar\u00e1s una ambiente acogedor, tranquilo y familiar, perfecto para cualquier encuentro, reuni\u00f3n o evento. Te esperamos en pleno centro de Chamber\u00ed, el barrio m\u00e1s castizo y elegante de Madrid.<\/span><\/p>\n<p>[\/et_pb_text][\/et_pb_column][\/et_pb_row][\/et_pb_section][et_pb_section fb_built=\u00bb1&#8243; custom_padding_last_edited=\u00bbon|phone\u00bb _builder_version=\u00bb4.16&#8243; custom_padding=\u00bb||8%||false|false\u00bb custom_padding_tablet=\u00bb\u00bb custom_padding_phone=\u00bb||16%||false|false\u00bb bottom_divider_color=\u00bb#bd9c69&#8243; bottom_divider_flip=\u00bbvertical\u00bb global_colors_info=\u00bb{}\u00bb][et_pb_row _builder_version=\u00bb4.16&#8243; width=\u00bb100%\u00bb max_width=\u00bb100%\u00bb custom_padding=\u00bb|7%||7%|false|true\u00bb global_colors_info=\u00bb{}\u00bb][et_pb_column type=\u00bb4_4&#8243; _builder_version=\u00bb4.16&#8243; global_colors_info=\u00bb{}\u00bb][et_pb_text _builder_version=\u00bb4.18.0&#8243; text_font=\u00bb||||||||\u00bb text_text_color=\u00bb#2b2b2b\u00bb text_font_size=\u00bb16px\u00bb text_letter_spacing=\u00bb1px\u00bb text_line_height=\u00bb1.6em\u00bb header_font=\u00bbNexa Bold||||||||\u00bb header_text_align=\u00bbcenter\u00bb header_text_color=\u00bb#2b2b2b\u00bb header_font_size=\u00bb60px\u00bb header_2_font=\u00bbArimo|700|||||||\u00bb header_2_text_color=\u00bb#2b2b2b\u00bb header_2_line_height=\u00bb2.5em\u00bb custom_margin=\u00bb||0px||false|false\u00bb animation_style=\u00bbflip\u00bb header_font_size_tablet=\u00bb60px\u00bb header_font_size_phone=\u00bb40px\u00bb header_font_size_last_edited=\u00bbon|phone\u00bb global_colors_info=\u00bb{}\u00bb]<\/p>\n<h1>Nuestros restaurantes<\/h1>\n<p style=\"text-align: center;\"><span>Horario de cocina ininterrumpido desde las 07.00 h hasta las 00.00 h de Lunes a Domingo<\/span><\/p>\n<h2><span><\/span><\/h2>\n<p>[\/et_pb_text][\/et_pb_column][\/et_pb_row][et_pb_row column_structure=\u00bb3_5,2_5&#8243; _builder_version=\u00bb4.18.0&#8243; width=\u00bb100%\u00bb max_width=\u00bb100%\u00bb custom_padding=\u00bb|7%||7%|false|true\u00bb global_colors_info=\u00bb{}\u00bb][et_pb_column type=\u00bb3_5&#8243; _builder_version=\u00bb4.16&#8243; global_colors_info=\u00bb{}\u00bb][et_pb_text _builder_version=\u00bb4.18.0&#8243; text_font=\u00bbnexa-light||||||||\u00bb text_text_color=\u00bb#2b2b2b\u00bb text_font_size=\u00bb16px\u00bb text_letter_spacing=\u00bb1px\u00bb text_line_height=\u00bb1.6em\u00bb header_font=\u00bbNexa Bold||||||||\u00bb header_text_color=\u00bb#bd9c69&#8243; header_font_size=\u00bb35px\u00bb header_2_font=\u00bbnexa-light|700|||||||\u00bb header_2_text_color=\u00bb#2b2b2b\u00bb header_2_line_height=\u00bb2.5em\u00bb custom_margin=\u00bb||0px||false|false\u00bb animation_style=\u00bbflip\u00bb header_font_size_tablet=\u00bb\u00bb header_font_size_phone=\u00bb\u00bb header_font_size_last_edited=\u00bbon|phone\u00bb header_2_font_size_tablet=\u00bb\u00bb header_2_font_size_phone=\u00bb20px\u00bb header_2_font_size_last_edited=\u00bbon|phone\u00bb global_colors_info=\u00bb{}\u00bb]<\/p>\n<h1>Ferros Maestro \u00c1ngel Llorca<\/h1>\n<p>En pleno centro de Chamber\u00ed, la zona m\u00e1s elegante y castiza de Madrid, puedes disfrutar de nuestra amplia oferta gastron\u00f3mica en un ambiente acogedor y familiar.<\/p>\n<p>Desde sus comienzos en 1987, el restaurante Ferro\u2019s combina la calidad de una cocina tradicional y casera con un trato exquisito. Dispone de dos plantas con un estilo completamente renovado con mucho encanto.<\/p>\n<h2><span>Ven a conocernos, \u00a1no esperes m\u00e1s!<\/span><\/h2>\n<p>[\/et_pb_text][et_pb_blurb title=\u00bbCalle del Maestro \u00c1ngel Llorca 9, 28003 Madrid\u00bb url=\u00bbhttps:\/\/www.google.com\/maps\/place\/Ferros+Caf%C3%A9+Maestro+%C3%81ngel+Llorca\/@40.4435391,-3.7142556,15z\/data=!4m2!3m1!1s0x0:0x736add8cfaf51de3?sa=X&#038;ved=2ahUKEwjX9LnloY7qAhWvCWMBHQs8BEsQ_BIwCnoECBYQCA\u00bb use_icon=\u00bbon\u00bb font_icon=\u00bb&#xe082;||divi||400&#8243; icon_color=\u00bb#bd9c69&#8243; icon_placement=\u00bbleft\u00bb _builder_version=\u00bb4.18.0&#8243; header_font=\u00bbNexa Bold|700|||||||\u00bb header_line_height=\u00bb1.8em\u00bb custom_margin=\u00bb0px|||-28%|false|false\u00bb custom_margin_tablet=\u00bb\u00bb custom_margin_phone=\u00bb0px|||0%|false|false\u00bb custom_margin_last_edited=\u00bbon|phone\u00bb link_option_url=\u00bbhttps:\/\/www.google.com\/maps\/place\/Ferros+Caf%C3%A9+San+Francisco+de+Sales\/@40.44011,-3.716684,15z\/data=!4m2!3m1!1s0x0:0xca022b30674a67f7?sa=X&#038;ved=2ahUKEwjDl-7tk47qAhWaAmMBHe2UAE8Q_BIwCnoECBkQCA\u00bb global_colors_info=\u00bb{}\u00bb][\/et_pb_blurb][et_pb_blurb title=\u00bb915541470&#8243; url=\u00bbhttps:\/\/www.google.com\/maps\/place\/Ferros+Caf%C3%A9+Maestro+%C3%81ngel+Llorca\/@40.4435391,-3.7142556,15z\/data=!4m2!3m1!1s0x0:0x736add8cfaf51de3?sa=X&#038;ved=2ahUKEwjX9LnloY7qAhWvCWMBHQs8BEsQ_BIwCnoECBYQCA\u00bb use_icon=\u00bbon\u00bb font_icon=\u00bb&#xe090;||divi||400&#8243; icon_color=\u00bb#bd9c69&#8243; icon_placement=\u00bbleft\u00bb _builder_version=\u00bb4.18.0&#8243; header_font=\u00bbNexa Bold|700|||||||\u00bb header_line_height=\u00bb1.8em\u00bb custom_margin=\u00bb0px|||-28%|false|false\u00bb custom_margin_tablet=\u00bb\u00bb custom_margin_phone=\u00bb0px|||0%|false|false\u00bb custom_margin_last_edited=\u00bbon|phone\u00bb link_option_url=\u00bbhttps:\/\/www.google.com\/maps\/place\/Ferros+Caf%C3%A9+San+Francisco+de+Sales\/@40.44011,-3.716684,15z\/data=!4m2!3m1!1s0x0:0xca022b30674a67f7?sa=X&#038;ved=2ahUKEwjDl-7tk47qAhWaAmMBHe2UAE8Q_BIwCnoECBkQCA\u00bb global_colors_info=\u00bb{}\u00bb][\/et_pb_blurb][\/et_pb_column][et_pb_column type=\u00bb2_5&#8243; _builder_version=\u00bb4.16&#8243; global_colors_info=\u00bb{}\u00bb][et_pb_gallery gallery_ids=\u00bb5589,90,88,89,91,92&#8243; fullwidth=\u00bbon\u00bb _builder_version=\u00bb4.21.0&#8243; animation_style=\u00bbfade\u00bb auto=\u00bbon\u00bb hover_enabled=\u00bb0&#8243; box_shadow_style=\u00bbpreset1&#8243; global_colors_info=\u00bb{}\u00bb sticky_enabled=\u00bb0&#8243;][\/et_pb_gallery][\/et_pb_column][\/et_pb_row][et_pb_row column_structure=\u00bb3_5,2_5&#8243; _builder_version=\u00bb4.18.0&#8243; width=\u00bb100%\u00bb max_width=\u00bb100%\u00bb custom_padding=\u00bb|7%||7%|false|true\u00bb global_colors_info=\u00bb{}\u00bb][et_pb_column type=\u00bb3_5&#8243; _builder_version=\u00bb4.16&#8243; global_colors_info=\u00bb{}\u00bb][et_pb_text _builder_version=\u00bb4.18.0&#8243; text_font=\u00bbnexa-light||||||||\u00bb text_text_color=\u00bb#2b2b2b\u00bb text_font_size=\u00bb16px\u00bb text_letter_spacing=\u00bb1px\u00bb text_line_height=\u00bb1.6em\u00bb header_font=\u00bbNexa Bold||||||||\u00bb header_text_color=\u00bb#bd9c69&#8243; header_font_size=\u00bb35px\u00bb header_2_font=\u00bbnexa-light|700|||||||\u00bb header_2_text_color=\u00bb#2b2b2b\u00bb header_2_line_height=\u00bb2.5em\u00bb custom_margin=\u00bb||0px||false|false\u00bb animation_style=\u00bbflip\u00bb header_font_size_tablet=\u00bb\u00bb header_font_size_phone=\u00bb\u00bb header_font_size_last_edited=\u00bbon|phone\u00bb header_2_font_size_tablet=\u00bb\u00bb header_2_font_size_phone=\u00bb20px\u00bb header_2_font_size_last_edited=\u00bbon|phone\u00bb global_colors_info=\u00bb{}\u00bb]<\/p>\n<h1>Ferros San Francisco de Sales<\/h1>\n<p>En el c\u00e9ntrico barrio madrile\u00f1o de Vallehermoso, encontrar\u00e1s el rinc\u00f3n perfecto donde degustar a cualquier hora del d\u00eda de platos caseros de elaboraci\u00f3n propia dentro de una amplia carta adaptada al gusto de los paladares m\u00e1s exigentes.<\/p>\n<p>Elige una zona: cafeter\u00eda, sal\u00f3n comedor o terraza y disfruta de un ambiente agradable, un servicio excelente y un cocina de calidad.<\/p>\n<h2>Ven a descubrirlo t\u00fa mismo, \u00a1repetir\u00e1s seguro!<\/h2>\n<p>[\/et_pb_text][et_pb_blurb title=\u00bbPaseo de San Francisco de Sales 7, 28003 Madrid\u00bb url=\u00bbhttps:\/\/www.google.com\/maps\/place\/Ferros+Caf%C3%A9+San+Francisco+de+Sales\/@40.44011,-3.716684,15z\/data=!4m2!3m1!1s0x0:0xca022b30674a67f7?sa=X&#038;ved=2ahUKEwjDl-7tk47qAhWaAmMBHe2UAE8Q_BIwCnoECBkQCA\u00bb use_icon=\u00bbon\u00bb font_icon=\u00bb&#xe082;||divi||400&#8243; icon_color=\u00bb#bd9c69&#8243; icon_placement=\u00bbleft\u00bb _builder_version=\u00bb4.18.0&#8243; header_font=\u00bbNexa Bold|700|||||||\u00bb header_line_height=\u00bb1.8em\u00bb custom_margin=\u00bb0px|||-28%|false|false\u00bb custom_margin_tablet=\u00bb\u00bb custom_margin_phone=\u00bb0px|||0%|false|false\u00bb custom_margin_last_edited=\u00bbon|phone\u00bb link_option_url=\u00bbhttps:\/\/www.google.com\/maps\/place\/Ferros+Caf%C3%A9+San+Francisco+de+Sales\/@40.44011,-3.716684,15z\/data=!4m2!3m1!1s0x0:0xca022b30674a67f7?sa=X&#038;ved=2ahUKEwjDl-7tk47qAhWaAmMBHe2UAE8Q_BIwCnoECBkQCA\u00bb global_colors_info=\u00bb{}\u00bb][\/et_pb_blurb][et_pb_blurb title=\u00bb915440431&#8243; url=\u00bbhttps:\/\/www.google.com\/maps\/place\/Ferros+Caf%C3%A9+San+Francisco+de+Sales\/@40.44011,-3.716684,15z\/data=!4m2!3m1!1s0x0:0xca022b30674a67f7?sa=X&#038;ved=2ahUKEwjDl-7tk47qAhWaAmMBHe2UAE8Q_BIwCnoECBkQCA\u00bb use_icon=\u00bbon\u00bb font_icon=\u00bb&#xf879;||fa||900&#8243; icon_color=\u00bb#bd9c69&#8243; icon_placement=\u00bbleft\u00bb _builder_version=\u00bb4.18.0&#8243; header_font=\u00bbNexa Bold|700|||||||\u00bb header_line_height=\u00bb1.8em\u00bb custom_margin=\u00bb0px|||-28%|false|false\u00bb custom_margin_tablet=\u00bb\u00bb custom_margin_phone=\u00bb0px|||0%|false|false\u00bb custom_margin_last_edited=\u00bbon|phone\u00bb link_option_url=\u00bbhttps:\/\/www.google.com\/maps\/place\/Ferros+Caf%C3%A9+San+Francisco+de+Sales\/@40.44011,-3.716684,15z\/data=!4m2!3m1!1s0x0:0xca022b30674a67f7?sa=X&#038;ved=2ahUKEwjDl-7tk47qAhWaAmMBHe2UAE8Q_BIwCnoECBkQCA\u00bb global_colors_info=\u00bb{}\u00bb][\/et_pb_blurb][\/et_pb_column][et_pb_column type=\u00bb2_5&#8243; _builder_version=\u00bb4.16&#8243; global_colors_info=\u00bb{}\u00bb][et_pb_gallery gallery_ids=\u00bb5593,131,132,134,5594&#8243; fullwidth=\u00bbon\u00bb _builder_version=\u00bb4.21.0&#8243; animation_style=\u00bbfade\u00bb auto=\u00bbon\u00bb hover_enabled=\u00bb0&#8243; box_shadow_style=\u00bbpreset1&#8243; global_colors_info=\u00bb{}\u00bb sticky_enabled=\u00bb0&#8243;][\/et_pb_gallery][\/et_pb_column][\/et_pb_row][et_pb_row column_structure=\u00bb3_5,2_5&#8243; _builder_version=\u00bb4.18.0&#8243; width=\u00bb100%\u00bb max_width=\u00bb100%\u00bb custom_padding=\u00bb|7%||7%|false|true\u00bb global_colors_info=\u00bb{}\u00bb][et_pb_column type=\u00bb3_5&#8243; _builder_version=\u00bb4.16&#8243; global_colors_info=\u00bb{}\u00bb][et_pb_text _builder_version=\u00bb4.18.0&#8243; text_font=\u00bbnexa-light||||||||\u00bb text_text_color=\u00bb#2b2b2b\u00bb text_font_size=\u00bb16px\u00bb text_letter_spacing=\u00bb1px\u00bb text_line_height=\u00bb1.6em\u00bb header_font=\u00bbNexa Bold||||||||\u00bb header_text_color=\u00bb#bd9c69&#8243; header_font_size=\u00bb35px\u00bb header_2_font=\u00bbnexa-light|700|||||||\u00bb header_2_text_color=\u00bb#2b2b2b\u00bb header_2_line_height=\u00bb2.5em\u00bb custom_margin=\u00bb||0px||false|false\u00bb animation_style=\u00bbflip\u00bb header_font_size_tablet=\u00bb\u00bb header_font_size_phone=\u00bb\u00bb header_font_size_last_edited=\u00bbon|phone\u00bb header_2_font_size_tablet=\u00bb\u00bb header_2_font_size_phone=\u00bb20px\u00bb header_2_font_size_last_edited=\u00bbon|phone\u00bb global_colors_info=\u00bb{}\u00bb]<\/p>\n<h1>Ferros Bravo Murillo<\/h1>\n<p>&nbsp;<\/p>\n<h2>Ven a descubrirlo t\u00fa mismo, \u00a1te esperamos!<\/h2>\n<p>[\/et_pb_text][et_pb_blurb title=\u00bbCalle Bravo Murillo 77, 28003 Madrid\u00bb url=\u00bbhttps:\/\/www.google.com\/maps\/place\/Ferros+Caf%C3%A9+San+Francisco+de+Sales\/@40.44011,-3.716684,15z\/data=!4m2!3m1!1s0x0:0xca022b30674a67f7?sa=X&#038;ved=2ahUKEwjDl-7tk47qAhWaAmMBHe2UAE8Q_BIwCnoECBkQCA\u00bb use_icon=\u00bbon\u00bb font_icon=\u00bb&#xe082;||divi||400&#8243; icon_color=\u00bb#bd9c69&#8243; icon_placement=\u00bbleft\u00bb _builder_version=\u00bb4.18.0&#8243; header_font=\u00bbNexa Bold|700|||||||\u00bb header_line_height=\u00bb1.8em\u00bb custom_margin=\u00bb0px|||-28%|false|false\u00bb custom_margin_tablet=\u00bb\u00bb custom_margin_phone=\u00bb0px|||0%|false|false\u00bb custom_margin_last_edited=\u00bbon|phone\u00bb link_option_url=\u00bbhttps:\/\/www.google.com\/maps\/place\/Ferros+Caf%C3%A9+San+Francisco+de+Sales\/@40.44011,-3.716684,15z\/data=!4m2!3m1!1s0x0:0xca022b30674a67f7?sa=X&#038;ved=2ahUKEwjDl-7tk47qAhWaAmMBHe2UAE8Q_BIwCnoECBkQCA\u00bb global_colors_info=\u00bb{}\u00bb][\/et_pb_blurb][et_pb_blurb title=\u00bb910397204&#8243; url=\u00bbhttps:\/\/www.google.com\/maps\/place\/Ferros+Caf%C3%A9+San+Francisco+de+Sales\/@40.44011,-3.716684,15z\/data=!4m2!3m1!1s0x0:0xca022b30674a67f7?sa=X&#038;ved=2ahUKEwjDl-7tk47qAhWaAmMBHe2UAE8Q_BIwCnoECBkQCA\u00bb use_icon=\u00bbon\u00bb font_icon=\u00bb&#xf879;||fa||900&#8243; icon_color=\u00bb#bd9c69&#8243; icon_placement=\u00bbleft\u00bb _builder_version=\u00bb4.18.0&#8243; header_font=\u00bbNexa Bold|700|||||||\u00bb header_line_height=\u00bb1.8em\u00bb custom_margin=\u00bb0px|||-28%|false|false\u00bb custom_margin_tablet=\u00bb\u00bb custom_margin_phone=\u00bb0px|||0%|false|false\u00bb custom_margin_last_edited=\u00bbon|phone\u00bb link_option_url=\u00bbhttps:\/\/www.google.com\/maps\/place\/Ferros+Caf%C3%A9+San+Francisco+de+Sales\/@40.44011,-3.716684,15z\/data=!4m2!3m1!1s0x0:0xca022b30674a67f7?sa=X&#038;ved=2ahUKEwjDl-7tk47qAhWaAmMBHe2UAE8Q_BIwCnoECBkQCA\u00bb global_colors_info=\u00bb{}\u00bb][\/et_pb_blurb][\/et_pb_column][et_pb_column type=\u00bb2_5&#8243; _builder_version=\u00bb4.16&#8243; global_colors_info=\u00bb{}\u00bb][et_pb_gallery gallery_ids=\u00bb5590,5591,4096,3952&#8243; fullwidth=\u00bbon\u00bb _builder_version=\u00bb4.21.0&#8243; animation_style=\u00bbfade\u00bb auto=\u00bbon\u00bb hover_enabled=\u00bb0&#8243; box_shadow_style=\u00bbpreset1&#8243; global_colors_info=\u00bb{}\u00bb sticky_enabled=\u00bb0&#8243;][\/et_pb_gallery][\/et_pb_column][\/et_pb_row][\/et_pb_section][et_pb_section fb_built=\u00bb1&#8243; custom_padding_last_edited=\u00bbon|phone\u00bb _builder_version=\u00bb4.16&#8243; background_color=\u00bbrgba(0,0,0,0.52)\u00bb background_image=\u00bbhttps:\/\/ferroscafe.es\/wp-content\/uploads\/2020\/07\/madrid-restaurante.jpg\u00bb background_blend=\u00bbmultiply\u00bb custom_padding=\u00bb10%||10%||true|false\u00bb custom_padding_tablet=\u00bb\u00bb custom_padding_phone=\u00bb20%||20%||true|false\u00bb global_colors_info=\u00bb{}\u00bb][et_pb_row _builder_version=\u00bb4.16&#8243; custom_padding=\u00bb0px||0px||true|false\u00bb global_colors_info=\u00bb{}\u00bb][et_pb_column type=\u00bb4_4&#8243; _builder_version=\u00bb4.16&#8243; global_colors_info=\u00bb{}\u00bb][et_pb_text _builder_version=\u00bb4.16&#8243; header_font=\u00bbNexa Bold||||||||\u00bb header_text_align=\u00bbcenter\u00bb header_text_color=\u00bb#ffffff\u00bb header_font_size=\u00bb55px\u00bb custom_margin=\u00bb3%||0px||false|false\u00bb custom_padding=\u00bb||34px|||\u00bb header_font_size_tablet=\u00bb\u00bb header_font_size_phone=\u00bb35px\u00bb header_font_size_last_edited=\u00bbon|desktop\u00bb global_colors_info=\u00bb{}\u00bb]<\/p>\n<h1>Un servicio excelente en un ambiente tranquilo, acogedor y familiar<\/h1>\n<p>[\/et_pb_text][et_pb_social_media_follow use_icon_font_size=\u00bbon\u00bb icon_font_size=\u00bb22px\u00bb _builder_version=\u00bb4.16&#8243; text_orientation=\u00bbcenter\u00bb global_colors_info=\u00bb{}\u00bb][et_pb_social_media_follow_network social_network=\u00bbgoogle-plus\u00bb url=\u00bbhttps:\/\/www.tripadvisor.es\/Restaurant_Review-g187514-d7852144-Reviews-Ferros_Cafe_y_Restaurante-Madrid.html\u00bb _builder_version=\u00bb4.16&#8243; background_enable_color=\u00bboff\u00bb global_colors_info=\u00bb{}\u00bb follow_button=\u00bboff\u00bb url_new_window=\u00bbon\u00bb]google-plus[\/et_pb_social_media_follow_network][et_pb_social_media_follow_network social_network=\u00bbfacebook\u00bb url=\u00bbhttps:\/\/www.facebook.com\/ferroscafe\u00bb _builder_version=\u00bb4.16&#8243; background_enable_color=\u00bboff\u00bb global_colors_info=\u00bb{}\u00bb follow_button=\u00bboff\u00bb url_new_window=\u00bbon\u00bb]facebook[\/et_pb_social_media_follow_network][et_pb_social_media_follow_network social_network=\u00bbinstagram\u00bb url=\u00bbhttps:\/\/www.instagram.com\/ferrosrestaurante\/\u00bb _builder_version=\u00bb4.16&#8243; background_enable_color=\u00bboff\u00bb global_colors_info=\u00bb{}\u00bb follow_button=\u00bboff\u00bb url_new_window=\u00bbon\u00bb]instagram[\/et_pb_social_media_follow_network][\/et_pb_social_media_follow][et_pb_button button_url=\u00bbhttps:\/\/ferroscafe.es\/contacto-y-reservas\u00bb button_text=\u00bbRESERVAS\u00bb button_alignment=\u00bbcenter\u00bb _builder_version=\u00bb4.16&#8243; custom_margin=\u00bb|||0%|false|false\u00bb animation_style=\u00bbzoom\u00bb button_text_size_tablet=\u00bb\u00bb button_text_size_phone=\u00bb16px\u00bb button_text_size_last_edited=\u00bbon|phone\u00bb custom_css_main_element=\u00bbwidth: 250px !important;\u00bb global_colors_info=\u00bb{}\u00bb button_text_color__hover=\u00bb#ffffff\u00bb button_text_color__hover_enabled=\u00bbon|hover\u00bb button_bg_color__hover=\u00bb#bd9c69&#8243; button_bg_color__hover_enabled=\u00bbon|hover\u00bb button_border_color__hover_enabled=\u00bbon|hover\u00bb button_border_color__hover=\u00bb#ffffff\u00bb button_bg_enable_color__hover=\u00bbon\u00bb][\/et_pb_button][\/et_pb_column][\/et_pb_row][\/et_pb_section]<\/p>\n","protected":false},"excerpt":{"rendered":"<p>Grupo Ferro&#8217;sCon\u00f3cenos Nuestro Grupo de restaurantes Ferros nace en 1987 en el seno de una familia hostelera con obsesi\u00f3n por ofrecer la m\u00e1xima calidad y el mejor servicio. La clave de nuestro \u00e9xito est\u00e1 en nuestro af\u00e1n por innovar y mejorar cada d\u00eda, en adaptarnos al gusto de nuestros clientes cada d\u00eda m\u00e1s exigentes y [&hellip;]<\/p>\n","protected":false},"author":7,"featured_media":0,"parent":0,"menu_order":0,"comment_status":"closed","ping_status":"closed","template":"","meta":{"_et_pb_use_builder":"on","_et_pb_old_content":"","_et_gb_content_width":"","footnotes":""},"class_list":["post-145","page","type-page","status-publish","hentry"],"yoast_head":"<!-- This site is optimized with the Yoast SEO plugin v28.4 - https:\/\/yoast.com\/product\/yoast-seo-wordpress\/ -->\n<title>Restaurantes - Ferros Caf\u00e9<\/title>\n<meta name=\"robots\" content=\"index, follow, max-snippet:-1, max-image-preview:large, max-video-preview:-1\" \/>\n<link rel=\"canonical\" href=\"https:\/\/ferroscafe.es\/en\/restaurantes\/\" \/>\n<meta property=\"og:locale\" content=\"en_US\" \/>\n<meta property=\"og:type\" content=\"article\" \/>\n<meta property=\"og:title\" content=\"Restaurantes - Ferros Caf\u00e9\" \/>\n<meta property=\"og:description\" content=\"Grupo Ferro&#039;sCon\u00f3cenos Nuestro Grupo de restaurantes Ferros nace en 1987 en el seno de una familia hostelera con obsesi\u00f3n por ofrecer la m\u00e1xima calidad y el mejor servicio. La clave de nuestro \u00e9xito est\u00e1 en nuestro af\u00e1n por innovar y mejorar cada d\u00eda, en adaptarnos al gusto de nuestros clientes cada d\u00eda m\u00e1s exigentes y [&hellip;]\" \/>\n<meta property=\"og:url\" content=\"https:\/\/ferroscafe.es\/en\/restaurantes\/\" \/>\n<meta property=\"og:site_name\" content=\"Ferros Caf\u00e9\" \/>\n<meta property=\"article:modified_time\" content=\"2023-07-28T10:05:22+00:00\" \/>\n<meta name=\"twitter:card\" content=\"summary_large_image\" \/>\n<meta name=\"twitter:label1\" content=\"Est. reading time\" \/>\n\t<meta name=\"twitter:data1\" content=\"12 minutes\" \/>\n<script type=\"application\/ld+json\" class=\"yoast-schema-graph\">{\"@context\":\"https:\\\/\\\/schema.org\",\"@graph\":[{\"@type\":\"WebPage\",\"@id\":\"https:\\\/\\\/ferroscafe.es\\\/en\\\/restaurantes\\\/\",\"url\":\"https:\\\/\\\/ferroscafe.es\\\/en\\\/restaurantes\\\/\",\"name\":\"Restaurantes - Ferros Caf\u00e9\",\"isPartOf\":{\"@id\":\"https:\\\/\\\/ferroscafe.es\\\/#website\"},\"datePublished\":\"2020-07-18T11:01:49+00:00\",\"dateModified\":\"2023-07-28T10:05:22+00:00\",\"breadcrumb\":{\"@id\":\"https:\\\/\\\/ferroscafe.es\\\/en\\\/restaurantes\\\/#breadcrumb\"},\"inLanguage\":\"en-US\",\"potentialAction\":[{\"@type\":\"ReadAction\",\"target\":[\"https:\\\/\\\/ferroscafe.es\\\/en\\\/restaurantes\\\/\"]}]},{\"@type\":\"BreadcrumbList\",\"@id\":\"https:\\\/\\\/ferroscafe.es\\\/en\\\/restaurantes\\\/#breadcrumb\",\"itemListElement\":[{\"@type\":\"ListItem\",\"position\":1,\"name\":\"Portada\",\"item\":\"https:\\\/\\\/ferroscafe.es\\\/\"},{\"@type\":\"ListItem\",\"position\":2,\"name\":\"Restaurantes\"}]},{\"@type\":\"WebSite\",\"@id\":\"https:\\\/\\\/ferroscafe.es\\\/#website\",\"url\":\"https:\\\/\\\/ferroscafe.es\\\/\",\"name\":\"Ferros Caf\u00e9\",\"description\":\"Cocina de mercado en Chamber\u00ed, Madrid\",\"potentialAction\":[{\"@type\":\"SearchAction\",\"target\":{\"@type\":\"EntryPoint\",\"urlTemplate\":\"https:\\\/\\\/ferroscafe.es\\\/?s={search_term_string}\"},\"query-input\":{\"@type\":\"PropertyValueSpecification\",\"valueRequired\":true,\"valueName\":\"search_term_string\"}}],\"inLanguage\":\"en-US\"}]}<\/script>\n<!-- \/ Yoast SEO plugin. -->","yoast_head_json":{"title":"Restaurantes - Ferros Caf\u00e9","robots":{"index":"index","follow":"follow","max-snippet":"max-snippet:-1","max-image-preview":"max-image-preview:large","max-video-preview":"max-video-preview:-1"},"canonical":"https:\/\/ferroscafe.es\/en\/restaurantes\/","og_locale":"en_US","og_type":"article","og_title":"Restaurantes - Ferros Caf\u00e9","og_description":"Grupo Ferro'sCon\u00f3cenos Nuestro Grupo de restaurantes Ferros nace en 1987 en el seno de una familia hostelera con obsesi\u00f3n por ofrecer la m\u00e1xima calidad y el mejor servicio. La clave de nuestro \u00e9xito est\u00e1 en nuestro af\u00e1n por innovar y mejorar cada d\u00eda, en adaptarnos al gusto de nuestros clientes cada d\u00eda m\u00e1s exigentes y [&hellip;]","og_url":"https:\/\/ferroscafe.es\/en\/restaurantes\/","og_site_name":"Ferros Caf\u00e9","article_modified_time":"2023-07-28T10:05:22+00:00","twitter_card":"summary_large_image","twitter_misc":{"Est. reading time":"12 minutes"},"schema":{"@context":"https:\/\/schema.org","@graph":[{"@type":"WebPage","@id":"https:\/\/ferroscafe.es\/en\/restaurantes\/","url":"https:\/\/ferroscafe.es\/en\/restaurantes\/","name":"Restaurantes - Ferros Caf\u00e9","isPartOf":{"@id":"https:\/\/ferroscafe.es\/#website"},"datePublished":"2020-07-18T11:01:49+00:00","dateModified":"2023-07-28T10:05:22+00:00","breadcrumb":{"@id":"https:\/\/ferroscafe.es\/en\/restaurantes\/#breadcrumb"},"inLanguage":"en-US","potentialAction":[{"@type":"ReadAction","target":["https:\/\/ferroscafe.es\/en\/restaurantes\/"]}]},{"@type":"BreadcrumbList","@id":"https:\/\/ferroscafe.es\/en\/restaurantes\/#breadcrumb","itemListElement":[{"@type":"ListItem","position":1,"name":"Portada","item":"https:\/\/ferroscafe.es\/"},{"@type":"ListItem","position":2,"name":"Restaurantes"}]},{"@type":"WebSite","@id":"https:\/\/ferroscafe.es\/#website","url":"https:\/\/ferroscafe.es\/","name":"Ferros Caf\u00e9","description":"Cocina de mercado en Chamber\u00ed, Madrid","potentialAction":[{"@type":"SearchAction","target":{"@type":"EntryPoint","urlTemplate":"https:\/\/ferroscafe.es\/?s={search_term_string}"},"query-input":{"@type":"PropertyValueSpecification","valueRequired":true,"valueName":"search_term_string"}}],"inLanguage":"en-US"}]}},"_links":{"self":[{"href":"https:\/\/ferroscafe.es\/en\/wp-json\/wp\/v2\/pages\/145","targetHints":{"allow":["GET"]}}],"collection":[{"href":"https:\/\/ferroscafe.es\/en\/wp-json\/wp\/v2\/pages"}],"about":[{"href":"https:\/\/ferroscafe.es\/en\/wp-json\/wp\/v2\/types\/page"}],"author":[{"embeddable":true,"href":"https:\/\/ferroscafe.es\/en\/wp-json\/wp\/v2\/users\/7"}],"replies":[{"embeddable":true,"href":"https:\/\/ferroscafe.es\/en\/wp-json\/wp\/v2\/comments?post=145"}],"version-history":[{"count":3,"href":"https:\/\/ferroscafe.es\/en\/wp-json\/wp\/v2\/pages\/145\/revisions"}],"predecessor-version":[{"id":5595,"href":"https:\/\/ferroscafe.es\/en\/wp-json\/wp\/v2\/pages\/145\/revisions\/5595"}],"wp:attachment":[{"href":"https:\/\/ferroscafe.es\/en\/wp-json\/wp\/v2\/media?parent=145"}],"curies":[{"name":"wp","href":"https:\/\/api.w.org\/{rel}","templated":true}]}}