{"id":1680,"date":"2021-03-04T14:27:41","date_gmt":"2021-03-04T13:27:41","guid":{"rendered":"https:\/\/ferroscafe.es\/?page_id=1680"},"modified":"2024-01-25T11:35:31","modified_gmt":"2024-01-25T10:35:31","slug":"vinos","status":"publish","type":"page","link":"https:\/\/ferroscafe.es\/en\/vinos\/","title":{"rendered":"Wines"},"content":{"rendered":"<p>[et_pb_section fb_built=\u00bb1&#8243; _builder_version=\u00bb4.16&#8243; background_color=\u00bbrgba(0,0,0,0.65)\u00bb background_image=\u00bbhttps:\/\/ferroscafe.es\/wp-content\/uploads\/2020\/07\/gral-rodrigo-04.jpg\u00bb background_blend=\u00bbmultiply\u00bb custom_padding=\u00bb7%||7%||true|false\u00bb global_colors_info=\u00bb{}\u00bb][et_pb_row _builder_version=\u00bb4.16&#8243; global_colors_info=\u00bb{}\u00bb][et_pb_column type=\u00bb4_4&#8243; _builder_version=\u00bb4.16&#8243; global_colors_info=\u00bb{}\u00bb][et_pb_text _builder_version=\u00bb4.16&#8243; text_font=\u00bbNexa Bold||||||||\u00bb text_text_color=\u00bb#ffffff\u00bb text_font_size=\u00bb80px\u00bb text_orientation=\u00bbcenter\u00bb text_font_size_tablet=\u00bb\u00bb text_font_size_phone=\u00bb45px\u00bb text_font_size_last_edited=\u00bbon|phone\u00bb global_colors_info=\u00bb{}\u00bb]<\/p>\n<p>Vinos<\/p>\n<p>[\/et_pb_text][\/et_pb_column][\/et_pb_row][\/et_pb_section][et_pb_section fb_built=\u00bb1&#8243; _builder_version=\u00bb4.16&#8243; use_background_color_gradient=\u00bbon\u00bb background_color_gradient_stops=\u00bbrgba(0,0,0,0) 0%|rgba(0,0,0,0) 100%\u00bb background_color_gradient_start=\u00bbrgba(0,0,0,0)\u00bb background_color_gradient_end=\u00bbrgba(0,0,0,0)\u00bb background_image=\u00bbhttps:\/\/ferroscafe.es\/wp-content\/uploads\/2020\/10\/269-2.jpg\u00bb background_size=\u00bbinitial\u00bb background_position=\u00bbtop_left\u00bb background_repeat=\u00bbrepeat\u00bb background_blend=\u00bbhard-light\u00bb width=\u00bb100%\u00bb global_colors_info=\u00bb{}\u00bb][et_pb_row column_structure=\u00bb1_2,1_2&#8243; _builder_version=\u00bb4.16&#8243; _module_preset=\u00bbdefault\u00bb global_colors_info=\u00bb{}\u00bb][et_pb_column type=\u00bb1_2&#8243; _builder_version=\u00bb4.16&#8243; _module_preset=\u00bbdefault\u00bb global_colors_info=\u00bb{}\u00bb][et_pb_button button_text=\u00bbVINOS TINTOS\u00bb button_alignment=\u00bbcenter\u00bb module_id=\u00bb#vinostintos\u00bb _builder_version=\u00bb4.16&#8243; _module_preset=\u00bbdefault\u00bb custom_button=\u00bbon\u00bb button_text_color=\u00bb#ffffff\u00bb button_bg_color=\u00bb#bd9c69&#8243; button_border_color=\u00bb#ffffff\u00bb button_border_radius=\u00bb0px\u00bb button_font=\u00bbNexa Bold|600|||||||\u00bb custom_margin=\u00bb|||0%|false|false\u00bb animation_style=\u00bbfold\u00bb button_text_size_tablet=\u00bb\u00bb button_text_size_phone=\u00bb16px\u00bb button_text_size_last_edited=\u00bbon|phone\u00bb custom_css_main_element=\u00bbwidth: 250px !important;\u00bb global_colors_info=\u00bb{}\u00bb button_bg_color__hover=\u00bb#ffffff\u00bb button_bg_color__hover_enabled=\u00bbon|hover\u00bb button_text_color__hover=\u00bb#bd9c69&#8243; button_text_color__hover_enabled=\u00bbon|hover\u00bb button_border_color__hover=\u00bb#bd9c69&#8243; button_border_color__hover_enabled=\u00bbon|hover\u00bb][\/et_pb_button][\/et_pb_column][et_pb_column type=\u00bb1_2&#8243; _builder_version=\u00bb4.16&#8243; _module_preset=\u00bbdefault\u00bb global_colors_info=\u00bb{}\u00bb][et_pb_button button_url=\u00bb#vinosblancos\u00bb button_text=\u00bbVINOS BLANCOS\u00bb button_alignment=\u00bbcenter\u00bb module_id=\u00bb#vinostintos\u00bb _builder_version=\u00bb4.16&#8243; _module_preset=\u00bbdefault\u00bb custom_button=\u00bbon\u00bb button_text_color=\u00bb#ffffff\u00bb button_bg_color=\u00bb#bd9c69&#8243; button_border_color=\u00bb#ffffff\u00bb button_border_radius=\u00bb0px\u00bb button_font=\u00bbNexa Bold|600|||||||\u00bb custom_margin=\u00bb|||0%|false|false\u00bb animation_style=\u00bbfold\u00bb button_text_size_tablet=\u00bb\u00bb button_text_size_phone=\u00bb16px\u00bb button_text_size_last_edited=\u00bbon|phone\u00bb custom_css_main_element=\u00bbwidth: 250px !important;\u00bb global_colors_info=\u00bb{}\u00bb button_text_color__hover=\u00bb#bd9c69&#8243; button_text_color__hover_enabled=\u00bbon|hover\u00bb button_bg_color__hover=\u00bb#ffffff\u00bb button_bg_color__hover_enabled=\u00bbon|hover\u00bb button_border_color__hover=\u00bb#bd9c69&#8243; button_border_color__hover_enabled=\u00bbon|hover\u00bb][\/et_pb_button][\/et_pb_column][\/et_pb_row][et_pb_row _builder_version=\u00bb4.16&#8243; _module_preset=\u00bbdefault\u00bb global_colors_info=\u00bb{}\u00bb][et_pb_column type=\u00bb4_4&#8243; _builder_version=\u00bb4.16&#8243; _module_preset=\u00bbdefault\u00bb global_colors_info=\u00bb{}\u00bb][et_pb_text module_id=\u00bbvinostintos\u00bb _builder_version=\u00bb4.16&#8243; _module_preset=\u00bbdefault\u00bb text_font=\u00bbQuicksand|700|||||||\u00bb text_text_color=\u00bb#303030&#8243; text_font_size=\u00bb25px\u00bb text_text_shadow_style=\u00bbpreset1&#8243; global_colors_info=\u00bb{}\u00bb]<\/p>\n<p style=\"text-align: center;\"><strong>VINOS TINTOS<\/strong><\/p>\n<p>[\/et_pb_text][\/et_pb_column][\/et_pb_row][et_pb_row _builder_version=\u00bb4.16&#8243; _module_preset=\u00bbdefault\u00bb global_colors_info=\u00bb{}\u00bb][et_pb_column type=\u00bb4_4&#8243; _builder_version=\u00bb4.16&#8243; _module_preset=\u00bbdefault\u00bb global_colors_info=\u00bb{}\u00bb][et_pb_text module_id=\u00bbvinostintos\u00bb _builder_version=\u00bb4.16&#8243; _module_preset=\u00bbdefault\u00bb text_font=\u00bbQuicksand|700|||||||\u00bb text_text_color=\u00bb#303030&#8243; text_font_size=\u00bb25px\u00bb text_orientation=\u00bbcenter\u00bb text_text_shadow_style=\u00bbpreset1&#8243; global_colors_info=\u00bb{}\u00bb]D.O. RIOJA[\/et_pb_text][\/et_pb_column][\/et_pb_row][et_pb_row column_structure=\u00bb1_4,1_4,1_4,1_4&#8243; _builder_version=\u00bb4.16&#8243; _module_preset=\u00bbdefault\u00bb global_colors_info=\u00bb{}\u00bb][et_pb_column type=\u00bb1_4&#8243; _builder_version=\u00bb4.16&#8243; _module_preset=\u00bbdefault\u00bb global_colors_info=\u00bb{}\u00bb][et_pb_image src=\u00bbhttps:\/\/ferroscafe.es\/wp-content\/uploads\/2024\/01\/RAMON-BILBAO-EDICION-LIMITADA.png\u00bb alt=\u00bbVi\u00f1a Alberdi\u00bb title_text=\u00bbRAMON-BILBAO-EDICION-LIMITADA\u00bb _builder_version=\u00bb4.24.0&#8243; _module_preset=\u00bbdefault\u00bb width=\u00bb33%\u00bb custom_margin=\u00bb0px|-41px|-3px|10px|false|false\u00bb custom_padding=\u00bb|0px|28px|||\u00bb global_colors_info=\u00bb{}\u00bb][\/et_pb_image][\/et_pb_column][et_pb_column type=\u00bb1_4&#8243; _builder_version=\u00bb4.16&#8243; _module_preset=\u00bbdefault\u00bb global_colors_info=\u00bb{}\u00bb][et_pb_text _builder_version=\u00bb4.24.0&#8243; _module_preset=\u00bbdefault\u00bb text_font=\u00bbQuicksand|700|||||||\u00bb text_text_color=\u00bb#ffffff\u00bb text_font_size=\u00bb15px\u00bb global_colors_info=\u00bb{}\u00bb]<\/p>\n<h1 style=\"text-align: left;\"><span>RAM\u00d3N BILBAO EDICI\u00d3N LIMITADA\u00a0 \u00a0 \u00a0 \u00a0 \u00a0 \u00a0<\/span><\/h1>\n<p>Selecci\u00f3n de racimos y fermentaci\u00f3n artesanal<br \/>en tinos de madera a Temperatura controlada<br \/>27-28\u00baC. Se utilizan levaduras aut\u00f3ctonas.<br \/>Crianza durante 15 meses en barricas nuevas de roble franc\u00e9s y posteriormente 10 meses en botella en bodega subterr\u00e1nea<\/p>\n<p>[\/et_pb_text][\/et_pb_column][et_pb_column type=\u00bb1_4&#8243; _builder_version=\u00bb4.16&#8243; _module_preset=\u00bbdefault\u00bb global_colors_info=\u00bb{}\u00bb][et_pb_text _builder_version=\u00bb4.16&#8243; _module_preset=\u00bbdefault\u00bb text_font=\u00bbQuicksand|700|||||||\u00bb text_text_color=\u00bb#ffffff\u00bb text_font_size=\u00bb15px\u00bb global_colors_info=\u00bb{}\u00bb]<\/p>\n<h2 style=\"text-align: center;\"><span style=\"color: #ffffff;\"><span style=\"color: #303030;\">CARACTER\u00cdSTICAS<\/span><\/span><span style=\"font-size: 16px;\"><span style=\"color: #303030;\">\u00a0<\/span> \u00a0 \u00a0 \u00a0 \u00a0 \u00a0<\/span><\/h2>\n<p>Variedad: Tempranillo<br \/>D.O: Rioja<br \/><span><\/span>Color: profundo color rojo rub\u00ed,con matices granates. Es limpio y brillante, con densas l\u00e1grimas.<br \/>Aroma: Nariz que expresa el tempranillo en estado puro, en forma de fruta negra fresca (mora, ciruela, cassis), regaliz y madera elegante en forma de cedro,tostado, especias y matices bals\u00e1micos.<br \/>Boca: jugoso, con equilibrada acidez, buen cuerpo arropado<br \/>por la alta concentraci\u00f3n de taninos maduros y sedosos.<\/p>\n<p>[\/et_pb_text][\/et_pb_column][et_pb_column type=\u00bb1_4&#8243; _builder_version=\u00bb4.16&#8243; _module_preset=\u00bbdefault\u00bb global_colors_info=\u00bb{}\u00bb][\/et_pb_column][\/et_pb_row][et_pb_row column_structure=\u00bb1_4,1_4,1_4,1_4&#8243; _builder_version=\u00bb4.16&#8243; _module_preset=\u00bbdefault\u00bb global_colors_info=\u00bb{}\u00bb][et_pb_column type=\u00bb1_4&#8243; _builder_version=\u00bb4.16&#8243; _module_preset=\u00bbdefault\u00bb global_colors_info=\u00bb{}\u00bb][et_pb_image src=\u00bbhttps:\/\/ferroscafe.es\/wp-content\/uploads\/2021\/03\/Alcorta-1-1.png\u00bb alt=\u00bbAlcorta\u00bb title_text=\u00bbAlcorta-1&#8243; _builder_version=\u00bb4.16&#8243; _module_preset=\u00bbdefault\u00bb width=\u00bb52%\u00bb height=\u00bb320px\u00bb custom_margin=\u00bb|-41px|-3px|||\u00bb custom_padding=\u00bb|0px|28px|||\u00bb global_colors_info=\u00bb{}\u00bb][\/et_pb_image][\/et_pb_column][et_pb_column type=\u00bb1_4&#8243; _builder_version=\u00bb4.16&#8243; _module_preset=\u00bbdefault\u00bb global_colors_info=\u00bb{}\u00bb][et_pb_text _builder_version=\u00bb4.16&#8243; _module_preset=\u00bbdefault\u00bb text_font=\u00bbQuicksand|700|||||||\u00bb text_text_color=\u00bb#ffffff\u00bb text_font_size=\u00bb15px\u00bb global_colors_info=\u00bb{}\u00bb]<\/p>\n<h1 style=\"text-align: left;\"><span><span style=\"color: #ffffff;\"><span style=\"color: #303030;\">ALCORTA<\/span>\u00a0 \u00a0<\/span> \u00a0 \u00a0\u00a0<\/span><\/h1>\n<p>La altura y sus singulares condiciones de terreno y ubicaci\u00f3n los convierten en vi\u00f1edos de calidad excepcional. En su mayor parte est\u00e1 compuesto por vi\u00f1as viejas, de m\u00e1s de 25 a\u00f1os y se encuentran parcelados para que la vocaci\u00f3n de la uva se determine para cada<br \/>tipo de vino.<\/p>\n<p>[\/et_pb_text][\/et_pb_column][et_pb_column type=\u00bb1_4&#8243; _builder_version=\u00bb4.16&#8243; _module_preset=\u00bbdefault\u00bb global_colors_info=\u00bb{}\u00bb][et_pb_text _builder_version=\u00bb4.16&#8243; _module_preset=\u00bbdefault\u00bb text_font=\u00bbQuicksand|700|||||||\u00bb text_text_color=\u00bb#ffffff\u00bb text_font_size=\u00bb15px\u00bb global_colors_info=\u00bb{}\u00bb]<\/p>\n<h2 style=\"text-align: center;\"><span style=\"color: #ffffff;\"><span style=\"color: #303030;\">CARACTER\u00cdSTICAS<\/span><\/span><span style=\"font-size: 16px;\">\u00a0 \u00a0 \u00a0 \u00a0 \u00a0 \u00a0<\/span><\/h2>\n<p>Variedad: Tempranillo<br \/>D.O: Rioja<br \/><span><\/span>Color: Atractivo color cereza brillante<br \/>Aroma:\u00a0Destacan los aromas varietales de fruta roja como frambuesa, cerezas y especias<br \/>Boca:\u00a0Tiene una entrada sedosa y amable conun estallido dulcemente t\u00e1nico y un final prolongado.<\/p>\n<p>[\/et_pb_text][\/et_pb_column][et_pb_column type=\u00bb1_4&#8243; _builder_version=\u00bb4.16&#8243; _module_preset=\u00bbdefault\u00bb global_colors_info=\u00bb{}\u00bb][\/et_pb_column][\/et_pb_row][et_pb_row column_structure=\u00bb1_4,1_4,1_4,1_4&#8243; _builder_version=\u00bb4.16&#8243; _module_preset=\u00bbdefault\u00bb global_colors_info=\u00bb{}\u00bb][et_pb_column type=\u00bb1_4&#8243; _builder_version=\u00bb4.16&#8243; _module_preset=\u00bbdefault\u00bb global_colors_info=\u00bb{}\u00bb][et_pb_image src=\u00bbhttps:\/\/ferroscafe.es\/wp-content\/uploads\/2024\/01\/ramon-bilbao-crianza-1.png\u00bb alt=\u00bbRamon Bilbao Crianza\u00bb title_text=\u00bbramon-bilbao-crianza\u00bb _builder_version=\u00bb4.24.0&#8243; _module_preset=\u00bbdefault\u00bb width=\u00bb33%\u00bb max_width=\u00bb100%\u00bb height=\u00bb293px\u00bb custom_margin=\u00bb|-41px|-3px|11px|false|false\u00bb custom_padding=\u00bb|0px|28px|||\u00bb hover_enabled=\u00bb0&#8243; global_colors_info=\u00bb{}\u00bb sticky_enabled=\u00bb0&#8243;][\/et_pb_image][\/et_pb_column][et_pb_column type=\u00bb1_4&#8243; _builder_version=\u00bb4.16&#8243; _module_preset=\u00bbdefault\u00bb global_colors_info=\u00bb{}\u00bb][et_pb_text _builder_version=\u00bb4.16&#8243; _module_preset=\u00bbdefault\u00bb text_font=\u00bbQuicksand|700|||||||\u00bb text_text_color=\u00bb#ffffff\u00bb text_font_size=\u00bb15px\u00bb global_colors_info=\u00bb{}\u00bb]<\/p>\n<h1 style=\"text-align: left;\"><span style=\"color: #ffffff;\"><span style=\"color: #303030;\">RAM\u00d3N BILBAO CRIANZA<\/span>\u00a0<\/span><\/h1>\n<p>Un cl\u00e1sico renovado, criado en barricas de roble americano. Vers\u00e1til, frutoso y equilibrado, un vino creado para disfrutar en cualquier momento del aroma y sabor del mejor tempranillo de Rioja.<\/p>\n<p>[\/et_pb_text][\/et_pb_column][et_pb_column type=\u00bb1_4&#8243; _builder_version=\u00bb4.16&#8243; _module_preset=\u00bbdefault\u00bb global_colors_info=\u00bb{}\u00bb][et_pb_text _builder_version=\u00bb4.16&#8243; _module_preset=\u00bbdefault\u00bb text_font=\u00bbQuicksand|700|||||||\u00bb text_text_color=\u00bb#ffffff\u00bb text_font_size=\u00bb15px\u00bb global_colors_info=\u00bb{}\u00bb]<\/p>\n<h2 style=\"text-align: center;\"><span style=\"color: #ffffff;\"><span style=\"color: #303030;\">CARACTER\u00cdSTICAS<\/span><\/span><span style=\"font-size: 16px;\">\u00a0 \u00a0 \u00a0 \u00a0 \u00a0 \u00a0<\/span><\/h2>\n<p>Variedad: Tempranillo Riojano<br \/>D.O: Rioja<br \/>Vol Alcohol: 14%<br \/><span><\/span>Color: Rojo rub\u00ed con matices<br \/>viol\u00e1ceos de intensidad media. Limpio, brillante y con presencia de l\u00e1grimas<br \/>Aroma: Intensidad arom\u00e1tica media.<br \/>Limpio y franco. Aromas de frutas negra y roja, c\u00e1scara de frutos secos y ciertas notas florales<br \/>Boca: Agradable, de intensidad y acidez media<\/p>\n<p>[\/et_pb_text][\/et_pb_column][et_pb_column type=\u00bb1_4&#8243; _builder_version=\u00bb4.16&#8243; _module_preset=\u00bbdefault\u00bb global_colors_info=\u00bb{}\u00bb][\/et_pb_column][\/et_pb_row][et_pb_row column_structure=\u00bb1_4,1_4,1_4,1_4&#8243; _builder_version=\u00bb4.16&#8243; _module_preset=\u00bbdefault\u00bb global_colors_info=\u00bb{}\u00bb][et_pb_column type=\u00bb1_4&#8243; _builder_version=\u00bb4.16&#8243; _module_preset=\u00bbdefault\u00bb global_colors_info=\u00bb{}\u00bb][et_pb_image src=\u00bbhttps:\/\/ferroscafe.es\/wp-content\/uploads\/2021\/03\/Cune-Rioja.png\u00bb alt=\u00bbCune Rioja\u00bb title_text=\u00bbCune-Rioja\u00bb _builder_version=\u00bb4.16&#8243; _module_preset=\u00bbdefault\u00bb width=\u00bb40%\u00bb custom_margin=\u00bb|-41px|-3px|14px|false|false\u00bb custom_padding=\u00bb|0px|28px|||\u00bb global_colors_info=\u00bb{}\u00bb][\/et_pb_image][\/et_pb_column][et_pb_column type=\u00bb1_4&#8243; _builder_version=\u00bb4.16&#8243; _module_preset=\u00bbdefault\u00bb global_colors_info=\u00bb{}\u00bb][et_pb_text _builder_version=\u00bb4.16&#8243; _module_preset=\u00bbdefault\u00bb text_font=\u00bbQuicksand|700|||||||\u00bb text_text_color=\u00bb#ffffff\u00bb text_font_size=\u00bb15px\u00bb global_colors_info=\u00bb{}\u00bb]<\/p>\n<h1 style=\"text-align: left;\"><span><span style=\"color: #ffffff;\"><span style=\"color: #303030;\">CUNE RIOJA CRIANZA<\/span>\u00a0<\/span> \u00a0\u00a0<\/span><\/h1>\n<p>Fermentaci\u00f3n en dep\u00f3sito de acero inoxidable a temperatura<br \/>controlada de uvas procedentes de nuestros vi\u00f1edos de La Rioja Alta.\u00a0La fermentaci\u00f3n malol\u00e1ctica tiene lugar en dep\u00f3sito y<br \/>posteriormente el vino es criado en barricas de roble americano durante un a\u00f1o<\/p>\n<p>[\/et_pb_text][\/et_pb_column][et_pb_column type=\u00bb1_4&#8243; _builder_version=\u00bb4.16&#8243; _module_preset=\u00bbdefault\u00bb global_colors_info=\u00bb{}\u00bb][et_pb_text _builder_version=\u00bb4.16&#8243; _module_preset=\u00bbdefault\u00bb text_font=\u00bbQuicksand|700|||||||\u00bb text_text_color=\u00bb#ffffff\u00bb text_font_size=\u00bb15px\u00bb global_colors_info=\u00bb{}\u00bb]<\/p>\n<h2 style=\"text-align: center;\"><span style=\"color: #ffffff;\"><span style=\"color: #303030;\">CARACTER\u00cdSTICAS<\/span><\/span><span style=\"font-size: 16px;\"><span style=\"color: #ffffff;\">\u00a0<\/span> \u00a0 \u00a0 \u00a0 \u00a0 \u00a0<\/span><\/h2>\n<p>Variedad: Multivarietal<br \/>D.O: Rioja<br \/><span>Vol Alcohol: 13,5%\u00a0<\/span><br \/><span><\/span>Color: Capa media de color granate<br \/>Aroma:\u00a0Los aromas que destacan son los derivados de los frutos del bosque con notas a regaliz bien ensamblados con los aromas golosos a vainillas, toffes y cacaos<br \/>Boca: Fresco<\/p>\n<p>[\/et_pb_text][\/et_pb_column][et_pb_column type=\u00bb1_4&#8243; _builder_version=\u00bb4.16&#8243; _module_preset=\u00bbdefault\u00bb global_colors_info=\u00bb{}\u00bb][\/et_pb_column][\/et_pb_row][et_pb_row _builder_version=\u00bb4.16&#8243; _module_preset=\u00bbdefault\u00bb global_colors_info=\u00bb{}\u00bb][et_pb_column type=\u00bb4_4&#8243; _builder_version=\u00bb4.16&#8243; _module_preset=\u00bbdefault\u00bb global_colors_info=\u00bb{}\u00bb][et_pb_text module_id=\u00bbvinostintos\u00bb _builder_version=\u00bb4.16&#8243; _module_preset=\u00bbdefault\u00bb text_font=\u00bbQuicksand|700|||||||\u00bb text_text_color=\u00bb#303030&#8243; text_font_size=\u00bb25px\u00bb text_orientation=\u00bbcenter\u00bb text_text_shadow_style=\u00bbpreset1&#8243; global_colors_info=\u00bb{}\u00bb]D.O. RIBERA DEL DUERO[\/et_pb_text][\/et_pb_column][\/et_pb_row][et_pb_row column_structure=\u00bb1_4,1_4,1_4,1_4&#8243; _builder_version=\u00bb4.16&#8243; _module_preset=\u00bbdefault\u00bb global_colors_info=\u00bb{}\u00bb][et_pb_column type=\u00bb1_4&#8243; _builder_version=\u00bb4.16&#8243; _module_preset=\u00bbdefault\u00bb global_colors_info=\u00bb{}\u00bb][et_pb_image src=\u00bbhttps:\/\/ferroscafe.es\/wp-content\/uploads\/2024\/01\/piramide-1.png\u00bb alt=\u00bbRamon Bilbao Crianza\u00bb title_text=\u00bbpiramide\u00bb _builder_version=\u00bb4.24.0&#8243; _module_preset=\u00bbdefault\u00bb width=\u00bb33%\u00bb max_width=\u00bb100%\u00bb height=\u00bb293px\u00bb custom_margin=\u00bb|-41px|-3px|11px|false|false\u00bb custom_padding=\u00bb|0px|28px|||\u00bb hover_enabled=\u00bb0&#8243; global_colors_info=\u00bb{}\u00bb sticky_enabled=\u00bb0&#8243;][\/et_pb_image][\/et_pb_column][et_pb_column type=\u00bb1_4&#8243; _builder_version=\u00bb4.16&#8243; _module_preset=\u00bbdefault\u00bb global_colors_info=\u00bb{}\u00bb][et_pb_text _builder_version=\u00bb4.24.0&#8243; _module_preset=\u00bbdefault\u00bb text_font=\u00bbQuicksand|700|||||||\u00bb text_text_color=\u00bb#ffffff\u00bb text_font_size=\u00bb15px\u00bb global_colors_info=\u00bb{}\u00bb]<\/p>\n<h1 style=\"text-align: left;\"><span style=\"color: #303030;\">PIR\u00c1MIDE<\/span><\/h1>\n<p>Vino de Terroir, elaborado en la Pir\u00e1mide-Bodega semienterrada en el suelo, \u00fanica en el mundo.<br \/>Vendimia manual, selecci\u00f3n de racimos, fermentaci\u00f3n en dep\u00f3sitos dentro de la Pir\u00e1mide.<\/p>\n<p>[\/et_pb_text][\/et_pb_column][et_pb_column type=\u00bb1_4&#8243; _builder_version=\u00bb4.16&#8243; _module_preset=\u00bbdefault\u00bb global_colors_info=\u00bb{}\u00bb][et_pb_text _builder_version=\u00bb4.16&#8243; _module_preset=\u00bbdefault\u00bb text_font=\u00bbQuicksand|700|||||||\u00bb text_text_color=\u00bb#ffffff\u00bb text_font_size=\u00bb15px\u00bb global_colors_info=\u00bb{}\u00bb]<\/p>\n<h2 style=\"text-align: center;\"><span style=\"color: #ffffff;\"><span style=\"color: #303030;\">CARACTER\u00cdSTICAS<\/span><\/span><span style=\"font-size: 16px;\">\u00a0 \u00a0 \u00a0 \u00a0 \u00a0 \u00a0<\/span><\/h2>\n<p>Variedad: Tinto del Pa\u00eds<br \/>D.O: Ribera Duero<br \/>Color: Intensa capa rojo picota, limpio y brillante.<br \/>Aroma: Complejos aromas a fruta roja silvestre, flores violetas, aromas especiados a clavo,monte<br \/>bajo y fina mineralidad. Nariz elegante y amplia<br \/>Boca: Cuerpo estructurado, sabroso, vivo y redondo; final persistente.<\/p>\n<p>[\/et_pb_text][\/et_pb_column][et_pb_column type=\u00bb1_4&#8243; _builder_version=\u00bb4.16&#8243; _module_preset=\u00bbdefault\u00bb global_colors_info=\u00bb{}\u00bb][\/et_pb_column][\/et_pb_row][et_pb_row column_structure=\u00bb1_4,1_4,1_4,1_4&#8243; _builder_version=\u00bb4.16&#8243; _module_preset=\u00bbdefault\u00bb global_colors_info=\u00bb{}\u00bb][et_pb_column type=\u00bb1_4&#8243; _builder_version=\u00bb4.16&#8243; _module_preset=\u00bbdefault\u00bb global_colors_info=\u00bb{}\u00bb][et_pb_image src=\u00bbhttps:\/\/ferroscafe.es\/wp-content\/uploads\/2024\/01\/montegaredo-crianza-2017-1.png\u00bb alt=\u00bbMarqu\u00e9s de C\u00e1ceres\u00bb title_text=\u00bbmontegaredo-crianza-2017&#8243; _builder_version=\u00bb4.24.0&#8243; _module_preset=\u00bbdefault\u00bb width=\u00bb33%\u00bb custom_margin=\u00bb|-41px|-3px|||\u00bb custom_padding=\u00bb|0px|28px|||\u00bb global_colors_info=\u00bb{}\u00bb][\/et_pb_image][\/et_pb_column][et_pb_column type=\u00bb1_4&#8243; _builder_version=\u00bb4.16&#8243; _module_preset=\u00bbdefault\u00bb global_colors_info=\u00bb{}\u00bb][et_pb_text _builder_version=\u00bb4.24.0&#8243; _module_preset=\u00bbdefault\u00bb text_font=\u00bbQuicksand|700|||||||\u00bb text_text_color=\u00bb#ffffff\u00bb text_font_size=\u00bb15px\u00bb global_colors_info=\u00bb{}\u00bb]<\/p>\n<h1 style=\"text-align: left;\"><span>MONTEGAREDO \u00a0 \u00a0 \u00a0 \u00a0 \u00a0 \u00a0 \u00a0<\/span><\/h1>\n<p>Vino de Terroir, elaborado en la Pir\u00e1mide-Bodega semienterrada en el selo, \u00fanica en el munco.<br \/>Vendimia manual, selecci\u00f3n de racimos, fermentaci\u00f3n en dep\u00f3sitos dentro de la Pir\u00e1mide.<br \/>Crianza 12-14 meses<\/p>\n<p>[\/et_pb_text][\/et_pb_column][et_pb_column type=\u00bb1_4&#8243; _builder_version=\u00bb4.16&#8243; _module_preset=\u00bbdefault\u00bb global_colors_info=\u00bb{}\u00bb][et_pb_text _builder_version=\u00bb4.24.0&#8243; _module_preset=\u00bbdefault\u00bb text_font=\u00bbQuicksand|700|||||||\u00bb text_text_color=\u00bb#ffffff\u00bb text_font_size=\u00bb15px\u00bb global_colors_info=\u00bb{}\u00bb]<\/p>\n<h2 style=\"text-align: center;\"><span style=\"color: #303030;\">CARACTER\u00cdSTICAS<\/span><span style=\"font-size: 16px;\"><span style=\"color: #303030;\">\u00a0<\/span> \u00a0 \u00a0 \u00a0 \u00a0 \u00a0<\/span><\/h2>\n<p>Variedad: 100% Tinto del Pa\u00eds<br \/>D.O: Ribera del Duero<br \/>Color: Color rojo picota, de capa media-alta, brillante y limpio.<br \/>Aromas: De intensa complejidad arom\u00e1tica, notas florales a violetas, frutas silvestres, licor de cassis. Fondo especiado a canela y pimienta. Ligeras notas a caf\u00e9, vainilla y trufa.<br \/>Boca: Buena estructura, con volumen\u00a0 \u00e1mplio y fresco. De tanino redondo y suave. Un vino equilibrado y redondo.<\/p>\n<p>[\/et_pb_text][\/et_pb_column][et_pb_column type=\u00bb1_4&#8243; _builder_version=\u00bb4.16&#8243; _module_preset=\u00bbdefault\u00bb global_colors_info=\u00bb{}\u00bb][\/et_pb_column][\/et_pb_row][et_pb_row column_structure=\u00bb1_4,1_4,1_4,1_4&#8243; _builder_version=\u00bb4.16&#8243; _module_preset=\u00bbdefault\u00bb global_colors_info=\u00bb{}\u00bb][et_pb_column type=\u00bb1_4&#8243; _builder_version=\u00bb4.16&#8243; _module_preset=\u00bbdefault\u00bb global_colors_info=\u00bb{}\u00bb][et_pb_image src=\u00bbhttps:\/\/ferroscafe.es\/wp-content\/uploads\/2021\/03\/Aster-Crianza.png\u00bb alt=\u00bb\u00c1ster Crianza\u00bb title_text=\u00bbAster-Crianza\u00bb _builder_version=\u00bb4.16&#8243; _module_preset=\u00bbdefault\u00bb width=\u00bb40%\u00bb custom_margin=\u00bb|-41px|-3px|8px|false|false\u00bb custom_padding=\u00bb|0px|28px|||\u00bb global_colors_info=\u00bb{}\u00bb][\/et_pb_image][\/et_pb_column][et_pb_column type=\u00bb1_4&#8243; _builder_version=\u00bb4.16&#8243; _module_preset=\u00bbdefault\u00bb global_colors_info=\u00bb{}\u00bb][et_pb_text _builder_version=\u00bb4.16&#8243; _module_preset=\u00bbdefault\u00bb text_font=\u00bbQuicksand|700|||||||\u00bb text_text_color=\u00bb#ffffff\u00bb text_font_size=\u00bb15px\u00bb global_colors_info=\u00bb{}\u00bb]<\/p>\n<h1 style=\"text-align: left;\"><span><span style=\"color: #303030;\">\u00c1STER CRIANZA<\/span>\u00a0 \u00a0 \u00a0 \u00a0 \u00a0<\/span><\/h1>\n<p><span>Tras un suave despalillado y estrujado, la uva pas\u00f3 a los dep\u00f3sitos donde realiz\u00f3 la fermentaci\u00f3n alcoh\u00f3lica a una temperatura inferior a 28\u00ba.\u00a0<\/span><\/p>\n<p>[\/et_pb_text][\/et_pb_column][et_pb_column type=\u00bb1_4&#8243; _builder_version=\u00bb4.16&#8243; _module_preset=\u00bbdefault\u00bb global_colors_info=\u00bb{}\u00bb][et_pb_text _builder_version=\u00bb4.16&#8243; _module_preset=\u00bbdefault\u00bb text_font=\u00bbQuicksand|700|||||||\u00bb text_text_color=\u00bb#ffffff\u00bb text_font_size=\u00bb15px\u00bb global_colors_info=\u00bb{}\u00bb]<\/p>\n<h2 style=\"text-align: center;\"><span style=\"color: #303030;\">CARACTER\u00cdSTICAS<\/span><span style=\"font-size: 16px;\"><span style=\"color: #ffffff;\">\u00a0<\/span> \u00a0 \u00a0 \u00a0 \u00a0 \u00a0<\/span><\/h2>\n<p>Variedad: Tinta del Pa\u00eds<br \/>D.O: Ribera del Duero<br \/><span><\/span>Color: Brillante, color cereza de capa media alta y fondo granate<br \/>Aroma: Amplia gama arom\u00e1tica y fuerte intensidad<br \/>Boca: Potencia y equilibrio de un Ribera del Duero<\/p>\n<p>[\/et_pb_text][\/et_pb_column][et_pb_column type=\u00bb1_4&#8243; _builder_version=\u00bb4.16&#8243; _module_preset=\u00bbdefault\u00bb global_colors_info=\u00bb{}\u00bb][\/et_pb_column][\/et_pb_row][et_pb_row column_structure=\u00bb1_4,1_4,1_4,1_4&#8243; _builder_version=\u00bb4.16&#8243; _module_preset=\u00bbdefault\u00bb global_colors_info=\u00bb{}\u00bb][et_pb_column type=\u00bb1_4&#8243; _builder_version=\u00bb4.16&#8243; _module_preset=\u00bbdefault\u00bb global_colors_info=\u00bb{}\u00bb][et_pb_image src=\u00bbhttps:\/\/ferroscafe.es\/wp-content\/uploads\/2021\/03\/Protos-Roble.png\u00bb alt=\u00bbProtos Roble\u00bb title_text=\u00bbProtos-Roble\u00bb _builder_version=\u00bb4.16&#8243; _module_preset=\u00bbdefault\u00bb width=\u00bb40%\u00bb custom_margin=\u00bb|-41px|-3px|||\u00bb custom_padding=\u00bb|0px|28px|||\u00bb global_colors_info=\u00bb{}\u00bb][\/et_pb_image][\/et_pb_column][et_pb_column type=\u00bb1_4&#8243; _builder_version=\u00bb4.16&#8243; _module_preset=\u00bbdefault\u00bb global_colors_info=\u00bb{}\u00bb][et_pb_text _builder_version=\u00bb4.16&#8243; _module_preset=\u00bbdefault\u00bb text_font=\u00bbQuicksand|700|||||||\u00bb text_text_color=\u00bb#ffffff\u00bb text_font_size=\u00bb15px\u00bb global_colors_info=\u00bb{}\u00bb]<\/p>\n<h1 style=\"text-align: left;\"><span><span style=\"color: #303030;\">PROTOS ROBLE\u00a0<\/span> \u00a0<\/span><\/h1>\n<p>Fermentaci\u00f3n y maceraci\u00f3n en dep\u00f3sitos de acero inoxidable a una temperatura de 26\u00baC.\u00a0 6 meses en barricas de roble franc\u00e9s y americano<\/p>\n<p>[\/et_pb_text][\/et_pb_column][et_pb_column type=\u00bb1_4&#8243; _builder_version=\u00bb4.16&#8243; _module_preset=\u00bbdefault\u00bb global_colors_info=\u00bb{}\u00bb][et_pb_text _builder_version=\u00bb4.16&#8243; _module_preset=\u00bbdefault\u00bb text_font=\u00bbQuicksand|700|||||||\u00bb text_text_color=\u00bb#ffffff\u00bb text_font_size=\u00bb15px\u00bb global_colors_info=\u00bb{}\u00bb]<\/p>\n<h2 style=\"text-align: center;\"><span style=\"color: #303030;\">CARACTER\u00cdSTICAS<\/span><span style=\"font-size: 16px;\">\u00a0 \u00a0 \u00a0 \u00a0 \u00a0 \u00a0<\/span><\/h2>\n<p>Variedad: Tinta del Pa\u00eds<br \/>D.O: Rueda<br \/>Vol Alcohol: 14,5%<br \/><span><\/span>Color: Rojo cereza con ribete p\u00farpura<br \/>Aroma: Franca e intensa, donde destacan aromas de fruta roja y negra acompa\u00f1ada con notas especiadas y ligeros tostados<br \/>Boca: Tiene buena estructura, frutal, fresco, con paso goloso, equilibrado y con taninos suaves muy agradables<\/p>\n<p>[\/et_pb_text][\/et_pb_column][et_pb_column type=\u00bb1_4&#8243; _builder_version=\u00bb4.16&#8243; _module_preset=\u00bbdefault\u00bb global_colors_info=\u00bb{}\u00bb][\/et_pb_column][\/et_pb_row][et_pb_row column_structure=\u00bb1_4,1_4,1_4,1_4&#8243; _builder_version=\u00bb4.16&#8243; _module_preset=\u00bbdefault\u00bb min_height=\u00bb380.2px\u00bb global_colors_info=\u00bb{}\u00bb][et_pb_column type=\u00bb1_4&#8243; _builder_version=\u00bb4.16&#8243; _module_preset=\u00bbdefault\u00bb global_colors_info=\u00bb{}\u00bb][et_pb_image src=\u00bbhttps:\/\/ferroscafe.es\/wp-content\/uploads\/2021\/03\/fuerteespina-1.png\u00bb alt=\u00bbfuerteespina\u00bb title_text=\u00bbfuerteespina\u00bb _builder_version=\u00bb4.16&#8243; _module_preset=\u00bbdefault\u00bb width=\u00bb40%\u00bb custom_margin=\u00bb|-41px|-3px|||\u00bb custom_padding=\u00bb|0px|28px|||\u00bb global_colors_info=\u00bb{}\u00bb][\/et_pb_image][\/et_pb_column][et_pb_column type=\u00bb1_4&#8243; _builder_version=\u00bb4.16&#8243; _module_preset=\u00bbdefault\u00bb global_colors_info=\u00bb{}\u00bb][et_pb_text _builder_version=\u00bb4.16&#8243; _module_preset=\u00bbdefault\u00bb text_font=\u00bbQuicksand|700|||||||\u00bb text_text_color=\u00bb#ffffff\u00bb text_font_size=\u00bb15px\u00bb global_colors_info=\u00bb{}\u00bb]<\/p>\n<h1 style=\"text-align: left;\"><span style=\"color: #303030;\">FUENTESPINA\u00a0<\/span><\/h1>\n<p>Vino elaborado exclusivamente con uvas tempranillo porcedentes de vi\u00f1edos con una edad media de 20 a\u00f1os.<\/p>\n<p>[\/et_pb_text][\/et_pb_column][et_pb_column type=\u00bb1_4&#8243; _builder_version=\u00bb4.16&#8243; _module_preset=\u00bbdefault\u00bb global_colors_info=\u00bb{}\u00bb][et_pb_text _builder_version=\u00bb4.16&#8243; _module_preset=\u00bbdefault\u00bb text_font=\u00bbQuicksand|700|||||||\u00bb text_text_color=\u00bb#ffffff\u00bb text_font_size=\u00bb15px\u00bb global_colors_info=\u00bb{}\u00bb]<\/p>\n<h2 style=\"text-align: center;\"><span style=\"color: #ffffff;\"><span style=\"color: #303030;\">CARACTER\u00cdSTICAS<\/span><span style=\"font-size: 16px;\">\u00a0 \u00a0 \u00a0 \u00a0 \u00a0 \u00a0<\/span><\/span><\/h2>\n<p>Variedad: Tempranillo<br \/>D.O: Fuentespina<br \/>Vol Alcohol: 13,5%<br \/><span><\/span>Color: Cereza picota<br \/>Aroma: Fruta fresca<br \/>Boca: Frutoso, sabroso y potente<\/p>\n<p>[\/et_pb_text][\/et_pb_column][et_pb_column type=\u00bb1_4&#8243; _builder_version=\u00bb4.16&#8243; _module_preset=\u00bbdefault\u00bb global_colors_info=\u00bb{}\u00bb][\/et_pb_column][\/et_pb_row][et_pb_row module_id=\u00bbvinosblancos\u00bb _builder_version=\u00bb4.16&#8243; _module_preset=\u00bbdefault\u00bb global_colors_info=\u00bb{}\u00bb][et_pb_column type=\u00bb4_4&#8243; _builder_version=\u00bb4.16&#8243; _module_preset=\u00bbdefault\u00bb global_colors_info=\u00bb{}\u00bb][et_pb_text module_id=\u00bbvinostintos\u00bb _builder_version=\u00bb4.16&#8243; _module_preset=\u00bbdefault\u00bb text_font=\u00bbQuicksand|700|||||||\u00bb text_text_color=\u00bb#303030&#8243; text_font_size=\u00bb25px\u00bb text_text_shadow_style=\u00bbpreset1&#8243; global_colors_info=\u00bb{}\u00bb]<\/p>\n<p style=\"text-align: center;\"><strong>VINOS BLANCOS<\/strong><\/p>\n<p>[\/et_pb_text][\/et_pb_column][\/et_pb_row][et_pb_row _builder_version=\u00bb4.16&#8243; _module_preset=\u00bbdefault\u00bb global_colors_info=\u00bb{}\u00bb][et_pb_column type=\u00bb4_4&#8243; _builder_version=\u00bb4.16&#8243; _module_preset=\u00bbdefault\u00bb global_colors_info=\u00bb{}\u00bb][et_pb_text module_id=\u00bbvinostintos\u00bb _builder_version=\u00bb4.16&#8243; _module_preset=\u00bbdefault\u00bb text_font=\u00bbQuicksand|700|||||||\u00bb text_text_color=\u00bb#303030&#8243; text_font_size=\u00bb25px\u00bb text_orientation=\u00bbcenter\u00bb text_text_shadow_style=\u00bbpreset1&#8243; global_colors_info=\u00bb{}\u00bb]D.O. RUEDA[\/et_pb_text][\/et_pb_column][\/et_pb_row][et_pb_row column_structure=\u00bb1_4,1_4,1_4,1_4&#8243; _builder_version=\u00bb4.16&#8243; _module_preset=\u00bbdefault\u00bb global_colors_info=\u00bb{}\u00bb][et_pb_column type=\u00bb1_4&#8243; _builder_version=\u00bb4.16&#8243; _module_preset=\u00bbdefault\u00bb global_colors_info=\u00bb{}\u00bb][et_pb_image src=\u00bbhttps:\/\/ferroscafe.es\/wp-content\/uploads\/2021\/03\/cuatro-rayas.png\u00bb alt=\u00bbCuatro Rayas\u00bb title_text=\u00bbcuatro rayas\u00bb _builder_version=\u00bb4.16&#8243; _module_preset=\u00bbdefault\u00bb width=\u00bb89%\u00bb custom_margin=\u00bb|-41px|-3px|-54px|false|false\u00bb custom_padding=\u00bb|0px|28px|||\u00bb global_colors_info=\u00bb{}\u00bb][\/et_pb_image][\/et_pb_column][et_pb_column type=\u00bb1_4&#8243; _builder_version=\u00bb4.16&#8243; _module_preset=\u00bbdefault\u00bb global_colors_info=\u00bb{}\u00bb][et_pb_text _builder_version=\u00bb4.16&#8243; _module_preset=\u00bbdefault\u00bb text_font=\u00bbQuicksand|700|||||||\u00bb text_text_color=\u00bb#ffffff\u00bb text_font_size=\u00bb15px\u00bb global_colors_info=\u00bb{}\u00bb]<\/p>\n<h1 style=\"text-align: left;\"><span><span style=\"color: #303030;\">CUATRO RAYAS<\/span>\u00a0 \u00a0\u00a0<\/span><\/h1>\n<p>Elaborado con uvas seleccionadas y provenientes de la delicada conjunci\u00f3n de distintas fincas y pagos. Maceraci\u00f3n durante 12 horas a 6\u00ba y una fermentaci\u00f3n a 15\u00ba.<\/p>\n<p>[\/et_pb_text][\/et_pb_column][et_pb_column type=\u00bb1_4&#8243; _builder_version=\u00bb4.16&#8243; _module_preset=\u00bbdefault\u00bb global_colors_info=\u00bb{}\u00bb][et_pb_text _builder_version=\u00bb4.16&#8243; _module_preset=\u00bbdefault\u00bb text_font=\u00bbQuicksand|700|||||||\u00bb text_text_color=\u00bb#ffffff\u00bb text_font_size=\u00bb15px\u00bb global_colors_info=\u00bb{}\u00bb]<\/p>\n<h2 style=\"text-align: center;\"><span style=\"color: #303030;\">CARACTER\u00cdSTICAS<\/span><span style=\"font-size: 16px;\"><span style=\"color: #ffffff;\">\u00a0 \u00a0<\/span> \u00a0 \u00a0 \u00a0 \u00a0<\/span><\/h2>\n<p>Variedad: Verdejo<br \/>D.O: Rueda<br \/><span>Vol Alcohol: 13%\u00a0<\/span><br \/><span><\/span>Color: Color amarillo alimonado p\u00e1lido<br \/>Aroma: Potente, con notas de fruta fresca<br \/>Boca: Paladar fresco, equilibrado y goloso<\/p>\n<p>[\/et_pb_text][\/et_pb_column][et_pb_column type=\u00bb1_4&#8243; _builder_version=\u00bb4.16&#8243; _module_preset=\u00bbdefault\u00bb global_colors_info=\u00bb{}\u00bb][\/et_pb_column][\/et_pb_row][et_pb_row column_structure=\u00bb1_4,1_4,1_4,1_4&#8243; _builder_version=\u00bb4.16&#8243; _module_preset=\u00bbdefault\u00bb global_colors_info=\u00bb{}\u00bb][et_pb_column type=\u00bb1_4&#8243; _builder_version=\u00bb4.16&#8243; _module_preset=\u00bbdefault\u00bb global_colors_info=\u00bb{}\u00bb][et_pb_image src=\u00bbhttps:\/\/ferroscafe.es\/wp-content\/uploads\/2024\/01\/RAMON-BILBAO-VERDEJO-1.png\u00bb alt=\u00bbMarqu\u00e9s de C\u00e1ceres\u00bb title_text=\u00bbRAMON-BILBAO-VERDEJO\u00bb _builder_version=\u00bb4.24.0&#8243; _module_preset=\u00bbdefault\u00bb width=\u00bb33%\u00bb custom_margin=\u00bb|-41px|-3px|||\u00bb custom_padding=\u00bb|0px|28px|||\u00bb global_colors_info=\u00bb{}\u00bb][\/et_pb_image][\/et_pb_column][et_pb_column type=\u00bb1_4&#8243; _builder_version=\u00bb4.16&#8243; _module_preset=\u00bbdefault\u00bb global_colors_info=\u00bb{}\u00bb][et_pb_text _builder_version=\u00bb4.24.0&#8243; _module_preset=\u00bbdefault\u00bb text_font=\u00bbQuicksand|700|||||||\u00bb text_text_color=\u00bb#ffffff\u00bb text_font_size=\u00bb15px\u00bb global_colors_info=\u00bb{}\u00bb]<\/p>\n<h1 style=\"text-align: left;\"><span><span style=\"color: #303030;\">RAM\u00d3N BILBAO VERDEJO\u00a0 <\/span>\u00a0 \u00a0 \u00a0 \u00a0 \u00a0 \u00a0 \u00a0 \u00a0 \u00a0\u00a0<\/span><\/h1>\n<p>La uva se vendimia durante la noche, con temperaturas frescas con el fin de preservar y conservar al m\u00e1ximo sus cualidades av\u00edcolas.<\/p>\n<p>&nbsp;<\/p>\n<p>[\/et_pb_text][\/et_pb_column][et_pb_column type=\u00bb1_4&#8243; _builder_version=\u00bb4.16&#8243; _module_preset=\u00bbdefault\u00bb global_colors_info=\u00bb{}\u00bb][et_pb_text _builder_version=\u00bb4.24.0&#8243; _module_preset=\u00bbdefault\u00bb text_font=\u00bbQuicksand|700|||||||\u00bb text_text_color=\u00bb#ffffff\u00bb text_font_size=\u00bb15px\u00bb global_colors_info=\u00bb{}\u00bb]<\/p>\n<h2 style=\"text-align: center;\"><span style=\"color: #303030;\">CARACTER\u00cdSTICAS<\/span><span style=\"font-size: 16px;\"><span style=\"color: #303030;\">\u00a0<\/span> \u00a0 \u00a0 \u00a0 \u00a0 \u00a0<\/span><\/h2>\n<p>Variedad: Verdejo<br \/>D.O: Rueda<br \/>Vol Alcohol: 12,5%<span><\/span><br \/><span><\/span>Color: Color amarillo p\u00e1lido con reflejos verdosos, de intensidad media. Es un<br \/>vino limpio y brillante con presencia de l\u00e1grima.<br \/>Aroma: Predominio de aromas frutales con aromas c\u00edtricos como la mandarina o el pomelo.<br \/>Notas florales de jazm\u00edn y aromas herb\u00e1ceos como el hinojo.<br \/>Boca: Acidez refrescante y cuerpo sedoso bien equilibrado. En retronasal aparecen de nuevo las notas florales con la fruta fresca.<\/p>\n<p>[\/et_pb_text][\/et_pb_column][et_pb_column type=\u00bb1_4&#8243; _builder_version=\u00bb4.16&#8243; _module_preset=\u00bbdefault\u00bb global_colors_info=\u00bb{}\u00bb][\/et_pb_column][\/et_pb_row][et_pb_row column_structure=\u00bb1_4,1_4,1_4,1_4&#8243; _builder_version=\u00bb4.16&#8243; _module_preset=\u00bbdefault\u00bb global_colors_info=\u00bb{}\u00bb][et_pb_column type=\u00bb1_4&#8243; _builder_version=\u00bb4.16&#8243; _module_preset=\u00bbdefault\u00bb global_colors_info=\u00bb{}\u00bb][et_pb_image src=\u00bbhttps:\/\/ferroscafe.es\/wp-content\/uploads\/2021\/03\/Embrumas-verdejo.png\u00bb alt=\u00bbEmbrumas verdejo\u00bb title_text=\u00bbEmbrumas-verdejo\u00bb _builder_version=\u00bb4.16&#8243; _module_preset=\u00bbdefault\u00bb width=\u00bb44%\u00bb custom_margin=\u00bb|-41px|-3px|-14px|false|false\u00bb custom_padding=\u00bb|0px|28px|||\u00bb global_colors_info=\u00bb{}\u00bb][\/et_pb_image][\/et_pb_column][et_pb_column type=\u00bb1_4&#8243; _builder_version=\u00bb4.16&#8243; _module_preset=\u00bbdefault\u00bb global_colors_info=\u00bb{}\u00bb][et_pb_text _builder_version=\u00bb4.16&#8243; _module_preset=\u00bbdefault\u00bb text_font=\u00bbQuicksand|700|||||||\u00bb text_text_color=\u00bb#ffffff\u00bb text_font_size=\u00bb15px\u00bb global_colors_info=\u00bb{}\u00bb]<\/p>\n<h1 style=\"text-align: left;\"><span><span style=\"color: #303030;\">EMBRUMAS <\/span>\u00a0\u00a0<\/span><\/h1>\n<p><span>Embrumas Verdejo es sin duda un vino que cuenta con todos los atributos para ser diferente<\/span><\/p>\n<p>[\/et_pb_text][\/et_pb_column][et_pb_column type=\u00bb1_4&#8243; _builder_version=\u00bb4.16&#8243; _module_preset=\u00bbdefault\u00bb global_colors_info=\u00bb{}\u00bb][et_pb_text _builder_version=\u00bb4.16&#8243; _module_preset=\u00bbdefault\u00bb text_font=\u00bbQuicksand|700|||||||\u00bb text_text_color=\u00bb#ffffff\u00bb text_font_size=\u00bb15px\u00bb global_colors_info=\u00bb{}\u00bb]<\/p>\n<h2 style=\"text-align: center;\"><span style=\"color: #303030;\">CARACTER\u00cdSTICAS<\/span><span style=\"font-size: 16px;\">\u00a0 \u00a0 \u00a0 \u00a0 \u00a0 \u00a0<\/span><\/h2>\n<p>Variedad: Verdejo<br \/>D.O: Rueda<br \/><span><\/span>Color: Amarillo pajizo con ligeros ribetes verdosos, limpio y brillante<br \/>Aroma: Gran expresividad, heno, hinojo, frutastropicales como pi\u00f1a, guayaba y mango<br \/>Boca: Explosivo, afrutado y untoso, con un final muy afrutado, largo y sedoso<\/p>\n<p>[\/et_pb_text][\/et_pb_column][et_pb_column type=\u00bb1_4&#8243; _builder_version=\u00bb4.16&#8243; _module_preset=\u00bbdefault\u00bb global_colors_info=\u00bb{}\u00bb][\/et_pb_column][\/et_pb_row][et_pb_row _builder_version=\u00bb4.16&#8243; _module_preset=\u00bbdefault\u00bb global_colors_info=\u00bb{}\u00bb][et_pb_column type=\u00bb4_4&#8243; _builder_version=\u00bb4.16&#8243; _module_preset=\u00bbdefault\u00bb global_colors_info=\u00bb{}\u00bb][et_pb_text module_id=\u00bbvinostintos\u00bb _builder_version=\u00bb4.16&#8243; _module_preset=\u00bbdefault\u00bb text_font=\u00bbQuicksand|700|||||||\u00bb text_text_color=\u00bb#303030&#8243; text_font_size=\u00bb25px\u00bb text_orientation=\u00bbcenter\u00bb text_text_shadow_style=\u00bbpreset1&#8243; global_colors_info=\u00bb{}\u00bb]D.O. RIAS BAIXAS[\/et_pb_text][\/et_pb_column][\/et_pb_row][et_pb_row column_structure=\u00bb1_4,1_4,1_4,1_4&#8243; _builder_version=\u00bb4.16&#8243; _module_preset=\u00bbdefault\u00bb global_colors_info=\u00bb{}\u00bb][et_pb_column type=\u00bb1_4&#8243; _builder_version=\u00bb4.16&#8243; _module_preset=\u00bbdefault\u00bb global_colors_info=\u00bb{}\u00bb][et_pb_image src=\u00bbhttps:\/\/ferroscafe.es\/wp-content\/uploads\/2021\/03\/55-1.png\u00bb alt=\u00bbPazo de Seoane\u00bb title_text=\u00bb55&#8243; _builder_version=\u00bb4.16&#8243; _module_preset=\u00bbdefault\u00bb width=\u00bb40%\u00bb custom_margin=\u00bb|-41px|-3px|4px|false|false\u00bb custom_padding=\u00bb|0px|28px|||\u00bb global_colors_info=\u00bb{}\u00bb][\/et_pb_image][\/et_pb_column][et_pb_column type=\u00bb1_4&#8243; _builder_version=\u00bb4.16&#8243; _module_preset=\u00bbdefault\u00bb global_colors_info=\u00bb{}\u00bb][et_pb_text _builder_version=\u00bb4.16&#8243; _module_preset=\u00bbdefault\u00bb text_font=\u00bbQuicksand|700|||||||\u00bb text_text_color=\u00bb#ffffff\u00bb text_font_size=\u00bb15px\u00bb global_colors_info=\u00bb{}\u00bb]<\/p>\n<h1 style=\"text-align: left;\"><span><span style=\"color: #303030;\">PAZO DE SEOANE<\/span>\u00a0 \u00a0 \u00a0 \u00a0 \u00a0 \u00a0\u00a0<\/span><\/h1>\n<p>Tras la decantaci\u00f3n, el mosto limpio inicia la fermentaci\u00f3n a temperatura controlada. Durante su estancia en los dep\u00f3sitos, el vino permanece con sus l\u00edas finas que, mediante bazuqu\u00e9os peri\u00f3dicos, se mantienen en suspensi\u00f3n aportando as\u00ed complejidad y densidad.<\/p>\n<p>[\/et_pb_text][\/et_pb_column][et_pb_column type=\u00bb1_4&#8243; _builder_version=\u00bb4.16&#8243; _module_preset=\u00bbdefault\u00bb global_colors_info=\u00bb{}\u00bb][et_pb_text _builder_version=\u00bb4.16&#8243; _module_preset=\u00bbdefault\u00bb text_font=\u00bbQuicksand|700|||||||\u00bb text_text_color=\u00bb#ffffff\u00bb text_font_size=\u00bb15px\u00bb global_colors_info=\u00bb{}\u00bb]<\/p>\n<h2 style=\"text-align: center;\"><span style=\"color: #ffffff;\"><span style=\"color: #303030;\">CARACTER\u00cdSTICAS<\/span><span style=\"font-size: 16px;\">\u00a0 \u00a0 \u00a0 \u00a0 \u00a0 \u00a0<\/span><\/span><\/h2>\n<p>Variedad: Multivarietal<br \/>D.O: R\u00edas Baixas<br \/><span><\/span>Color: Amarillo pajizo con reflejos verdosos, muy brillante<br \/>Aroma: Aromas florales predominantes como el jazm\u00edn y azahar<br \/>Boca: Muy fresco, con la acidez bien integrada y muy equilibrada<\/p>\n<p>[\/et_pb_text][\/et_pb_column][et_pb_column type=\u00bb1_4&#8243; _builder_version=\u00bb4.16&#8243; _module_preset=\u00bbdefault\u00bb global_colors_info=\u00bb{}\u00bb][\/et_pb_column][\/et_pb_row][et_pb_row column_structure=\u00bb1_4,1_4,1_4,1_4&#8243; _builder_version=\u00bb4.16&#8243; _module_preset=\u00bbdefault\u00bb global_colors_info=\u00bb{}\u00bb][et_pb_column type=\u00bb1_4&#8243; _builder_version=\u00bb4.16&#8243; _module_preset=\u00bbdefault\u00bb global_colors_info=\u00bb{}\u00bb][et_pb_image src=\u00bbhttps:\/\/ferroscafe.es\/wp-content\/uploads\/2024\/01\/mar-de-frades-1.png\u00bb alt=\u00bbPazo de Seoane\u00bb title_text=\u00bbmar-de-frades\u00bb _builder_version=\u00bb4.24.0&#8243; _module_preset=\u00bbdefault\u00bb width=\u00bb40%\u00bb custom_margin=\u00bb|-41px|-3px|4px|false|false\u00bb custom_padding=\u00bb|0px|28px|||\u00bb global_colors_info=\u00bb{}\u00bb][\/et_pb_image][\/et_pb_column][et_pb_column type=\u00bb1_4&#8243; _builder_version=\u00bb4.16&#8243; _module_preset=\u00bbdefault\u00bb global_colors_info=\u00bb{}\u00bb][et_pb_text _builder_version=\u00bb4.24.0&#8243; _module_preset=\u00bbdefault\u00bb text_font=\u00bbQuicksand|700|||||||\u00bb text_text_color=\u00bb#ffffff\u00bb text_font_size=\u00bb15px\u00bb global_colors_info=\u00bb{}\u00bb]<\/p>\n<h1 style=\"text-align: left;\"><span><span style=\"color: #303030;\">ALBARI\u00d1O<\/span>\u00a0 \u00a0 \u00a0 \u00a0 \u00a0 \u00a0\u00a0<\/span><\/h1>\n<p>La uva, sana y con fuertes aromas a frutas tropicales, pas\u00f3 directamente por un prensado suave para terminar en el dep\u00f3sito<br \/>donde tendr\u00e1 lugar la fermentaci\u00f3n alcoh\u00f3lica con levadura aut\u00f3ctonas.<\/p>\n<p>[\/et_pb_text][\/et_pb_column][et_pb_column type=\u00bb1_4&#8243; _builder_version=\u00bb4.16&#8243; _module_preset=\u00bbdefault\u00bb global_colors_info=\u00bb{}\u00bb][et_pb_text _builder_version=\u00bb4.24.0&#8243; _module_preset=\u00bbdefault\u00bb text_font=\u00bbQuicksand|700|||||||\u00bb text_text_color=\u00bb#ffffff\u00bb text_font_size=\u00bb15px\u00bb global_colors_info=\u00bb{}\u00bb]<\/p>\n<h2 style=\"text-align: center;\"><span style=\"color: #ffffff;\"><span style=\"color: #303030;\">CARACTER\u00cdSTICAS<\/span><span style=\"font-size: 16px;\">\u00a0 \u00a0 \u00a0 \u00a0 \u00a0 \u00a0<\/span><\/span><\/h2>\n<p>Variedad: Multivarietal<br \/>D.O: R\u00edas Baixas<br \/><span><\/span>Color: es un vino reluciente, color lim\u00f3n p\u00e1lido, con reflejos destellantes<br \/>de lima.<br \/>Aroma: Fresco e intenso, fruta<br \/>tropical (mango y fruta pasi\u00f3n), flores silvestres y notas de eucalipto y<br \/>menta est\u00e1n siempre presentes.<br \/>Boca: Fluido y refrescante,<br \/>al mismo tiempo que suave y sabroso, un vino que irradia luz desde su car\u00e1cter salino y mineral.<\/p>\n<p>[\/et_pb_text][\/et_pb_column][et_pb_column type=\u00bb1_4&#8243; _builder_version=\u00bb4.16&#8243; _module_preset=\u00bbdefault\u00bb global_colors_info=\u00bb{}\u00bb][\/et_pb_column][\/et_pb_row][et_pb_row _builder_version=\u00bb4.16&#8243; _module_preset=\u00bbdefault\u00bb global_colors_info=\u00bb{}\u00bb][et_pb_column type=\u00bb4_4&#8243; _builder_version=\u00bb4.16&#8243; _module_preset=\u00bbdefault\u00bb global_colors_info=\u00bb{}\u00bb][et_pb_text module_id=\u00bbvinostintos\u00bb _builder_version=\u00bb4.24.0&#8243; _module_preset=\u00bbdefault\u00bb text_font=\u00bbQuicksand|700|||||||\u00bb text_text_color=\u00bb#303030&#8243; text_font_size=\u00bb25px\u00bb text_orientation=\u00bbcenter\u00bb text_text_shadow_style=\u00bbpreset1&#8243; global_colors_info=\u00bb{}\u00bb]<\/p>\n<p>D.O.\u00a0 BIERZO<\/p>\n<p>[\/et_pb_text][\/et_pb_column][\/et_pb_row][et_pb_row column_structure=\u00bb1_4,1_4,1_4,1_4&#8243; _builder_version=\u00bb4.16&#8243; _module_preset=\u00bbdefault\u00bb global_colors_info=\u00bb{}\u00bb][et_pb_column type=\u00bb1_4&#8243; _builder_version=\u00bb4.16&#8243; _module_preset=\u00bbdefault\u00bb global_colors_info=\u00bb{}\u00bb][et_pb_image src=\u00bbhttps:\/\/ferroscafe.es\/wp-content\/uploads\/2024\/01\/Sin-titulo-13-1.png\u00bb alt=\u00bbPazo de Seoane\u00bb title_text=\u00bbSin t\u00edtulo-13&#8243; _builder_version=\u00bb4.24.0&#8243; _module_preset=\u00bbdefault\u00bb width=\u00bb40%\u00bb custom_margin=\u00bb|-41px|-3px|4px|false|false\u00bb custom_padding=\u00bb|0px|28px|||\u00bb global_colors_info=\u00bb{}\u00bb][\/et_pb_image][\/et_pb_column][et_pb_column type=\u00bb1_4&#8243; _builder_version=\u00bb4.16&#8243; _module_preset=\u00bbdefault\u00bb global_colors_info=\u00bb{}\u00bb][et_pb_text _builder_version=\u00bb4.24.0&#8243; _module_preset=\u00bbdefault\u00bb text_font=\u00bbQuicksand|700|||||||\u00bb text_text_color=\u00bb#ffffff\u00bb text_font_size=\u00bb15px\u00bb custom_padding=\u00bb||9px|||\u00bb global_colors_info=\u00bb{}\u00bb]<\/p>\n<h1 style=\"text-align: left;\"><span style=\"color: #303030;\">CAMPO REDONDO<\/span><\/h1>\n<p>Vino procedente de vi\u00f1edos propios fruto de una viticultura manual y tradicional en la regi\u00f3n de Villadecanes (D.O Bierzo).<\/p>\n<p>[\/et_pb_text][\/et_pb_column][et_pb_column type=\u00bb1_4&#8243; _builder_version=\u00bb4.16&#8243; _module_preset=\u00bbdefault\u00bb global_colors_info=\u00bb{}\u00bb][et_pb_text _builder_version=\u00bb4.24.0&#8243; _module_preset=\u00bbdefault\u00bb text_font=\u00bbQuicksand|700|||||||\u00bb text_text_color=\u00bb#ffffff\u00bb text_font_size=\u00bb15px\u00bb global_colors_info=\u00bb{}\u00bb]<\/p>\n<h2 style=\"text-align: center;\"><span style=\"color: #ffffff;\"><span style=\"color: #303030;\">CARACTER\u00cdSTICAS<\/span><span style=\"font-size: 16px;\">\u00a0 \u00a0 \u00a0 \u00a0 \u00a0 \u00a0<\/span><\/span><\/h2>\n<p>Variedad: 100% Godello<br \/>D.O: Bierzo<br \/>Color: Limpio, brillante, de l\u00e1grima untuosa, capa media. Color dorado intenso\u00a0 con tonos verdosos.<br \/>Aroma: Nariz elegante de gran intensidad arom\u00e1tica. Notas a fruta y flores blancas;<br \/>Serie herbal a hinojo, hoja de higuera.<br \/>Boca: Equilibrado, fresco, de textura ligeramente cremosa, amable al paladar.<\/p>\n<p>[\/et_pb_text][\/et_pb_column][et_pb_column type=\u00bb1_4&#8243; _builder_version=\u00bb4.16&#8243; _module_preset=\u00bbdefault\u00bb global_colors_info=\u00bb{}\u00bb][\/et_pb_column][\/et_pb_row][et_pb_row _builder_version=\u00bb4.24.0&#8243; _module_preset=\u00bbdefault\u00bb global_colors_info=\u00bb{}\u00bb][et_pb_column type=\u00bb4_4&#8243; _builder_version=\u00bb4.24.0&#8243; _module_preset=\u00bbdefault\u00bb global_colors_info=\u00bb{}\u00bb][et_pb_text module_id=\u00bbvinostintos\u00bb _builder_version=\u00bb4.16&#8243; _module_preset=\u00bbdefault\u00bb text_font=\u00bbQuicksand|700|||||||\u00bb text_text_color=\u00bb#303030&#8243; text_font_size=\u00bb25px\u00bb text_orientation=\u00bbcenter\u00bb text_text_shadow_style=\u00bbpreset1&#8243; global_colors_info=\u00bb{}\u00bb]VINOS ROSADOS[\/et_pb_text][\/et_pb_column][\/et_pb_row][et_pb_row column_structure=\u00bb1_4,1_4,1_4,1_4&#8243; _builder_version=\u00bb4.16&#8243; _module_preset=\u00bbdefault\u00bb global_colors_info=\u00bb{}\u00bb][et_pb_column type=\u00bb1_4&#8243; _builder_version=\u00bb4.16&#8243; _module_preset=\u00bbdefault\u00bb global_colors_info=\u00bb{}\u00bb][et_pb_image src=\u00bbhttps:\/\/ferroscafe.es\/wp-content\/uploads\/2024\/01\/ramon-bilbao-rosado-1.png\u00bb alt=\u00bbVi\u00f1a Alberdi\u00bb title_text=\u00bbramon-bilbao-rosado\u00bb _builder_version=\u00bb4.24.0&#8243; _module_preset=\u00bbdefault\u00bb width=\u00bb33%\u00bb custom_margin=\u00bb0px|-41px|-3px|10px|false|false\u00bb custom_padding=\u00bb|0px|28px|||\u00bb global_colors_info=\u00bb{}\u00bb][\/et_pb_image][\/et_pb_column][et_pb_column type=\u00bb1_4&#8243; _builder_version=\u00bb4.16&#8243; _module_preset=\u00bbdefault\u00bb global_colors_info=\u00bb{}\u00bb][et_pb_text _builder_version=\u00bb4.24.0&#8243; _module_preset=\u00bbdefault\u00bb text_font=\u00bbQuicksand|700|||||||\u00bb text_text_color=\u00bb#ffffff\u00bb text_font_size=\u00bb15px\u00bb global_colors_info=\u00bb{}\u00bb]<\/p>\n<h1 style=\"text-align: left;\"><span style=\"color: #303030;\">RAM\u00d3N BILBAO ROSADO<\/span>\u00a0 \u00a0 \u00a0 \u00a0 \u00a0 \u00a0 \u00a0\u00a0<\/h1>\n<p>Elaborado con el af\u00e1n de recuperar un vino cl\u00e1sico de Rioja Alta, acostumbrada a los p\u00e1lidos tonos del rosado y al poder de la sutileza.<\/p>\n<p>&nbsp;<\/p>\n<p>[\/et_pb_text][\/et_pb_column][et_pb_column type=\u00bb1_4&#8243; _builder_version=\u00bb4.16&#8243; _module_preset=\u00bbdefault\u00bb global_colors_info=\u00bb{}\u00bb][et_pb_text _builder_version=\u00bb4.16&#8243; _module_preset=\u00bbdefault\u00bb text_font=\u00bbQuicksand|700|||||||\u00bb text_text_color=\u00bb#ffffff\u00bb text_font_size=\u00bb15px\u00bb global_colors_info=\u00bb{}\u00bb]<\/p>\n<h2 style=\"text-align: center;\"><span style=\"color: #303030;\">\u00a0CARACTER\u00cdSTICAS<\/span><span style=\"font-size: 16px;\">\u00a0 \u00a0 \u00a0 \u00a0 \u00a0 \u00a0<\/span><\/h2>\n<p>Variedad: 85% Garnacha, 15% Viura<br \/>D.O: Rioja<br \/>Vol Alcohol: 12,6%<span><\/span><br \/><span><\/span>Color: Color rosa salm\u00f3n<br \/>de p\u00e1lida intensidad.<br \/>Aroma: Es fresco, por los aromas<br \/>de c\u00edtricos, piel de lima, frutas<br \/>rojas y notas de flores blancas.<br \/>Boca: Es agradable, con<br \/>vibrante acidez, de cuerpo ligero y listo para disfrutarlo.<\/p>\n<p>[\/et_pb_text][\/et_pb_column][et_pb_column type=\u00bb1_4&#8243; _builder_version=\u00bb4.16&#8243; _module_preset=\u00bbdefault\u00bb global_colors_info=\u00bb{}\u00bb][\/et_pb_column][\/et_pb_row][et_pb_row column_structure=\u00bb1_4,1_4,1_4,1_4&#8243; _builder_version=\u00bb4.16&#8243; _module_preset=\u00bbdefault\u00bb global_colors_info=\u00bb{}\u00bb][et_pb_column type=\u00bb1_4&#8243; _builder_version=\u00bb4.16&#8243; _module_preset=\u00bbdefault\u00bb global_colors_info=\u00bb{}\u00bb][et_pb_image src=\u00bbhttps:\/\/ferroscafe.es\/wp-content\/uploads\/2021\/03\/Las-campanas.png\u00bb alt=\u00bbLas campanas\u00bb title_text=\u00bbLas-campanas\u00bb _builder_version=\u00bb4.16&#8243; _module_preset=\u00bbdefault\u00bb width=\u00bb40%\u00bb custom_margin=\u00bb|-41px|-3px|||\u00bb custom_padding=\u00bb|0px|28px|||\u00bb global_colors_info=\u00bb{}\u00bb][\/et_pb_image][\/et_pb_column][et_pb_column type=\u00bb1_4&#8243; _builder_version=\u00bb4.16&#8243; _module_preset=\u00bbdefault\u00bb global_colors_info=\u00bb{}\u00bb][et_pb_text _builder_version=\u00bb4.16&#8243; _module_preset=\u00bbdefault\u00bb text_font=\u00bbQuicksand|700|||||||\u00bb text_text_color=\u00bb#ffffff\u00bb text_font_size=\u00bb15px\u00bb global_colors_info=\u00bb{}\u00bb]<\/p>\n<h1 style=\"text-align: left;\"><span><span style=\"color: #ffffff;\"><span style=\"color: #303030;\">CAMPANAS ROSADO<\/span>\u00a0 \u00a0<\/span> \u00a0<\/span><\/h1>\n<p><span>Bodegas Manzanos Campanas ha elaborado este Las Campanas Rosado, un vino rosado de Navarra que contiene garnacha negra. Un vino rosado valorado con 4 puntos sobre 5 seg\u00fan los usuarios de Drinks&amp;Co.<\/span><\/p>\n<p>[\/et_pb_text][\/et_pb_column][et_pb_column type=\u00bb1_4&#8243; _builder_version=\u00bb4.16&#8243; _module_preset=\u00bbdefault\u00bb global_colors_info=\u00bb{}\u00bb][et_pb_text _builder_version=\u00bb4.16&#8243; _module_preset=\u00bbdefault\u00bb text_font=\u00bbQuicksand|700|||||||\u00bb text_text_color=\u00bb#ffffff\u00bb text_font_size=\u00bb15px\u00bb global_colors_info=\u00bb{}\u00bb]<\/p>\n<h2 style=\"text-align: center;\"><span style=\"color: #303030;\">CARACTER\u00cdSTICAS<\/span><span style=\"font-size: 16px;\"><span style=\"color: #ffffff;\">\u00a0<\/span> \u00a0 \u00a0 \u00a0 \u00a0 \u00a0<\/span><\/h2>\n<p>Variedad: Garnacha<br \/>D.O: Europeo<br \/><span>Vol Alcohol: 13%\u00a0<\/span><br \/><span><\/span>Color: De color rosa brillante con reflejos viol\u00e1ceos<br \/>Aroma: En nariz se presenta fresco, intenso, con notas de frutas rojas<br \/>y un fondo floral<br \/>Boca: En boca es denso y carnoso, pleno de frutalidad, equilibrado<br \/>y persistente<\/p>\n<p>[\/et_pb_text][\/et_pb_column][et_pb_column type=\u00bb1_4&#8243; _builder_version=\u00bb4.16&#8243; _module_preset=\u00bbdefault\u00bb global_colors_info=\u00bb{}\u00bb][\/et_pb_column][\/et_pb_row][\/et_pb_section]<\/p>\n","protected":false},"excerpt":{"rendered":"<p>VinosVINOS TINTOSD.O. RIOJARAM\u00d3N BILBAO EDICI\u00d3N LIMITADA\u00a0 \u00a0 \u00a0 \u00a0 \u00a0 \u00a0 Selecci\u00f3n de racimos y fermentaci\u00f3n artesanalen tinos de madera a Temperatura controlada27-28\u00baC. Se utilizan levaduras aut\u00f3ctonas.Crianza durante 15 meses en barricas nuevas de roble franc\u00e9s y posteriormente 10 meses en botella en bodega subterr\u00e1neaCARACTER\u00cdSTICAS\u00a0 \u00a0 \u00a0 \u00a0 \u00a0 \u00a0 Variedad: TempranilloD.O: RiojaColor: profundo color [&hellip;]<\/p>\n","protected":false},"author":7,"featured_media":0,"parent":0,"menu_order":0,"comment_status":"closed","ping_status":"closed","template":"","meta":{"_et_pb_use_builder":"on","_et_pb_old_content":"<!-- wp:divi\/placeholder \/-->","_et_gb_content_width":"","footnotes":""},"class_list":["post-1680","page","type-page","status-publish","hentry"],"yoast_head":"<!-- This site is optimized with the Yoast SEO plugin v28.4 - https:\/\/yoast.com\/product\/yoast-seo-wordpress\/ -->\n<title>Vinos - Ferros Caf\u00e9<\/title>\n<meta name=\"robots\" content=\"index, follow, max-snippet:-1, max-image-preview:large, max-video-preview:-1\" \/>\n<link rel=\"canonical\" href=\"https:\/\/ferroscafe.es\/en\/vinos\/\" \/>\n<meta property=\"og:locale\" content=\"en_US\" \/>\n<meta property=\"og:type\" content=\"article\" \/>\n<meta property=\"og:title\" content=\"Vinos - Ferros Caf\u00e9\" \/>\n<meta property=\"og:description\" content=\"VinosVINOS TINTOSD.O. RIOJARAM\u00d3N BILBAO EDICI\u00d3N LIMITADA\u00a0 \u00a0 \u00a0 \u00a0 \u00a0 \u00a0 Selecci\u00f3n de racimos y fermentaci\u00f3n artesanalen tinos de madera a Temperatura controlada27-28\u00baC. Se utilizan levaduras aut\u00f3ctonas.Crianza durante 15 meses en barricas nuevas de roble franc\u00e9s y posteriormente 10 meses en botella en bodega subterr\u00e1neaCARACTER\u00cdSTICAS\u00a0 \u00a0 \u00a0 \u00a0 \u00a0 \u00a0 Variedad: TempranilloD.O: RiojaColor: profundo color [&hellip;]\" \/>\n<meta property=\"og:url\" content=\"https:\/\/ferroscafe.es\/en\/vinos\/\" \/>\n<meta property=\"og:site_name\" content=\"Ferros Caf\u00e9\" \/>\n<meta property=\"article:modified_time\" content=\"2024-01-25T10:35:31+00:00\" \/>\n<meta name=\"twitter:card\" content=\"summary_large_image\" \/>\n<meta name=\"twitter:label1\" content=\"Est. reading time\" \/>\n\t<meta name=\"twitter:data1\" content=\"26 minutes\" \/>\n<script type=\"application\/ld+json\" class=\"yoast-schema-graph\">{\"@context\":\"https:\\\/\\\/schema.org\",\"@graph\":[{\"@type\":\"WebPage\",\"@id\":\"https:\\\/\\\/ferroscafe.es\\\/vinos\\\/\",\"url\":\"https:\\\/\\\/ferroscafe.es\\\/vinos\\\/\",\"name\":\"Vinos - Ferros Caf\u00e9\",\"isPartOf\":{\"@id\":\"https:\\\/\\\/ferroscafe.es\\\/#website\"},\"datePublished\":\"2021-03-04T13:27:41+00:00\",\"dateModified\":\"2024-01-25T10:35:31+00:00\",\"breadcrumb\":{\"@id\":\"https:\\\/\\\/ferroscafe.es\\\/vinos\\\/#breadcrumb\"},\"inLanguage\":\"en-US\",\"potentialAction\":[{\"@type\":\"ReadAction\",\"target\":[\"https:\\\/\\\/ferroscafe.es\\\/vinos\\\/\"]}]},{\"@type\":\"BreadcrumbList\",\"@id\":\"https:\\\/\\\/ferroscafe.es\\\/vinos\\\/#breadcrumb\",\"itemListElement\":[{\"@type\":\"ListItem\",\"position\":1,\"name\":\"Portada\",\"item\":\"https:\\\/\\\/ferroscafe.es\\\/\"},{\"@type\":\"ListItem\",\"position\":2,\"name\":\"Vinos\"}]},{\"@type\":\"WebSite\",\"@id\":\"https:\\\/\\\/ferroscafe.es\\\/#website\",\"url\":\"https:\\\/\\\/ferroscafe.es\\\/\",\"name\":\"Ferros Caf\u00e9\",\"description\":\"Cocina de mercado en Chamber\u00ed, Madrid\",\"potentialAction\":[{\"@type\":\"SearchAction\",\"target\":{\"@type\":\"EntryPoint\",\"urlTemplate\":\"https:\\\/\\\/ferroscafe.es\\\/?s={search_term_string}\"},\"query-input\":{\"@type\":\"PropertyValueSpecification\",\"valueRequired\":true,\"valueName\":\"search_term_string\"}}],\"inLanguage\":\"en-US\"}]}<\/script>\n<!-- \/ Yoast SEO plugin. -->","yoast_head_json":{"title":"Vinos - Ferros Caf\u00e9","robots":{"index":"index","follow":"follow","max-snippet":"max-snippet:-1","max-image-preview":"max-image-preview:large","max-video-preview":"max-video-preview:-1"},"canonical":"https:\/\/ferroscafe.es\/en\/vinos\/","og_locale":"en_US","og_type":"article","og_title":"Vinos - Ferros Caf\u00e9","og_description":"VinosVINOS TINTOSD.O. RIOJARAM\u00d3N BILBAO EDICI\u00d3N LIMITADA\u00a0 \u00a0 \u00a0 \u00a0 \u00a0 \u00a0 Selecci\u00f3n de racimos y fermentaci\u00f3n artesanalen tinos de madera a Temperatura controlada27-28\u00baC. Se utilizan levaduras aut\u00f3ctonas.Crianza durante 15 meses en barricas nuevas de roble franc\u00e9s y posteriormente 10 meses en botella en bodega subterr\u00e1neaCARACTER\u00cdSTICAS\u00a0 \u00a0 \u00a0 \u00a0 \u00a0 \u00a0 Variedad: TempranilloD.O: RiojaColor: profundo color [&hellip;]","og_url":"https:\/\/ferroscafe.es\/en\/vinos\/","og_site_name":"Ferros Caf\u00e9","article_modified_time":"2024-01-25T10:35:31+00:00","twitter_card":"summary_large_image","twitter_misc":{"Est. reading time":"26 minutes"},"schema":{"@context":"https:\/\/schema.org","@graph":[{"@type":"WebPage","@id":"https:\/\/ferroscafe.es\/vinos\/","url":"https:\/\/ferroscafe.es\/vinos\/","name":"Vinos - Ferros Caf\u00e9","isPartOf":{"@id":"https:\/\/ferroscafe.es\/#website"},"datePublished":"2021-03-04T13:27:41+00:00","dateModified":"2024-01-25T10:35:31+00:00","breadcrumb":{"@id":"https:\/\/ferroscafe.es\/vinos\/#breadcrumb"},"inLanguage":"en-US","potentialAction":[{"@type":"ReadAction","target":["https:\/\/ferroscafe.es\/vinos\/"]}]},{"@type":"BreadcrumbList","@id":"https:\/\/ferroscafe.es\/vinos\/#breadcrumb","itemListElement":[{"@type":"ListItem","position":1,"name":"Portada","item":"https:\/\/ferroscafe.es\/"},{"@type":"ListItem","position":2,"name":"Vinos"}]},{"@type":"WebSite","@id":"https:\/\/ferroscafe.es\/#website","url":"https:\/\/ferroscafe.es\/","name":"Ferros Caf\u00e9","description":"Cocina de mercado en Chamber\u00ed, Madrid","potentialAction":[{"@type":"SearchAction","target":{"@type":"EntryPoint","urlTemplate":"https:\/\/ferroscafe.es\/?s={search_term_string}"},"query-input":{"@type":"PropertyValueSpecification","valueRequired":true,"valueName":"search_term_string"}}],"inLanguage":"en-US"}]}},"_links":{"self":[{"href":"https:\/\/ferroscafe.es\/en\/wp-json\/wp\/v2\/pages\/1680","targetHints":{"allow":["GET"]}}],"collection":[{"href":"https:\/\/ferroscafe.es\/en\/wp-json\/wp\/v2\/pages"}],"about":[{"href":"https:\/\/ferroscafe.es\/en\/wp-json\/wp\/v2\/types\/page"}],"author":[{"embeddable":true,"href":"https:\/\/ferroscafe.es\/en\/wp-json\/wp\/v2\/users\/7"}],"replies":[{"embeddable":true,"href":"https:\/\/ferroscafe.es\/en\/wp-json\/wp\/v2\/comments?post=1680"}],"version-history":[{"count":3,"href":"https:\/\/ferroscafe.es\/en\/wp-json\/wp\/v2\/pages\/1680\/revisions"}],"predecessor-version":[{"id":6111,"href":"https:\/\/ferroscafe.es\/en\/wp-json\/wp\/v2\/pages\/1680\/revisions\/6111"}],"wp:attachment":[{"href":"https:\/\/ferroscafe.es\/en\/wp-json\/wp\/v2\/media?parent=1680"}],"curies":[{"name":"wp","href":"https:\/\/api.w.org\/{rel}","templated":true}]}}