{"id":26,"date":"2020-06-19T10:28:47","date_gmt":"2020-06-19T08:28:47","guid":{"rendered":"https:\/\/ferros.ferroscafe.es\/?page_id=26"},"modified":"2024-01-08T16:00:17","modified_gmt":"2024-01-08T15:00:17","slug":"menu-del-dia","status":"publish","type":"page","link":"https:\/\/ferroscafe.es\/en\/menu-del-dia\/","title":{"rendered":"Men\u00fa del d\u00eda Llorca"},"content":{"rendered":"<p>[et_pb_section fb_built=\u00bb1&#8243; _builder_version=\u00bb4.16&#8243; background_color=\u00bbrgba(0,0,0,0.65)\u00bb background_image=\u00bbhttps:\/\/ferroscafe.es\/wp-content\/uploads\/2020\/07\/Copia-de-069-scaled.jpg\u00bb background_blend=\u00bbmultiply\u00bb width=\u00bb100%\u00bb custom_padding=\u00bb7%||7%||true|false\u00bb global_colors_info=\u00bb{}\u00bb][et_pb_row _builder_version=\u00bb4.16&#8243; global_colors_info=\u00bb{}\u00bb][et_pb_column type=\u00bb4_4&#8243; _builder_version=\u00bb4.16&#8243; global_colors_info=\u00bb{}\u00bb][et_pb_text _builder_version=\u00bb4.16&#8243; text_font=\u00bbNexa Bold||||||||\u00bb text_text_color=\u00bb#ffffff\u00bb text_font_size=\u00bb80px\u00bb text_line_height=\u00bb1em\u00bb text_orientation=\u00bbcenter\u00bb text_font_size_tablet=\u00bb\u00bb text_font_size_phone=\u00bb45px\u00bb text_font_size_last_edited=\u00bbon|phone\u00bb global_colors_info=\u00bb{}\u00bb]<\/p>\n<p>Men\u00fa del d\u00eda<\/p>\n<p>[\/et_pb_text][\/et_pb_column][\/et_pb_row][\/et_pb_section][et_pb_section fb_built=\u00bb1&#8243; _builder_version=\u00bb4.23.1&#8243; _module_preset=\u00bbdefault\u00bb width=\u00bb99.9%\u00bb global_colors_info=\u00bb{}\u00bb][et_pb_row _builder_version=\u00bb4.20.4&#8243; _module_preset=\u00bbdefault\u00bb global_colors_info=\u00bb{}\u00bb][et_pb_column type=\u00bb4_4&#8243; _builder_version=\u00bb4.20.4&#8243; _module_preset=\u00bbdefault\u00bb global_colors_info=\u00bb{}\u00bb][et_pb_text _builder_version=\u00bb4.16&#8243; _module_preset=\u00bbdefault\u00bb text_font=\u00bbPoppins||||||||\u00bb ul_text_align=\u00bbleft\u00bb inline_fonts=\u00bbNexa Bold\u00bb global_colors_info=\u00bb{}\u00bb][\/et_pb_text][et_pb_image src=\u00bbhttps:\/\/ferroscafe.es\/wp-content\/uploads\/2020\/09\/Ferros-Angel-blanco.png\u00bb title_text=\u00bbFerros-Angel blanco\u00bb _builder_version=\u00bb4.16&#8243; _module_preset=\u00bbdefault\u00bb width=\u00bb75%\u00bb module_alignment=\u00bbcenter\u00bb custom_margin=\u00bb-10%||0px||false|false\u00bb custom_padding=\u00bb||0px|||\u00bb global_colors_info=\u00bb{}\u00bb][\/et_pb_image][\/et_pb_column][\/et_pb_row][et_pb_row column_structure=\u00bb1_2,1_2&#8243; disabled_on=\u00bbon|on|on\u00bb _builder_version=\u00bb4.22.1&#8243; _module_preset=\u00bbdefault\u00bb disabled=\u00bbon\u00bb global_colors_info=\u00bb{}\u00bb][et_pb_column type=\u00bb1_2&#8243; _builder_version=\u00bb4.16&#8243; _module_preset=\u00bbdefault\u00bb global_colors_info=\u00bb{}\u00bb][et_pb_text _builder_version=\u00bb4.16&#8243; _module_preset=\u00bbdefault\u00bb text_font=\u00bbPoppins||||||||\u00bb ul_text_align=\u00bbleft\u00bb inline_fonts=\u00bbNexa Bold\u00bb global_colors_info=\u00bb{}\u00bb][\/et_pb_text][et_pb_text disabled_on=\u00bboff|off|off\u00bb _builder_version=\u00bb4.22.1&#8243; _module_preset=\u00bbdefault\u00bb text_font=\u00bbPoppins||||||||\u00bb ul_text_align=\u00bbleft\u00bb inline_fonts=\u00bbNexa Bold\u00bb global_colors_info=\u00bb{}\u00bb]<\/p>\n<p style=\"text-align: center;\"><span style=\"font-family: 'Nexa Bold'; font-weight: normal; font-size: xx-large;\">Martes, 12 de Septiembre.<\/span><\/p>\n<p>[\/et_pb_text][et_pb_text disabled_on=\u00bboff|off|off\u00bb _builder_version=\u00bb4.18.0&#8243; _module_preset=\u00bbdefault\u00bb text_font=\u00bbTexas hero||||||||\u00bb text_font_size=\u00bb40px\u00bb header_2_font_size=\u00bb47px\u00bb width=\u00bb100%\u00bb custom_margin=\u00bb||1px|||\u00bb locked=\u00bboff\u00bb inline_fonts=\u00bbNexa Light,Nexa Bold\u00bb global_colors_info=\u00bb{}\u00bb]<\/p>\n<h2 style=\"text-align: center;\"><span style=\"font-family: 'Nexa Bold'; font-weight: normal; font-size: xx-large;\">Primeros<\/span><\/h2>\n<p>[\/et_pb_text][et_pb_text disabled_on=\u00bboff|off|off\u00bb _builder_version=\u00bb4.22.1&#8243; _module_preset=\u00bbdefault\u00bb text_font=\u00bbPoppins||||||||\u00bb text_font_size=\u00bb20px\u00bb text_line_height=\u00bb1em\u00bb ul_text_align=\u00bbleft\u00bb text_orientation=\u00bbcenter\u00bb link_option_url=\u00bbSegundos\u00bb inline_fonts=\u00bbNexa Light,Nexa Bold\u00bb global_colors_info=\u00bb{}\u00bb]<\/p>\n<p>*Arroz negro con sepia, calamares y salsa alioli.<\/p>\n<p>*Ravioli de carne con salsa a los cuatro\u00a0\u00a0\u00a0<\/p>\n<p>*Guisantes a la francesa con lechuga en juliana y virutas de jam\u00f3n.<\/p>\n<p>*Ensalada de queso feta con salsa de albahaca.<\/p>\n<p>*Salmorejo cordob\u00e9s con huevo duro y jam\u00f3n crujiente.<\/p>\n<p>[\/et_pb_text][et_pb_text disabled_on=\u00bboff|off|off\u00bb _builder_version=\u00bb4.18.0&#8243; _module_preset=\u00bbdefault\u00bb text_font=\u00bbTexas hero||||||||\u00bb text_font_size=\u00bb40px\u00bb header_2_font_size=\u00bb47px\u00bb width=\u00bb100%\u00bb max_width=\u00bb100%\u00bb min_height=\u00bb45px\u00bb custom_margin=\u00bb||1px|||\u00bb custom_padding=\u00bb0px||0px||false|false\u00bb locked=\u00bboff\u00bb inline_fonts=\u00bbNexa Bold\u00bb global_colors_info=\u00bb{}\u00bb]<\/p>\n<h2 style=\"text-align: center;\"><span face=\"Nexa Bold\" style=\"font-size: xx-large; font-weight: normal; font-family: 'Nexa Bold';\">Segundos<\/span><\/h2>\n<p>[\/et_pb_text][et_pb_text disabled_on=\u00bboff|off|off\u00bb _builder_version=\u00bb4.22.1&#8243; _module_preset=\u00bbdefault\u00bb text_font=\u00bbPoppins||||||||\u00bb text_font_size=\u00bb20px\u00bb text_line_height=\u00bb1em\u00bb ul_text_align=\u00bbleft\u00bb text_orientation=\u00bbcenter\u00bb min_height=\u00bb222.8px\u00bb inline_fonts=\u00bbNexa Bold,Abel\u00bb global_colors_info=\u00bb{}\u00bb]<\/p>\n<p>*Lomo de corvina al horno con medallones de patatas.<\/p>\n<p>*Secreto de cerdo ib\u00e9rico a la plancha con cebolla caramelizada y patatas fritas.<\/p>\n<p>*Tiras de pollo al wok con verduras salteadas y salsa de soja.<\/p>\n<p>*Bistec de ternera a la plancha con ensalada<\/p>\n<p>[\/et_pb_text][et_pb_text disabled_on=\u00bboff|off|off\u00bb _builder_version=\u00bb4.18.0&#8243; _module_preset=\u00bbdefault\u00bb global_colors_info=\u00bb{}\u00bb]<\/p>\n<p style=\"text-align: center;\"><span style=\"color: #0a0a0a; font-size: x-large;\"><strong><span style=\"text-decoration: underline;\">Bebidas<\/span><\/strong><\/span><\/p>\n<p style=\"text-align: center;\"><span style=\"font-size: 14px; text-align: left;\">(<\/span><span style=\"text-align: left; font-size: small;\">Agua, cerveza, refresco o C.de Rioja o R .Duero o Verdejo.<\/span><span style=\"font-size: 14px; text-align: left;\">)<\/span><\/p>\n<p style=\"text-align: center;\"><span style=\"text-decoration: underline; font-size: x-large; color: #0a0a0a;\"><strong><span style=\"font-family: 'Nexa Bold';\">Postres Caseros<\/span><\/strong><\/span><\/p>\n<p style=\"text-align: center;\"><span style=\"font-size: large;\"><span style=\"text-align: left;\">Flan,\u00a0<\/span>Pudding,\u00a0Natillas, Arroz con leche.<\/span><\/p>\n<p style=\"text-align: center;\"><span style=\"font-size: large;\">Mousse de chocolate \u00f3 Lim\u00f3n, Panacota de fresa.<\/span><\/p>\n<p style=\"text-align: center;\"><span style=\"font-size: large;\">\u00a0 \u00a0Tarta, Helado<\/span><\/p>\n<p style=\"text-align: center;\"><span style=\"font-size: large;\">Fruta del tiempo<\/span><\/p>\n<p style=\"text-align: center;\"><span style=\"color: #333333; font-family: 'Nexa Bold', Helvetica, Arial, Lucida, sans-serif; font-size: xx-large;\">13,<\/span><span style=\"color: #333333; font-family: 'Nexa Bold', Helvetica, Arial, Lucida, sans-serif; font-size: xx-large;\">95\u20ac<\/span><\/p>\n<h2 style=\"text-align: center;\"><span style=\"font-size: 14px; font-family: Poppins, Helvetica, Arial, Lucida, sans-serif; color: #666666;\">I.V.A. Incluido<\/span><\/h2>\n<p>[\/et_pb_text][et_pb_text disabled_on=\u00bbon|on|on\u00bb _builder_version=\u00bb4.20.4&#8243; _module_preset=\u00bbdefault\u00bb text_font=\u00bbPoppins||||||||\u00bb ul_text_align=\u00bbleft\u00bb disabled=\u00bbon\u00bb inline_fonts=\u00bbNexa Bold\u00bb global_colors_info=\u00bb{}\u00bb]<\/p>\n<p style=\"text-align: center;\"><span style=\"font-family: 'Nexa Bold'; font-weight: normal; font-size: xx-large;\">Viernes, 7 de abril.<\/span><\/p>\n<p>[\/et_pb_text][et_pb_text disabled_on=\u00bbon|on|on\u00bb _builder_version=\u00bb4.20.4&#8243; _module_preset=\u00bbdefault\u00bb text_font=\u00bbTexas hero||||||||\u00bb text_font_size=\u00bb40px\u00bb header_2_font_size=\u00bb47px\u00bb width=\u00bb100%\u00bb max_width=\u00bb100%\u00bb min_height=\u00bb45px\u00bb custom_margin=\u00bb||1px|||\u00bb custom_padding=\u00bb0px||0px||false|false\u00bb disabled=\u00bbon\u00bb locked=\u00bboff\u00bb inline_fonts=\u00bbNexa Bold\u00bb global_colors_info=\u00bb{}\u00bb]<\/p>\n<h2 style=\"text-align: center;\"><span face=\"Nexa Bold\" style=\"font-size: xx-large; font-weight: normal; font-family: 'Nexa Bold';\">Primeros<\/span><span face=\"Nexa Bold\" style=\"font-size: xx-large; font-weight: normal; font-family: 'Nexa Bold';\"><\/span><\/h2>\n<p>[\/et_pb_text][et_pb_text disabled_on=\u00bbon|on|on\u00bb _builder_version=\u00bb4.20.4&#8243; _module_preset=\u00bbdefault\u00bb text_font=\u00bbPoppins||||||||\u00bb text_font_size=\u00bb20px\u00bb text_line_height=\u00bb1em\u00bb ul_text_align=\u00bbleft\u00bb min_height=\u00bb222.8px\u00bb disabled=\u00bbon\u00bb inline_fonts=\u00bbNexa Bold,Abel\u00bb global_colors_info=\u00bb{}\u00bb]<\/p>\n<p style=\"font-weight: 400; text-align: center;\">*Garbanzos estofado con chipirones.<\/p>\n<p style=\"font-weight: 400; text-align: center;\">*Tortellinis de queso en salsa carbonara con nube<\/p>\n<p style=\"font-weight: 400; text-align: center;\">de parmesano.<\/p>\n<p style=\"font-weight: 400; text-align: center;\"><span>\u00a0<\/span>*Ratatouille de verduras con croutons de queso<\/p>\n<p style=\"font-weight: 400; text-align: center;\"><span>\u00a0<\/span>de cabra.<\/p>\n<p style=\"font-weight: 400; text-align: center;\">*Ensalada de qu\u00ednoa, manzana, ba\u00f1ada con<\/p>\n<p style=\"font-weight: 400; text-align: center;\">vinagreta francesa.<\/p>\n<p style=\"font-weight: 400; text-align: center;\">*Consom\u00e9 de la casa con yema o jerez.<\/p>\n<p style=\"font-weight: 400; text-align: center;\">[\/et_pb_text][et_pb_text disabled_on=\u00bbon|on|on\u00bb _builder_version=\u00bb4.20.4&#8243; _module_preset=\u00bbdefault\u00bb text_font=\u00bbTexas hero||||||||\u00bb text_font_size=\u00bb40px\u00bb header_2_font_size=\u00bb47px\u00bb width=\u00bb100%\u00bb max_width=\u00bb100%\u00bb min_height=\u00bb45px\u00bb custom_margin=\u00bb||1px|||\u00bb custom_padding=\u00bb0px||0px||false|false\u00bb disabled=\u00bbon\u00bb locked=\u00bboff\u00bb inline_fonts=\u00bbNexa Bold\u00bb global_colors_info=\u00bb{}\u00bb]<\/p>\n<h2 style=\"text-align: center;\"><span face=\"Nexa Bold\" style=\"font-size: xx-large; font-weight: normal; font-family: 'Nexa Bold';\">Segundos<\/span><\/h2>\n<p>[\/et_pb_text][et_pb_text disabled_on=\u00bbon|on|on\u00bb _builder_version=\u00bb4.20.4&#8243; _module_preset=\u00bbdefault\u00bb text_font=\u00bbPoppins||||||||\u00bb text_font_size=\u00bb20px\u00bb text_line_height=\u00bb1em\u00bb ul_text_align=\u00bbleft\u00bb min_height=\u00bb222.8px\u00bb disabled=\u00bbon\u00bb inline_fonts=\u00bbNexa Bold,Abel\u00bb global_colors_info=\u00bb{}\u00bb]<\/p>\n<p style=\"font-weight: 400; text-align: center;\">*Lubina al horno con medallones de<\/p>\n<p style=\"font-weight: 400; text-align: center;\"><span>\u00a0<\/span>patatas panaderas.<\/p>\n<p style=\"font-weight: 400; text-align: center;\"><span>\u00a0<\/span>*Rabo de toro estofado con arroz blanco.<\/p>\n<p style=\"font-weight: 400; text-align: center;\">*Tiras de pavo salteadas al wok con verduras ba\u00f1adas con salsa teriyaki.<\/p>\n<p style=\"font-weight: 400; text-align: center;\">*Bistec de ternera a la plancha con<\/p>\n<p style=\"font-weight: 400; text-align: center;\"><span>\u00a0<\/span>patatas fritas.<\/p>\n<p style=\"font-weight: 400; text-align: center;\">\n<p style=\"font-weight: 400; text-align: center;\">[\/et_pb_text][et_pb_text disabled_on=\u00bbon|on|on\u00bb _builder_version=\u00bb4.20.4&#8243; _module_preset=\u00bbdefault\u00bb disabled=\u00bbon\u00bb global_colors_info=\u00bb{}\u00bb]<\/p>\n<p style=\"text-align: center;\"><span style=\"color: #0a0a0a; font-size: x-large;\"><strong><span style=\"text-decoration: underline;\">Bebidas<\/span><\/strong><\/span><\/p>\n<p style=\"text-align: center;\"><span style=\"font-size: 14px; text-align: left;\">(<\/span><span style=\"text-align: left; font-size: small;\">Agua, cerveza, refresco o C.de Rioja o R .Duero o Verdejo.<\/span><span style=\"font-size: 14px; text-align: left;\">)<\/span><\/p>\n<p style=\"text-align: center;\"><span style=\"text-decoration: underline; font-size: x-large; color: #0a0a0a;\"><strong><span style=\"font-family: 'Nexa Bold';\">Postres Caseros<\/span><\/strong><\/span><\/p>\n<p style=\"text-align: center;\"><span style=\"font-size: large;\"><span style=\"text-align: left;\">Flan,\u00a0<\/span>Pudding,\u00a0Natillas, Arroz con leche.<\/span><\/p>\n<p style=\"text-align: center;\"><span style=\"font-size: large;\">Mousse de chocolate \u00f3 Lim\u00f3n, Panacota de fresa.<\/span><\/p>\n<p style=\"text-align: center;\"><span style=\"font-size: large;\">\u00a0 \u00a0Tarta, Helado<\/span><\/p>\n<p style=\"text-align: center;\"><span style=\"font-size: large;\">Fruta del tiempo<\/span><\/p>\n<h2 style=\"text-align: center;\"><span style=\"font-size: xx-large;\">17,90 \u20ac<\/span><\/h2>\n<h2 style=\"text-align: center;\"><span style=\"font-size: 14px; font-family: Poppins, Helvetica, Arial, Lucida, sans-serif; color: #666666;\">I.V.A. Incluido<\/span><\/h2>\n<p>[\/et_pb_text][et_pb_text _builder_version=\u00bb4.16&#8243; _module_preset=\u00bbdefault\u00bb text_font=\u00bbPoppins||||||||\u00bb text_font_size=\u00bb20px\u00bb ul_text_align=\u00bbleft\u00bb inline_fonts=\u00bbNexa Bold,Abel\u00bb global_colors_info=\u00bb{}\u00bb]<\/p>\n<p style=\"text-align: center;\"><span style=\"font-size: x-large;\"><span style=\"font-family: 'Nexa Bold'; font-weight: normal;\">\u00a0<\/span><\/span><\/p>\n<p style=\"text-align: center;\">\n<p>[\/et_pb_text][\/et_pb_column][et_pb_column type=\u00bb1_2&#8243; disabled_on=\u00bbon|on|on\u00bb _builder_version=\u00bb4.22.0&#8243; _module_preset=\u00bbdefault\u00bb disabled=\u00bbon\u00bb global_colors_info=\u00bb{}\u00bb][et_pb_text _builder_version=\u00bb4.16&#8243; _module_preset=\u00bbdefault\u00bb text_font=\u00bbPoppins||||||||\u00bb ul_text_align=\u00bbleft\u00bb inline_fonts=\u00bbNexa Bold\u00bb global_colors_info=\u00bb{}\u00bb][\/et_pb_text][et_pb_text disabled_on=\u00bboff|off|off\u00bb _builder_version=\u00bb4.22.0&#8243; _module_preset=\u00bbdefault\u00bb text_font=\u00bbPoppins||||||||\u00bb ul_text_align=\u00bbleft\u00bb inline_fonts=\u00bbNexa Bold\u00bb global_colors_info=\u00bb{}\u00bb]<\/p>\n<p style=\"text-align: center;\"><span style=\"font-family: 'Nexa Bold'; font-weight: normal; font-size: xx-large;\">S\u00e1bado, 12 de agosto.<\/span><\/p>\n<p>[\/et_pb_text][et_pb_text disabled_on=\u00bboff|off|off\u00bb _builder_version=\u00bb4.19.5&#8243; _module_preset=\u00bbdefault\u00bb text_font=\u00bbTexas hero||||||||\u00bb text_font_size=\u00bb40px\u00bb header_2_font_size=\u00bb47px\u00bb width=\u00bb100%\u00bb max_width=\u00bb100%\u00bb min_height=\u00bb45px\u00bb custom_margin=\u00bb||1px|||\u00bb custom_padding=\u00bb0px||0px||false|false\u00bb locked=\u00bboff\u00bb inline_fonts=\u00bbNexa Bold\u00bb global_colors_info=\u00bb{}\u00bb]<\/p>\n<h2 style=\"text-align: center;\"><span face=\"Nexa Bold\" style=\"font-size: xx-large; font-weight: normal; font-family: 'Nexa Bold';\">Primeros<\/span><\/h2>\n<p>[\/et_pb_text][et_pb_text disabled_on=\u00bboff|off|off\u00bb _builder_version=\u00bb4.21.0&#8243; _module_preset=\u00bbdefault\u00bb text_font=\u00bbPoppins||||||||\u00bb text_font_size=\u00bb20px\u00bb text_line_height=\u00bb1em\u00bb ul_text_align=\u00bbleft\u00bb min_height=\u00bb222.8px\u00bb inline_fonts=\u00bbNexa Bold,Abel\u00bb global_colors_info=\u00bb{}\u00bb]<\/p>\n<p style=\"font-weight: 400; text-align: center;\">*Fideua de marisco con sepia, calamares y<\/p>\n<p style=\"font-weight: 400; text-align: center;\">salsa alioli.<\/p>\n<p style=\"font-weight: 400; text-align: center;\">*Revuelto de ajetes con gambas. <\/p>\n<p style=\"font-weight: 400; text-align: center;\">*Pisto manchego con huevo frito.<\/p>\n<p style=\"font-weight: 400; text-align: center;\">*Ensalada con queso de cabra, nueves,<\/p>\n<p style=\"font-weight: 400; text-align: center;\">pasas y vinagreta francesa.<\/p>\n<p style=\"font-weight: 400; text-align: center;\">*Gazpacho andaluz con su guarnici\u00f3n.<\/p>\n<p>&nbsp;<\/p>\n<p>[\/et_pb_text][et_pb_text disabled_on=\u00bboff|off|off\u00bb _builder_version=\u00bb4.19.5&#8243; _module_preset=\u00bbdefault\u00bb text_font=\u00bbTexas hero||||||||\u00bb text_font_size=\u00bb40px\u00bb header_2_font_size=\u00bb47px\u00bb width=\u00bb100%\u00bb max_width=\u00bb100%\u00bb min_height=\u00bb45px\u00bb custom_margin=\u00bb||1px|||\u00bb custom_padding=\u00bb0px||0px||false|false\u00bb locked=\u00bboff\u00bb inline_fonts=\u00bbNexa Bold\u00bb global_colors_info=\u00bb{}\u00bb]<\/p>\n<h2 style=\"text-align: center;\"><span face=\"Nexa Bold\" style=\"font-size: xx-large; font-weight: normal; font-family: 'Nexa Bold';\">Segundos<\/span><\/h2>\n<p>[\/et_pb_text][et_pb_text disabled_on=\u00bboff|off|off\u00bb _builder_version=\u00bb4.21.0&#8243; _module_preset=\u00bbdefault\u00bb text_font=\u00bbPoppins||||||||\u00bb text_font_size=\u00bb20px\u00bb text_line_height=\u00bb1em\u00bb ul_text_align=\u00bbleft\u00bb min_height=\u00bb222.8px\u00bb inline_fonts=\u00bbNexa Bold,Abel\u00bb global_colors_info=\u00bb{}\u00bb]<\/p>\n<p style=\"font-weight: 400; text-align: center;\">*Lomos de at\u00fan a la plancha con ensalada y<\/p>\n<p style=\"font-weight: 400; text-align: center;\">alioli de soja.<\/p>\n<p style=\"font-weight: 400; text-align: center;\">*Libritos de lomo rellenos de queso y<\/p>\n<p style=\"font-weight: 400; text-align: center;\">jam\u00f3n york con patatas fritas.<\/p>\n<p style=\"font-weight: 400; text-align: center;\">*Suprema de pavo a la plancha con<\/p>\n<p style=\"font-weight: 400; text-align: center;\">verduras al vapor.<\/p>\n<p style=\"font-weight: 400; text-align: center;\">*Bistec de ternera a la plancha con patatas<\/p>\n<p style=\"font-weight: 400; text-align: center;\">fritas.<\/p>\n<p>[\/et_pb_text][et_pb_text disabled_on=\u00bboff|off|off\u00bb _builder_version=\u00bb4.19.5&#8243; _module_preset=\u00bbdefault\u00bb min_height=\u00bb319px\u00bb global_colors_info=\u00bb{}\u00bb]<\/p>\n<p style=\"text-align: center;\"><span style=\"color: #0a0a0a; font-size: x-large;\"><strong><span style=\"text-decoration: underline;\">Bebidas<\/span><\/strong><\/span><\/p>\n<p style=\"text-align: center;\"><span style=\"font-size: 14px; text-align: left;\">(<\/span><span style=\"text-align: left; font-size: small;\">Agua, cerveza, refresco o C.de Rioja o R .Duero o Verdejo.<\/span><span style=\"font-size: 14px; text-align: left;\">)<\/span><\/p>\n<p style=\"text-align: center;\"><span style=\"text-decoration: underline; font-size: x-large; color: #0a0a0a;\"><strong><span style=\"font-family: 'Nexa Bold';\">Postres Caseros<\/span><\/strong><\/span><\/p>\n<p style=\"text-align: center;\"><span style=\"font-size: large;\"><span style=\"text-align: left;\">Flan,\u00a0<\/span>Pudding,\u00a0Natillas, Arroz con leche.<\/span><\/p>\n<p style=\"text-align: center;\"><span style=\"font-size: large;\">Mousse de chocolate \u00f3 Lim\u00f3n, Panacota de fresa.<\/span><\/p>\n<p style=\"text-align: center;\"><span style=\"font-size: large;\">\u00a0 \u00a0Tarta, Helado<\/span><\/p>\n<p style=\"text-align: center;\"><span style=\"font-size: large;\">Fruta del tiempo<\/span><\/p>\n<p style=\"text-align: center;\"><span style=\"font-size: large;\"><\/span><\/p>\n<h2 style=\"text-align: center;\"><span style=\"font-size: xx-large;\">16,90 \u20ac<\/span><\/h2>\n<h2 style=\"text-align: center;\"><span style=\"font-size: 14px; font-family: Poppins, Helvetica, Arial, Lucida, sans-serif; color: #666666;\">I.V.A. Incluido<\/span><\/h2>\n<p>[\/et_pb_text][et_pb_text disabled_on=\u00bbon|on|on\u00bb _builder_version=\u00bb4.20.4&#8243; _module_preset=\u00bbdefault\u00bb text_font=\u00bbPoppins||||||||\u00bb ul_text_align=\u00bbleft\u00bb disabled=\u00bbon\u00bb inline_fonts=\u00bbNexa Bold\u00bb global_colors_info=\u00bb{}\u00bb]<\/p>\n<p style=\"text-align: center;\"><span style=\"font-family: 'Nexa Bold'; font-weight: normal; font-size: xx-large;\">S\u00e1bado, 8 de abril.<\/span><\/p>\n<p>[\/et_pb_text][et_pb_text disabled_on=\u00bbon|on|on\u00bb _builder_version=\u00bb4.20.4&#8243; _module_preset=\u00bbdefault\u00bb text_font=\u00bbTexas hero||||||||\u00bb text_font_size=\u00bb40px\u00bb header_2_font_size=\u00bb47px\u00bb width=\u00bb100%\u00bb max_width=\u00bb100%\u00bb min_height=\u00bb45px\u00bb custom_margin=\u00bb||1px|||\u00bb custom_padding=\u00bb0px||0px||false|false\u00bb disabled=\u00bbon\u00bb locked=\u00bboff\u00bb inline_fonts=\u00bbNexa Bold\u00bb global_colors_info=\u00bb{}\u00bb]<\/p>\n<h2 style=\"text-align: center;\"><span face=\"Nexa Bold\" style=\"font-size: xx-large; font-weight: normal; font-family: 'Nexa Bold';\">Primeros<\/span><\/h2>\n<p>[\/et_pb_text][et_pb_text disabled_on=\u00bbon|on|on\u00bb _builder_version=\u00bb4.20.4&#8243; _module_preset=\u00bbdefault\u00bb text_font=\u00bbPoppins||||||||\u00bb text_font_size=\u00bb20px\u00bb text_line_height=\u00bb1em\u00bb ul_text_align=\u00bbleft\u00bb min_height=\u00bb222.8px\u00bb disabled=\u00bbon\u00bb inline_fonts=\u00bbNexa Bold,Abel\u00bb global_colors_info=\u00bb{}\u00bb]<\/p>\n<p style=\"font-weight: 400; text-align: center;\">*Arroz al wok con pollo, ternera, verduras ba\u00f1ado<\/p>\n<p style=\"font-weight: 400; text-align: center;\">con salsa de soja.<\/p>\n<p style=\"font-weight: 400; text-align: center;\">*Lazos de colores en salsa cuatro quesos.<\/p>\n<p style=\"font-weight: 400; text-align: center;\">*Esp\u00e1rragos trigueros a la plancha<\/p>\n<p style=\"font-weight: 400; text-align: center;\"><span>\u00a0<\/span>con salmorejo y crujiente de jam\u00f3n.<\/p>\n<p style=\"font-weight: 400; text-align: center;\"><span>\u00a0<\/span>*Ensalada cesar con pollo crujiente, bacon, croutons<\/p>\n<p style=\"font-weight: 400; text-align: center;\"><span>\u00a0<\/span>de pan ba\u00f1ada con salsa cesar.<\/p>\n<p style=\"font-weight: 400; text-align: center;\">*Consom\u00e9 de la casa con yema o jerez.<\/p>\n<p>[\/et_pb_text][et_pb_text disabled_on=\u00bbon|on|on\u00bb _builder_version=\u00bb4.20.4&#8243; _module_preset=\u00bbdefault\u00bb text_font=\u00bbTexas hero||||||||\u00bb text_font_size=\u00bb40px\u00bb header_2_font_size=\u00bb47px\u00bb width=\u00bb100%\u00bb max_width=\u00bb100%\u00bb min_height=\u00bb45px\u00bb custom_margin=\u00bb||1px|||\u00bb custom_padding=\u00bb0px||0px||false|false\u00bb disabled=\u00bbon\u00bb locked=\u00bboff\u00bb inline_fonts=\u00bbNexa Bold\u00bb global_colors_info=\u00bb{}\u00bb]<\/p>\n<h2 style=\"text-align: center;\"><span face=\"Nexa Bold\" style=\"font-size: xx-large; font-weight: normal; font-family: 'Nexa Bold';\">Segundos<\/span><\/h2>\n<p>[\/et_pb_text][et_pb_text disabled_on=\u00bbon|on|on\u00bb _builder_version=\u00bb4.20.4&#8243; _module_preset=\u00bbdefault\u00bb text_font=\u00bbPoppins||||||||\u00bb text_font_size=\u00bb20px\u00bb text_line_height=\u00bb1em\u00bb ul_text_align=\u00bbleft\u00bb min_height=\u00bb222.8px\u00bb disabled=\u00bbon\u00bb inline_fonts=\u00bbNexa Bold,Abel\u00bb global_colors_info=\u00bb{}\u00bb]<\/p>\n<p style=\"font-weight: 400; text-align: center;\">*Lomos de lenguado fondeado en salsa de piquillo<\/p>\n<p style=\"font-weight: 400; text-align: center;\"><span>\u00a0<\/span>con patatas al vapor.<\/p>\n<p style=\"font-weight: 400; text-align: center;\">*Secreto de cerdo ib\u00e9rico a la plancha con<\/p>\n<p style=\"font-weight: 400; text-align: center;\">cebolla caramelizada.<\/p>\n<p style=\"font-weight: 400; text-align: center;\">*Huevos rotos en la sart\u00e9n con gulas salteadas<\/p>\n<p style=\"font-weight: 400; text-align: center;\">al ajillo.<\/p>\n<p style=\"font-weight: 400; text-align: center;\">*Bistec de ternera a la plancha acompa\u00f1ado de<\/p>\n<p style=\"font-weight: 400; text-align: center;\"><span>\u00a0<\/span>verduras salteadas.<\/p>\n<p>[\/et_pb_text][et_pb_text disabled_on=\u00bbon|on|on\u00bb _builder_version=\u00bb4.20.4&#8243; _module_preset=\u00bbdefault\u00bb min_height=\u00bb319px\u00bb disabled=\u00bbon\u00bb global_colors_info=\u00bb{}\u00bb]<\/p>\n<p style=\"text-align: center;\"><span style=\"color: #0a0a0a; font-size: x-large;\"><strong><span style=\"text-decoration: underline;\">Bebidas<\/span><\/strong><\/span><\/p>\n<p style=\"text-align: center;\"><span style=\"font-size: 14px; text-align: left;\">(<\/span><span style=\"text-align: left; font-size: small;\">Agua, cerveza, refresco o C.de Rioja o R .Duero o Verdejo.<\/span><span style=\"font-size: 14px; text-align: left;\">)<\/span><\/p>\n<p style=\"text-align: center;\"><span style=\"text-decoration: underline; font-size: x-large; color: #0a0a0a;\"><strong><span style=\"font-family: 'Nexa Bold';\">Postres Caseros<\/span><\/strong><\/span><\/p>\n<p style=\"text-align: center;\"><span style=\"font-size: large;\"><span style=\"text-align: left;\">Flan,\u00a0<\/span>Pudding,\u00a0Natillas, Arroz con leche.<\/span><\/p>\n<p style=\"text-align: center;\"><span style=\"font-size: large;\">Mousse de chocolate \u00f3 Lim\u00f3n, Panacota de fresa.<\/span><\/p>\n<p style=\"text-align: center;\"><span style=\"font-size: large;\">\u00a0 \u00a0Tarta, Helado<\/span><\/p>\n<p style=\"text-align: center;\"><span style=\"font-size: large;\">Fruta del tiempo<\/span><\/p>\n<h2 style=\"text-align: center;\"><span style=\"font-size: xx-large;\">16,90 \u20ac<\/span><\/h2>\n<h2 style=\"text-align: center;\"><span style=\"font-size: 14px; font-family: Poppins, Helvetica, Arial, Lucida, sans-serif; color: #666666;\">I.V.A. Incluido<\/span><\/h2>\n<p>[\/et_pb_text][\/et_pb_column][\/et_pb_row][et_pb_row _builder_version=\u00bb4.22.1&#8243; _module_preset=\u00bbdefault\u00bb global_colors_info=\u00bb{}\u00bb][et_pb_column type=\u00bb4_4&#8243; _builder_version=\u00bb4.22.1&#8243; _module_preset=\u00bbdefault\u00bb global_colors_info=\u00bb{}\u00bb][et_pb_image src=\u00bbhttps:\/\/ferroscafe.es\/menudiario\/maestro.png\u00bb title_text=\u00bbMAESTRO_\u00bb _builder_version=\u00bb4.23.4&#8243; _module_preset=\u00bbdefault\u00bb hover_enabled=\u00bb0&#8243; global_colors_info=\u00bb{}\u00bb sticky_enabled=\u00bb0&#8243;][\/et_pb_image][\/et_pb_column][\/et_pb_row][et_pb_row disabled_on=\u00bbon|on|on\u00bb _builder_version=\u00bb4.22.0&#8243; _module_preset=\u00bbdefault\u00bb disabled=\u00bbon\u00bb global_colors_info=\u00bb{}\u00bb][et_pb_column type=\u00bb4_4&#8243; _builder_version=\u00bb4.16&#8243; _module_preset=\u00bbdefault\u00bb global_colors_info=\u00bb{}\u00bb][et_pb_text disabled_on=\u00bboff|off|off\u00bb _builder_version=\u00bb4.21.0&#8243; _module_preset=\u00bbdefault\u00bb text_font=\u00bbPoppins||||||||\u00bb ul_text_align=\u00bbleft\u00bb inline_fonts=\u00bbNexa Bold\u00bb global_colors_info=\u00bb{}\u00bb]<\/p>\n<p style=\"text-align: center;\"><span style=\"font-family: Nexa Bold; font-size: xx-large;\">Domingo, 30<\/span><span style=\"font-family: Nexa Bold; font-size: xx-large;\">\u00a0de julio<\/span><\/p>\n<p>[\/et_pb_text][et_pb_text disabled_on=\u00bboff|off|off\u00bb _builder_version=\u00bb4.18.0&#8243; _module_preset=\u00bbdefault\u00bb text_font=\u00bbTexas hero||||||||\u00bb text_font_size=\u00bb40px\u00bb header_2_font_size=\u00bb47px\u00bb width=\u00bb100%\u00bb custom_margin=\u00bb||1px|||\u00bb locked=\u00bboff\u00bb inline_fonts=\u00bbNexa Light,Nexa Bold\u00bb global_colors_info=\u00bb{}\u00bb]<\/p>\n<h2 style=\"text-align: center;\"><span style=\"font-family: 'Nexa Bold'; font-weight: normal; font-size: xx-large;\">Primeros<\/span><\/h2>\n<p>[\/et_pb_text][et_pb_text disabled_on=\u00bboff|off|off\u00bb _builder_version=\u00bb4.21.0&#8243; _module_preset=\u00bbdefault\u00bb text_font=\u00bbPoppins||||||||\u00bb text_font_size=\u00bb20px\u00bb text_line_height=\u00bb1em\u00bb ul_text_align=\u00bbleft\u00bb min_height=\u00bb222.8px\u00bb link_option_url=\u00bbSegundos\u00bb inline_fonts=\u00bbNexa Light,Nexa Bold\u00bb global_colors_info=\u00bb{}\u00bb]<\/p>\n<p style=\"font-weight: 400; text-align: center;\">*Arroz meloso de sepia, calamares con alioli.<\/p>\n<p style=\"font-weight: 400; text-align: center;\">*Revuelto de morcilla de burgos.<\/p>\n<p style=\"font-weight: 400; text-align: center;\">*Ratatouille de verduras con lascas de<\/p>\n<p style=\"font-weight: 400; text-align: center;\">queso de cara.<\/p>\n<p style=\"font-weight: 400; text-align: center;\">*Ensalada de pasta con pimientos verdes y<\/p>\n<p style=\"font-weight: 400; text-align: center;\">rojos, migas de at\u00fan.<\/p>\n<p style=\"font-weight: 400; text-align: center;\">*Salmorejo cordob\u00e9s con jam\u00f3n crujiente<\/p>\n<p style=\"font-weight: 400; text-align: center;\">huevo cocido. <br \/>.<\/p>\n<p>&nbsp;<\/p>\n<p>[\/et_pb_text][et_pb_text disabled_on=\u00bboff|off|off\u00bb _builder_version=\u00bb4.18.0&#8243; _module_preset=\u00bbdefault\u00bb text_font=\u00bbTexas hero||||||||\u00bb text_font_size=\u00bb40px\u00bb header_2_font_size=\u00bb47px\u00bb width=\u00bb100%\u00bb max_width=\u00bb100%\u00bb min_height=\u00bb45px\u00bb custom_margin=\u00bb||1px|||\u00bb custom_padding=\u00bb0px||0px||false|false\u00bb locked=\u00bboff\u00bb inline_fonts=\u00bbNexa Bold\u00bb global_colors_info=\u00bb{}\u00bb]<\/p>\n<h2 style=\"text-align: center;\"><span face=\"Nexa Bold\" style=\"font-size: xx-large; font-weight: normal; font-family: 'Nexa Bold';\">Segundos<\/span><\/h2>\n<p>[\/et_pb_text][et_pb_text disabled_on=\u00bboff|off|off\u00bb _builder_version=\u00bb4.21.0&#8243; _module_preset=\u00bbdefault\u00bb text_font=\u00bbPoppins||||||||\u00bb text_font_size=\u00bb20px\u00bb text_line_height=\u00bb1em\u00bb ul_text_align=\u00bbleft\u00bb min_height=\u00bb222.8px\u00bb inline_fonts=\u00bbNexa Bold,Abel\u00bb global_colors_info=\u00bb{}\u00bb]<\/p>\n<div data-canvas-width=\"742.250666666667\" style=\"text-align: center;\">\n<p>*Emperador a la plancha acompa\u00f1ado de<\/p>\n<p>medallones de patatas.<\/p>\n<p>*Rabo de toro estofado con patatas dado.<\/p>\n<p>*Suprema de pollo a la plancha con salsa boletus<\/p>\n<p>\u00a0y arroz blanco.<\/p>\n<p>*Bistec de ternera a la plancha con esp\u00e1rragos trigueros.<\/p>\n<\/div>\n<p>[\/et_pb_text][et_pb_text disabled_on=\u00bboff|off|off\u00bb _builder_version=\u00bb4.18.0&#8243; _module_preset=\u00bbdefault\u00bb global_colors_info=\u00bb{}\u00bb]<\/p>\n<p style=\"text-align: center;\"><span style=\"color: #0a0a0a; font-size: x-large;\"><strong><span style=\"text-decoration: underline;\">Bebidas<\/span><\/strong><\/span><\/p>\n<p style=\"text-align: center;\"><span style=\"font-size: 14px; text-align: left;\">(<\/span><span style=\"text-align: left; font-size: small;\">Agua, cerveza, refresco o C.de Rioja o R .Duero o Verdejo.<\/span><span style=\"font-size: 14px; text-align: left;\">)<\/span><\/p>\n<p style=\"text-align: center;\"><span style=\"text-decoration: underline; font-size: x-large; color: #0a0a0a;\"><strong><span style=\"font-family: 'Nexa Bold';\">Postres Caseros<\/span><\/strong><\/span><\/p>\n<p style=\"text-align: center;\"><span style=\"font-size: large;\"><span style=\"text-align: left;\">Flan,\u00a0<\/span>Pudding,\u00a0Natillas, Arroz con leche.<\/span><\/p>\n<p style=\"text-align: center;\"><span style=\"font-size: large;\">Mousse de chocolate \u00f3 Lim\u00f3n, Panacota de fresa.<\/span><\/p>\n<p style=\"text-align: center;\"><span style=\"font-size: large;\">\u00a0 \u00a0Tarta, Helado<\/span><\/p>\n<p style=\"text-align: center;\"><span style=\"font-size: large;\">Fruta del tiempo<\/span><\/p>\n<p style=\"text-align: center;\"><span style=\"font-size: xx-large; color: #333333; font-family: 'Nexa Bold', Helvetica, Arial, Lucida, sans-serif;\">17,90\u20ac<\/span><\/p>\n<h2 style=\"text-align: center;\"><span style=\"font-size: 14px; font-family: Poppins, Helvetica, Arial, Lucida, sans-serif; color: #666666;\">I.V.A. Incluido<\/span><\/h2>\n<p>[\/et_pb_text][et_pb_text _builder_version=\u00bb4.16&#8243; _module_preset=\u00bbdefault\u00bb text_font=\u00bbPoppins||||||||\u00bb text_font_size=\u00bb20px\u00bb ul_text_align=\u00bbleft\u00bb inline_fonts=\u00bbNexa Bold,Abel\u00bb global_colors_info=\u00bb{}\u00bb]<\/p>\n<p style=\"text-align: center;\"><span style=\"font-size: x-large;\"><span style=\"font-family: 'Nexa Bold'; font-weight: normal;\">\u00a0<\/span><\/span><\/p>\n<p style=\"text-align: center;\">\n<p>[\/et_pb_text][\/et_pb_column][\/et_pb_row][\/et_pb_section]<\/p>\n","protected":false},"excerpt":{"rendered":"<p>Men\u00fa del d\u00edaMartes, 12 de Septiembre.Primeros*Arroz negro con sepia, calamares y salsa alioli. *Ravioli de carne con salsa a los cuatro\u00a0\u00a0\u00a0 *Guisantes a la francesa con lechuga en juliana y virutas de jam\u00f3n. *Ensalada de queso feta con salsa de albahaca. *Salmorejo cordob\u00e9s con huevo duro y jam\u00f3n crujiente.Segundos*Lomo de corvina al horno con medallones [&hellip;]<\/p>\n","protected":false},"author":7,"featured_media":0,"parent":0,"menu_order":0,"comment_status":"closed","ping_status":"closed","template":"","meta":{"_et_pb_use_builder":"on","_et_pb_old_content":"<!-- wp:divi\/placeholder \/-->","_et_gb_content_width":"","footnotes":""},"class_list":["post-26","page","type-page","status-publish","hentry"],"yoast_head":"<!-- This site is optimized with the Yoast SEO plugin v28.4 - https:\/\/yoast.com\/product\/yoast-seo-wordpress\/ -->\n<title>Men\u00fa del d\u00eda Llorca - Ferros Caf\u00e9<\/title>\n<meta name=\"robots\" content=\"index, follow, max-snippet:-1, max-image-preview:large, max-video-preview:-1\" \/>\n<link rel=\"canonical\" href=\"https:\/\/ferroscafe.es\/en\/menu-del-dia\/\" \/>\n<meta property=\"og:locale\" content=\"en_US\" \/>\n<meta property=\"og:type\" content=\"article\" \/>\n<meta property=\"og:title\" content=\"Men\u00fa del d\u00eda Llorca - Ferros Caf\u00e9\" \/>\n<meta property=\"og:description\" content=\"Men\u00fa del d\u00edaMartes, 12 de Septiembre.Primeros*Arroz negro con sepia, calamares y salsa alioli. *Ravioli de carne con salsa a los cuatro\u00a0\u00a0\u00a0 *Guisantes a la francesa con lechuga en juliana y virutas de jam\u00f3n. *Ensalada de queso feta con salsa de albahaca. *Salmorejo cordob\u00e9s con huevo duro y jam\u00f3n crujiente.Segundos*Lomo de corvina al horno con medallones [&hellip;]\" \/>\n<meta property=\"og:url\" content=\"https:\/\/ferroscafe.es\/en\/menu-del-dia\/\" \/>\n<meta property=\"og:site_name\" content=\"Ferros Caf\u00e9\" \/>\n<meta property=\"article:modified_time\" content=\"2024-01-08T15:00:17+00:00\" \/>\n<meta name=\"twitter:card\" content=\"summary_large_image\" \/>\n<meta name=\"twitter:label1\" content=\"Est. reading time\" \/>\n\t<meta name=\"twitter:data1\" content=\"12 minutes\" \/>\n<script type=\"application\/ld+json\" class=\"yoast-schema-graph\">{\"@context\":\"https:\\\/\\\/schema.org\",\"@graph\":[{\"@type\":\"WebPage\",\"@id\":\"https:\\\/\\\/ferroscafe.es\\\/en\\\/menu-del-dia\\\/\",\"url\":\"https:\\\/\\\/ferroscafe.es\\\/en\\\/menu-del-dia\\\/\",\"name\":\"Men\u00fa del d\u00eda Llorca - Ferros Caf\u00e9\",\"isPartOf\":{\"@id\":\"https:\\\/\\\/ferroscafe.es\\\/#website\"},\"datePublished\":\"2020-06-19T08:28:47+00:00\",\"dateModified\":\"2024-01-08T15:00:17+00:00\",\"breadcrumb\":{\"@id\":\"https:\\\/\\\/ferroscafe.es\\\/en\\\/menu-del-dia\\\/#breadcrumb\"},\"inLanguage\":\"en-US\",\"potentialAction\":[{\"@type\":\"ReadAction\",\"target\":[\"https:\\\/\\\/ferroscafe.es\\\/en\\\/menu-del-dia\\\/\"]}]},{\"@type\":\"BreadcrumbList\",\"@id\":\"https:\\\/\\\/ferroscafe.es\\\/en\\\/menu-del-dia\\\/#breadcrumb\",\"itemListElement\":[{\"@type\":\"ListItem\",\"position\":1,\"name\":\"Portada\",\"item\":\"https:\\\/\\\/ferroscafe.es\\\/\"},{\"@type\":\"ListItem\",\"position\":2,\"name\":\"Men\u00fa del d\u00eda Llorca\"}]},{\"@type\":\"WebSite\",\"@id\":\"https:\\\/\\\/ferroscafe.es\\\/#website\",\"url\":\"https:\\\/\\\/ferroscafe.es\\\/\",\"name\":\"Ferros Caf\u00e9\",\"description\":\"Cocina de mercado en Chamber\u00ed, Madrid\",\"potentialAction\":[{\"@type\":\"SearchAction\",\"target\":{\"@type\":\"EntryPoint\",\"urlTemplate\":\"https:\\\/\\\/ferroscafe.es\\\/?s={search_term_string}\"},\"query-input\":{\"@type\":\"PropertyValueSpecification\",\"valueRequired\":true,\"valueName\":\"search_term_string\"}}],\"inLanguage\":\"en-US\"}]}<\/script>\n<!-- \/ Yoast SEO plugin. -->","yoast_head_json":{"title":"Men\u00fa del d\u00eda Llorca - Ferros Caf\u00e9","robots":{"index":"index","follow":"follow","max-snippet":"max-snippet:-1","max-image-preview":"max-image-preview:large","max-video-preview":"max-video-preview:-1"},"canonical":"https:\/\/ferroscafe.es\/en\/menu-del-dia\/","og_locale":"en_US","og_type":"article","og_title":"Men\u00fa del d\u00eda Llorca - Ferros Caf\u00e9","og_description":"Men\u00fa del d\u00edaMartes, 12 de Septiembre.Primeros*Arroz negro con sepia, calamares y salsa alioli. *Ravioli de carne con salsa a los cuatro\u00a0\u00a0\u00a0 *Guisantes a la francesa con lechuga en juliana y virutas de jam\u00f3n. *Ensalada de queso feta con salsa de albahaca. *Salmorejo cordob\u00e9s con huevo duro y jam\u00f3n crujiente.Segundos*Lomo de corvina al horno con medallones [&hellip;]","og_url":"https:\/\/ferroscafe.es\/en\/menu-del-dia\/","og_site_name":"Ferros Caf\u00e9","article_modified_time":"2024-01-08T15:00:17+00:00","twitter_card":"summary_large_image","twitter_misc":{"Est. reading time":"12 minutes"},"schema":{"@context":"https:\/\/schema.org","@graph":[{"@type":"WebPage","@id":"https:\/\/ferroscafe.es\/en\/menu-del-dia\/","url":"https:\/\/ferroscafe.es\/en\/menu-del-dia\/","name":"Men\u00fa del d\u00eda Llorca - Ferros Caf\u00e9","isPartOf":{"@id":"https:\/\/ferroscafe.es\/#website"},"datePublished":"2020-06-19T08:28:47+00:00","dateModified":"2024-01-08T15:00:17+00:00","breadcrumb":{"@id":"https:\/\/ferroscafe.es\/en\/menu-del-dia\/#breadcrumb"},"inLanguage":"en-US","potentialAction":[{"@type":"ReadAction","target":["https:\/\/ferroscafe.es\/en\/menu-del-dia\/"]}]},{"@type":"BreadcrumbList","@id":"https:\/\/ferroscafe.es\/en\/menu-del-dia\/#breadcrumb","itemListElement":[{"@type":"ListItem","position":1,"name":"Portada","item":"https:\/\/ferroscafe.es\/"},{"@type":"ListItem","position":2,"name":"Men\u00fa del d\u00eda Llorca"}]},{"@type":"WebSite","@id":"https:\/\/ferroscafe.es\/#website","url":"https:\/\/ferroscafe.es\/","name":"Ferros Caf\u00e9","description":"Cocina de mercado en Chamber\u00ed, Madrid","potentialAction":[{"@type":"SearchAction","target":{"@type":"EntryPoint","urlTemplate":"https:\/\/ferroscafe.es\/?s={search_term_string}"},"query-input":{"@type":"PropertyValueSpecification","valueRequired":true,"valueName":"search_term_string"}}],"inLanguage":"en-US"}]}},"_links":{"self":[{"href":"https:\/\/ferroscafe.es\/en\/wp-json\/wp\/v2\/pages\/26","targetHints":{"allow":["GET"]}}],"collection":[{"href":"https:\/\/ferroscafe.es\/en\/wp-json\/wp\/v2\/pages"}],"about":[{"href":"https:\/\/ferroscafe.es\/en\/wp-json\/wp\/v2\/types\/page"}],"author":[{"embeddable":true,"href":"https:\/\/ferroscafe.es\/en\/wp-json\/wp\/v2\/users\/7"}],"replies":[{"embeddable":true,"href":"https:\/\/ferroscafe.es\/en\/wp-json\/wp\/v2\/comments?post=26"}],"version-history":[{"count":3,"href":"https:\/\/ferroscafe.es\/en\/wp-json\/wp\/v2\/pages\/26\/revisions"}],"predecessor-version":[{"id":6072,"href":"https:\/\/ferroscafe.es\/en\/wp-json\/wp\/v2\/pages\/26\/revisions\/6072"}],"wp:attachment":[{"href":"https:\/\/ferroscafe.es\/en\/wp-json\/wp\/v2\/media?parent=26"}],"curies":[{"name":"wp","href":"https:\/\/api.w.org\/{rel}","templated":true}]}}